{"id":2257,"date":"2021-01-15T01:01:01","date_gmt":"2021-01-15T01:01:01","guid":{"rendered":"http:\/\/www.forum-coimbra.com\/events\/horarios-de-funcionamento\/"},"modified":"2021-01-15T01:01:01","modified_gmt":"2021-01-15T01:01:01","slug":"horarios-de-funcionamento","status":"publish","type":"events","link":"https:\/\/forumcoimbra.korcreatives.pt\/en\/events\/horarios-de-funcionamento\/","title":{"rendered":"HOR\u00c1RIOS DE FUNCIONAMENTO"},"content":{"rendered":"<p> \tNo seguimento das mais recentes medidas adotadas pelo Governo, o Forum Coimbra informa o seu hor\u00e1rio de funcionamento a partir de dia 1 de Maio de 2021.<\/p>\n<p> \t&nbsp;<\/p>\n<p> \t<strong>Consulte abaixo os respetivos hor\u00e1rios (listagem em constante atualiza\u00e7\u00e3o):<\/strong><\/p>\n<table border=\"1\" cellpadding=\"0\" cellspacing=\"0\" style=\"width:643px;\" width=\"643\">\n<tbody>\n<tr>\n<td style=\"width:643px;height:31px;\">\n<table border=\"1\" cellpadding=\"0\" cellspacing=\"0\" style=\"width:641px;\" width=\"641\">\n<tbody>\n<tr>\n<td style=\"width:233px;height:32px;\"> \t\t\t\t\t\t\t\t<span style=\"font-size:16px;\"><strong>&nbsp;CENTRO COMERCIAL<\/strong><\/span><\/td>\n<td style=\"width:69px;height:32px;\">\n<p> \t\t\t\t\t\t\t\t\t&nbsp;10:00<\/p>\n<p> \t\t\t\t\t\t\t\t\t&nbsp;10:00<\/p>\n<\/td>\n<td style=\"width:339px;height:32px;\">\n<p> \t\t\t\t\t\t\t\t\t&nbsp;21:00 | Segunda a Sexta<\/p>\n<p> \t\t\t\t\t\t\t\t\t&nbsp;19:00 | S\u00e1bados, domingos e feriados<\/p>\n<\/td>\n<\/tr>\n<tr>\n<td style=\"width:233px;height:32px;\"> \t\t\t\t\t\t\t\t<strong>&nbsp;<span style=\"font-size:16px;\">RESTAURA\u00c7\u00c3O<\/span><\/strong><\/td>\n<td style=\"width:69px;height:32px;\">\n<p> \t\t\t\t\t\t\t\t\t&nbsp;10:00<\/p>\n<p> \t\t\t\t\t\t\t\t\t&nbsp;10:00<\/p>\n<\/td>\n<td style=\"width:339px;height:32px;\">\n<p> \t\t\t\t\t\t\t\t\t&nbsp;22:30 | Segunda a Sexta<\/p>\n<p> \t\t\t\t\t\t\t\t\t&nbsp;19:00 | S\u00e1bados, domingos e feriados&nbsp; <strong>*<\/strong><\/p>\n<\/td>\n<\/tr>\n<tr>\n<td style=\"width:233px;height:44px;\">\n<p> \t\t\t\t\t\t\t\t\t&nbsp;CONTINENTE<\/p>\n<\/td>\n<td style=\"width:69px;height:44px;\">\n<p> \t\t\t\t\t\t\t\t\t&nbsp;08:00<\/p>\n<p> \t\t\t\t\t\t\t\t\t&nbsp;08:00<\/p>\n<\/td>\n<td style=\"width:339px;height:44px;\">\n<p> \t\t\t\t\t\t\t\t\t&nbsp;21:00 | Segunda a Sexta<\/p>\n<p> \t\t\t\t\t\t\t\t\t&nbsp;19:00 | S\u00e1bados, domingos e feriados<\/p>\n<\/td>\n<\/tr>\n<tr>\n<td style=\"width:233px;height:44px;\">\n<p> \t\t\t\t\t\t\t\t\t&nbsp;Cl\u00ednica de Santa Madalena<\/p>\n<\/td>\n<td style=\"width:69px;height:44px;\">\n<p> \t\t\t\t\t\t\t\t\t&nbsp;09:00<\/p>\n<p> \t\t\t\t\t\t\t\t\t&nbsp;10:00<\/p>\n<\/td>\n<td style=\"width:339px;height:44px;\">\n<p> \t\t\t\t\t\t\t\t\t&nbsp;22:00 | Segunda a Sexta<\/p>\n<p> \t\t\t\t\t\t\t\t\t&nbsp;22:00 | S\u00e1bados, domingos e feriados<\/p>\n<\/td>\n<\/tr>\n<tr>\n<td style=\"width:233px;height:44px;\"> \t\t\t\t\t\t\t\t&nbsp;FARM\u00c1CIA DO FORUM<\/td>\n<td style=\"width:69px;height:44px;\"> \t\t\t\t\t\t\t\t&nbsp;08:00<\/td>\n<td style=\"width:339px;height:44px;\"> \t\t\t\t\t\t\t\t&nbsp;00:00 | Todos os dias<\/td>\n<\/tr>\n<tr>\n<td style=\"width:233px;height:44px;\"> \t\t\t\t\t\t\t\t&nbsp;CINEMAS NOS&nbsp;<\/td>\n<td style=\"width:69px;height:44px;\">\n<p> \t\t\t\t\t\t\t\t\t&nbsp;13:00<\/p>\n<p> \t\t\t\t\t\t\t\t\t&nbsp;10:00<\/p>\n<\/td>\n<td style=\"width:339px;height:44px;\">\n<p> \t\t\t\t\t\t\t\t\t&nbsp;22:30 | Segunda a Sexta<\/p>\n<p> \t\t\t\t\t\t\t\t\t&nbsp;22:30 | S\u00e1bados, domingos e feriados<\/p>\n<\/td>\n<\/tr>\n<tr>\n<td style=\"width:233px;height:44px;\"> \t\t\t\t\t\t\t\t&nbsp;NORAUTO<\/td>\n<td style=\"width:69px;height:44px;\">\n<p> \t\t\t\t\t\t\t\t\t&nbsp;09:00<\/p>\n<p> \t\t\t\t\t\t\t\t\t&nbsp;08:30<\/p>\n<p> \t\t\t\t\t\t\t\t\t&nbsp;09:00<\/p>\n<\/td>\n<td style=\"width:339px;height:44px;\">\n<p> \t\t\t\t\t\t\t\t\t&nbsp;21:00 | Segunda a Sexta<\/p>\n<p> \t\t\t\t\t\t\t\t\t&nbsp;19:00 | S\u00e1bado<\/p>\n<p> \t\t\t\t\t\t\t\t\t&nbsp;19:00 | Domingo<\/p>\n<\/td>\n<\/tr>\n<tr>\n<td style=\"width:233px;height:44px;\"> \t\t\t\t\t\t\t\t&nbsp;CORTES DE LISBOA<\/td>\n<td style=\"width:69px;height:44px;\">\n<p> \t\t\t\t\t\t\t\t\t&nbsp;09:00<\/p>\n<p> \t\t\t\t\t\t\t\t\t&nbsp;09:00<\/p>\n<\/td>\n<td style=\"width:339px;height:44px;\">\n<p> \t\t\t\t\t\t\t\t\t&nbsp;21:00 | Segunda a Sexta<\/p>\n<p> \t\t\t\t\t\t\t\t\t&nbsp;19:00 | S\u00e1bados, domingos e feriados<\/p>\n<\/td>\n<\/tr>\n<tr>\n<td style=\"width:233px;height:44px;\"> \t\t\t\t\t\t\t\t&nbsp;KRUSH_IT<\/td>\n<td style=\"width:69px;height:44px;\">\n<p> \t\t\t\t\t\t\t\t\t&nbsp;07:00<\/p>\n<p> \t\t\t\t\t\t\t\t\t&nbsp;09:00<\/p>\n<p> \t\t\t\t\t\t\t\t\t&nbsp;10:00<\/p>\n<\/td>\n<td style=\"width:339px;height:44px;\">\n<p> \t\t\t\t\t\t\t\t\t&nbsp;21:00 | Segunda a Sexta<\/p>\n<p> \t\t\t\t\t\t\t\t\t&nbsp;19:00 | S\u00e1bado<\/p>\n<p> \t\t\t\t\t\t\t\t\t&nbsp;19:00 | Domingo e Feriados<\/p>\n<\/td>\n<\/tr>\n<\/tbody>\n<\/table>\n<\/td>\n<\/tr>\n<\/tbody>\n<\/table>\n<p> \t&nbsp;<\/p>\n<table border=\"0\" cellpadding=\"0\" cellspacing=\"0\" style=\"width: 505px;\" width=\"505\">\n<colgroup>\n<col \/>\n<col span=\"2\" \/>\n<col \/> \t<\/colgroup>\n<tbody> \t<\/tbody>\n<\/table>\n<p> \t<strong>&nbsp;* <\/strong>19:00 \u00e0s 22:30 Home Delivery<\/p>\n<p> \t&nbsp;<\/p>\n","protected":false},"featured_media":2204,"template":"","class_list":["post-2257","events","type-events","status-publish","has-post-thumbnail","hentry"],"yoast_head":"<!-- This site is optimized with the Yoast SEO plugin v16.0.2 - https:\/\/yoast.com\/wordpress\/plugins\/seo\/ -->\n<meta property=\"og:locale\" content=\"en_US\" \/>\n<meta property=\"og:type\" content=\"article\" \/>\n<meta property=\"og:title\" content=\"HOR\u00c1RIOS DE FUNCIONAMENTO - Forum Coimbra\" \/>\n<meta property=\"og:description\" content=\"No seguimento das mais recentes medidas adotadas pelo Governo, o Forum Coimbra informa o seu hor\u00e1rio de funcionamento a partir de dia 1 de Maio de 2021. &nbsp; Consulte abaixo os respetivos hor\u00e1rios (listagem em constante atualiza\u00e7\u00e3o): &nbsp;CENTRO COMERCIAL &nbsp;10:00 &nbsp;10:00 &nbsp;21:00 | Segunda a Sexta &nbsp;19:00 | S\u00e1bados, domingos e feriados &nbsp;RESTAURA\u00c7\u00c3O &nbsp;10:00 &nbsp;10:00 [&hellip;]\" \/>\n<meta property=\"og:url\" content=\"https:\/\/forumcoimbra.korcreatives.pt\/en\/events\/horarios-de-funcionamento\/\" \/>\n<meta property=\"og:site_name\" content=\"Forum Coimbra\" \/>\n<meta name=\"twitter:card\" content=\"summary_large_image\" \/>\n<meta name=\"twitter:label1\" content=\"Est. reading time\">\n\t<meta name=\"twitter:data1\" content=\"1 minute\">\n<script type=\"application\/ld+json\" class=\"yoast-schema-graph\">{\"@context\":\"https:\/\/schema.org\",\"@graph\":[{\"@type\":\"WebSite\",\"@id\":\"https:\/\/forumcoimbra.korcreatives.pt\/#website\",\"url\":\"https:\/\/forumcoimbra.korcreatives.pt\/\",\"name\":\"Forum Coimbra\",\"description\":\"\",\"potentialAction\":[{\"@type\":\"SearchAction\",\"target\":\"https:\/\/forumcoimbra.korcreatives.pt\/?s={search_term_string}\",\"query-input\":\"required name=search_term_string\"}],\"inLanguage\":\"en-US\"},{\"@type\":\"ImageObject\",\"@id\":\"https:\/\/forumcoimbra.korcreatives.pt\/en\/events\/horarios-de-funcionamento\/#primaryimage\",\"inLanguage\":\"en-US\",\"url\":\"https:\/\/forumcoimbra.korcreatives.pt\/wp-content\/uploads\/sites\/13\/events\/horariosdefuncionamento.jpg\",\"width\":1236,\"height\":695},{\"@type\":\"WebPage\",\"@id\":\"https:\/\/forumcoimbra.korcreatives.pt\/en\/events\/horarios-de-funcionamento\/#webpage\",\"url\":\"https:\/\/forumcoimbra.korcreatives.pt\/en\/events\/horarios-de-funcionamento\/\",\"name\":\"HOR\\u00c1RIOS DE FUNCIONAMENTO - Forum Coimbra\",\"isPartOf\":{\"@id\":\"https:\/\/forumcoimbra.korcreatives.pt\/#website\"},\"primaryImageOfPage\":{\"@id\":\"https:\/\/forumcoimbra.korcreatives.pt\/en\/events\/horarios-de-funcionamento\/#primaryimage\"},\"datePublished\":\"2021-01-15T01:01:01+00:00\",\"dateModified\":\"2021-01-15T01:01:01+00:00\",\"breadcrumb\":{\"@id\":\"https:\/\/forumcoimbra.korcreatives.pt\/en\/events\/horarios-de-funcionamento\/#breadcrumb\"},\"inLanguage\":\"en-US\",\"potentialAction\":[{\"@type\":\"ReadAction\",\"target\":[\"https:\/\/forumcoimbra.korcreatives.pt\/en\/events\/horarios-de-funcionamento\/\"]}]},{\"@type\":\"BreadcrumbList\",\"@id\":\"https:\/\/forumcoimbra.korcreatives.pt\/en\/events\/horarios-de-funcionamento\/#breadcrumb\",\"itemListElement\":[{\"@type\":\"ListItem\",\"position\":1,\"item\":{\"@type\":\"WebPage\",\"@id\":\"https:\/\/forumcoimbra.korcreatives.pt\/events\/\",\"url\":\"https:\/\/forumcoimbra.korcreatives.pt\/events\/\",\"name\":\"Events\"}},{\"@type\":\"ListItem\",\"position\":2,\"item\":{\"@type\":\"WebPage\",\"@id\":\"https:\/\/forumcoimbra.korcreatives.pt\/en\/events\/horarios-de-funcionamento\/\",\"url\":\"https:\/\/forumcoimbra.korcreatives.pt\/en\/events\/horarios-de-funcionamento\/\",\"name\":\"HOR\\u00c1RIOS DE FUNCIONAMENTO\"}}]}]}<\/script>\n<!-- \/ Yoast SEO plugin. -->","_links":{"self":[{"href":"https:\/\/forumcoimbra.korcreatives.pt\/en\/wp-json\/wp\/v2\/events\/2257"}],"collection":[{"href":"https:\/\/forumcoimbra.korcreatives.pt\/en\/wp-json\/wp\/v2\/events"}],"about":[{"href":"https:\/\/forumcoimbra.korcreatives.pt\/en\/wp-json\/wp\/v2\/types\/events"}],"wp:featuredmedia":[{"embeddable":true,"href":"https:\/\/forumcoimbra.korcreatives.pt\/en\/wp-json\/wp\/v2\/media\/2204"}],"wp:attachment":[{"href":"https:\/\/forumcoimbra.korcreatives.pt\/en\/wp-json\/wp\/v2\/media?parent=2257"}],"curies":[{"name":"wp","href":"https:\/\/api.w.org\/{rel}","templated":true}]}}