{"id":2255,"date":"2020-10-30T01:01:01","date_gmt":"2020-10-30T01:01:01","guid":{"rendered":"http:\/\/www.forum-coimbra.com\/events\/forum-coimbra-campanha-de-nat-1\/"},"modified":"2020-10-30T01:01:01","modified_gmt":"2020-10-30T01:01:01","slug":"forum-coimbra-campanha-de-nat-1","status":"publish","type":"events","link":"https:\/\/forumcoimbra.korcreatives.pt\/en\/events\/forum-coimbra-campanha-de-nat-1\/","title":{"rendered":"Forum Coimbra CAMPANHA DE NATAL"},"content":{"rendered":"<p> \tO Forum Coimbra d\u00e1 boas vindas \u00e0 \u00e9poca mais m\u00e1gica do ano!<\/p>\n<p> \tAmanh\u00e3 vamos inaugurar a nossa decora\u00e7\u00e3o de Natal e deixando-te um apelo: seguires as tend\u00eancias e viveres o glamour do Natal mais cedo e em seguran\u00e7a. Atendendo ao contexto que vivemos, o convite \u00e9 para que antecipes as tuas compras de Natal e comeces, a partir de hoje, a pensar nos teus primeiros presentes.<\/p>\n<p> \tCom uma decora\u00e7\u00e3o inspirada no glamour das mais impactantes tend\u00eancias de natal, e sendo o Forum Coimbra um espa\u00e7o com dezenas de ofertas ligadas \u00e0 moda, beleza, bem-estar, entretenimento, tecnologia e muito mais, este ser\u00e1 o ponto de encontro, por excel\u00eancia, para as primeiras compras de Natal na cidade. Para evitar aglomerados e garantir que na noite de 24 de dezembro todos t\u00eam o seu presente, o Natal chega ao teu Centro Comercial, com medidas de higiene, seguran\u00e7a e distanciamento social refor\u00e7ados, e para os meses de novembro e dezembro est\u00e3o reservadas dezenas de surpresas que prometem facilitar a tarefa \u00e1rdua de completar a lista de presentes.<\/p>\n<p> \tViver a magia do Natal em seguran\u00e7a \u00e9 o desafio que cumprimos este ano, por isso, o convite \u00e9 para que todos deixem o Natal chegar mais cedo, inspirados pelas XMAS VIBES Forum Coimbra e comecem hoje mesmo a pensar nas suas compras.&nbsp;<\/p>\n<p> \t&nbsp;<\/p>\n<p> \tForum Coimbra, oferece-te um Natal com outro encanto!<\/p>\n","protected":false},"featured_media":2196,"template":"","class_list":["post-2255","events","type-events","status-publish","has-post-thumbnail","hentry"],"yoast_head":"<!-- This site is optimized with the Yoast SEO plugin v16.0.2 - https:\/\/yoast.com\/wordpress\/plugins\/seo\/ -->\n<meta property=\"og:locale\" content=\"en_US\" \/>\n<meta property=\"og:type\" content=\"article\" \/>\n<meta property=\"og:title\" content=\"Forum Coimbra CAMPANHA DE NATAL - Forum Coimbra\" \/>\n<meta property=\"og:description\" content=\"O Forum Coimbra d\u00e1 boas vindas \u00e0 \u00e9poca mais m\u00e1gica do ano! Amanh\u00e3 vamos inaugurar a nossa decora\u00e7\u00e3o de Natal e deixando-te um apelo: seguires as tend\u00eancias e viveres o glamour do Natal mais cedo e em seguran\u00e7a. Atendendo ao contexto que vivemos, o convite \u00e9 para que antecipes as tuas compras de Natal e [&hellip;]\" \/>\n<meta property=\"og:url\" content=\"https:\/\/forumcoimbra.korcreatives.pt\/en\/events\/forum-coimbra-campanha-de-nat-1\/\" \/>\n<meta property=\"og:site_name\" content=\"Forum Coimbra\" \/>\n<meta name=\"twitter:card\" content=\"summary_large_image\" \/>\n<meta name=\"twitter:label1\" content=\"Est. reading time\">\n\t<meta name=\"twitter:data1\" content=\"1 minute\">\n<script type=\"application\/ld+json\" class=\"yoast-schema-graph\">{\"@context\":\"https:\/\/schema.org\",\"@graph\":[{\"@type\":\"WebSite\",\"@id\":\"https:\/\/forumcoimbra.korcreatives.pt\/#website\",\"url\":\"https:\/\/forumcoimbra.korcreatives.pt\/\",\"name\":\"Forum Coimbra\",\"description\":\"\",\"potentialAction\":[{\"@type\":\"SearchAction\",\"target\":\"https:\/\/forumcoimbra.korcreatives.pt\/?s={search_term_string}\",\"query-input\":\"required name=search_term_string\"}],\"inLanguage\":\"en-US\"},{\"@type\":\"ImageObject\",\"@id\":\"https:\/\/forumcoimbra.korcreatives.pt\/en\/events\/forum-coimbra-campanha-de-nat-1\/#primaryimage\",\"inLanguage\":\"en-US\",\"url\":\"https:\/\/forumcoimbra.korcreatives.pt\/wp-content\/uploads\/sites\/13\/events\/forumcoimbracampanhadenatal.png\",\"width\":960,\"height\":550},{\"@type\":\"WebPage\",\"@id\":\"https:\/\/forumcoimbra.korcreatives.pt\/en\/events\/forum-coimbra-campanha-de-nat-1\/#webpage\",\"url\":\"https:\/\/forumcoimbra.korcreatives.pt\/en\/events\/forum-coimbra-campanha-de-nat-1\/\",\"name\":\"Forum Coimbra CAMPANHA DE NATAL - Forum Coimbra\",\"isPartOf\":{\"@id\":\"https:\/\/forumcoimbra.korcreatives.pt\/#website\"},\"primaryImageOfPage\":{\"@id\":\"https:\/\/forumcoimbra.korcreatives.pt\/en\/events\/forum-coimbra-campanha-de-nat-1\/#primaryimage\"},\"datePublished\":\"2020-10-30T01:01:01+00:00\",\"dateModified\":\"2020-10-30T01:01:01+00:00\",\"breadcrumb\":{\"@id\":\"https:\/\/forumcoimbra.korcreatives.pt\/en\/events\/forum-coimbra-campanha-de-nat-1\/#breadcrumb\"},\"inLanguage\":\"en-US\",\"potentialAction\":[{\"@type\":\"ReadAction\",\"target\":[\"https:\/\/forumcoimbra.korcreatives.pt\/en\/events\/forum-coimbra-campanha-de-nat-1\/\"]}]},{\"@type\":\"BreadcrumbList\",\"@id\":\"https:\/\/forumcoimbra.korcreatives.pt\/en\/events\/forum-coimbra-campanha-de-nat-1\/#breadcrumb\",\"itemListElement\":[{\"@type\":\"ListItem\",\"position\":1,\"item\":{\"@type\":\"WebPage\",\"@id\":\"https:\/\/forumcoimbra.korcreatives.pt\/events\/\",\"url\":\"https:\/\/forumcoimbra.korcreatives.pt\/events\/\",\"name\":\"Events\"}},{\"@type\":\"ListItem\",\"position\":2,\"item\":{\"@type\":\"WebPage\",\"@id\":\"https:\/\/forumcoimbra.korcreatives.pt\/en\/events\/forum-coimbra-campanha-de-nat-1\/\",\"url\":\"https:\/\/forumcoimbra.korcreatives.pt\/en\/events\/forum-coimbra-campanha-de-nat-1\/\",\"name\":\"Forum Coimbra CAMPANHA DE NATAL\"}}]}]}<\/script>\n<!-- \/ Yoast SEO plugin. -->","_links":{"self":[{"href":"https:\/\/forumcoimbra.korcreatives.pt\/en\/wp-json\/wp\/v2\/events\/2255"}],"collection":[{"href":"https:\/\/forumcoimbra.korcreatives.pt\/en\/wp-json\/wp\/v2\/events"}],"about":[{"href":"https:\/\/forumcoimbra.korcreatives.pt\/en\/wp-json\/wp\/v2\/types\/events"}],"wp:featuredmedia":[{"embeddable":true,"href":"https:\/\/forumcoimbra.korcreatives.pt\/en\/wp-json\/wp\/v2\/media\/2196"}],"wp:attachment":[{"href":"https:\/\/forumcoimbra.korcreatives.pt\/en\/wp-json\/wp\/v2\/media?parent=2255"}],"curies":[{"name":"wp","href":"https:\/\/api.w.org\/{rel}","templated":true}]}}