{"id":2254,"date":"2020-10-02T01:01:01","date_gmt":"2020-10-02T01:01:01","guid":{"rendered":"http:\/\/www.forum-coimbra.com\/events\/forum-coimbra-fashion-by-you\/"},"modified":"2020-10-02T01:01:01","modified_gmt":"2020-10-02T01:01:01","slug":"forum-coimbra-fashion-by-you","status":"publish","type":"events","link":"https:\/\/forumcoimbra.korcreatives.pt\/en\/events\/forum-coimbra-fashion-by-you\/","title":{"rendered":"FORUM COIMBRA FASHION BY YOU"},"content":{"rendered":"<p> \tQueres ganhar um dos<strong>&nbsp;10 gift cards&nbsp;<\/strong>com<strong>&nbsp;200\u20ac<\/strong>&nbsp;que temos para ti, para fazer compras no Forum Coimbra acompanhado por uma&nbsp;<strong>Fashion Adviser? Ou <\/strong>sess\u00f5es privadas de<strong>&nbsp;makeup&nbsp;<\/strong>com profissionais de renome? Ou preferes ser<strong>&nbsp;Modelo por um dia?<\/strong><\/p>\n<p> \tPARTICIPA AQUI:&nbsp;<a href=\"https:\/\/fashionexclusivehall-forumcoimbra.pt\/\">fashionexclusivehall-forumcoimbra.pt<\/a><\/p>\n<p> \tPrepar\u00e1mos uma semana de MODA totalmente \u00fanica, de experi\u00eancias e de ofertas de 10 a 18 de Outubro. Porque os visitantes do Forum Coimbra s\u00e3o especiais!&nbsp;<\/p>\n<p> \tNum formato diferente, ajustado \u00e0 realidade atual, desenvolvemos uma semana de MODA&nbsp;<\/p>\n<p> \tPara al\u00e9m de poderes conhecer as novas cole\u00e7\u00f5es outono\/inverno nos Fashion Spots vamos premiar quem faz compras no Forum Coimbra com experi\u00eancia exclusivas.<\/p>\n<p> \tPara te habilitares a estas experi\u00eancias tens de efetuar compras que perfa\u00e7am um total m\u00ednimo de<strong> 50\u20ac <\/strong>(cinquenta euros) ou <strong>100\u20ac<\/strong> (cem euros), (faturas cumulativas ou n\u00e3o)&nbsp;nas lojas do Forum Coimbra.&nbsp;<\/p>\n<p> \tSe participares podes candidatar-te a uma das tr\u00eas experi\u00eancias:<\/p>\n<ul>\n<li value=\"NaN\"> \t\tM\u00ednimo de 50\u20ac em compras &#8211; <strong>Model for a Day:&nbsp;<\/strong>Produ\u00e7\u00e3o de um \u00e1lbum de fotografias digitais, formato para redes sociais, com a ajuda de maquilhadora e fot\u00f3grafo profissional (sess\u00f5es de 50 min);<\/li>\n<\/ul>\n<ul>\n<li value=\"NaN\"> \t\tM\u00ednimo de 50\u20ac em compras &#8211; <strong>Makeup Sessions:&nbsp;<\/strong>Sess\u00f5es privadas com maquilhadora de renome (sess\u00f5es de 45min);<\/li>\n<\/ul>\n<ul>\n<li value=\"NaN\"> \t\tM\u00ednimo de 100\u20ac em compras &#8211; <strong>Sess\u00f5es de Fashion Advisor:&nbsp;<\/strong>Sess\u00f5es privadas de aconselhamento de moda, com visita \u00e0s lojas (sess\u00f5es de 50min e 2h, mediante disponibilidade de agendamento). Simultaneamente com este servi\u00e7o, <strong>os primeiros 10 participantes que efectuarem o upload de faturas no valor m\u00ednimo de 100\u20ac, poder\u00e3o ainda habilitar-se a ganhar um Gift Card no valor de 200\u20ac, para gastarem nas lojas.<\/strong><\/li>\n<\/ul>\n<p> \tPara ganhares as tuas experi\u00eancias ter\u00e1s de aceder ao site&nbsp;<a href=\"https:\/\/fashionexclusivehall-forumcoimbra.pt\/\">fashionexclusivehall-forumcoimbra.pt<\/a>&nbsp;e carregares os teus tal\u00f5es.<\/p>\n<p> \t&nbsp;<\/p>\n<p> \tFORUM COIMBRA, EXPERI\u00caNCIAS T\u00c3O \u00daNICAS T\u00caM OUTRO ENCANTO!<\/p>\n","protected":false},"featured_media":2192,"template":"","class_list":["post-2254","events","type-events","status-publish","has-post-thumbnail","hentry"],"yoast_head":"<!-- This site is optimized with the Yoast SEO plugin v16.0.2 - https:\/\/yoast.com\/wordpress\/plugins\/seo\/ -->\n<meta property=\"og:locale\" content=\"en_US\" \/>\n<meta property=\"og:type\" content=\"article\" \/>\n<meta property=\"og:title\" content=\"FORUM COIMBRA FASHION BY YOU - Forum Coimbra\" \/>\n<meta property=\"og:description\" content=\"Queres ganhar um dos&nbsp;10 gift cards&nbsp;com&nbsp;200\u20ac&nbsp;que temos para ti, para fazer compras no Forum Coimbra acompanhado por uma&nbsp;Fashion Adviser? Ou sess\u00f5es privadas de&nbsp;makeup&nbsp;com profissionais de renome? Ou preferes ser&nbsp;Modelo por um dia? PARTICIPA AQUI:&nbsp;fashionexclusivehall-forumcoimbra.pt Prepar\u00e1mos uma semana de MODA totalmente \u00fanica, de experi\u00eancias e de ofertas de 10 a 18 de Outubro. Porque os visitantes [&hellip;]\" \/>\n<meta property=\"og:url\" content=\"https:\/\/forumcoimbra.korcreatives.pt\/en\/events\/forum-coimbra-fashion-by-you\/\" \/>\n<meta property=\"og:site_name\" content=\"Forum Coimbra\" \/>\n<meta name=\"twitter:card\" content=\"summary_large_image\" \/>\n<meta name=\"twitter:label1\" content=\"Est. reading time\">\n\t<meta name=\"twitter:data1\" content=\"2 minutes\">\n<script type=\"application\/ld+json\" class=\"yoast-schema-graph\">{\"@context\":\"https:\/\/schema.org\",\"@graph\":[{\"@type\":\"WebSite\",\"@id\":\"https:\/\/forumcoimbra.korcreatives.pt\/#website\",\"url\":\"https:\/\/forumcoimbra.korcreatives.pt\/\",\"name\":\"Forum Coimbra\",\"description\":\"\",\"potentialAction\":[{\"@type\":\"SearchAction\",\"target\":\"https:\/\/forumcoimbra.korcreatives.pt\/?s={search_term_string}\",\"query-input\":\"required name=search_term_string\"}],\"inLanguage\":\"en-US\"},{\"@type\":\"ImageObject\",\"@id\":\"https:\/\/forumcoimbra.korcreatives.pt\/en\/events\/forum-coimbra-fashion-by-you\/#primaryimage\",\"inLanguage\":\"en-US\",\"url\":\"https:\/\/forumcoimbra.korcreatives.pt\/wp-content\/uploads\/sites\/13\/events\/forumcoimbrafashionbyyou.png\",\"width\":960,\"height\":550},{\"@type\":\"WebPage\",\"@id\":\"https:\/\/forumcoimbra.korcreatives.pt\/en\/events\/forum-coimbra-fashion-by-you\/#webpage\",\"url\":\"https:\/\/forumcoimbra.korcreatives.pt\/en\/events\/forum-coimbra-fashion-by-you\/\",\"name\":\"FORUM COIMBRA FASHION BY YOU - Forum Coimbra\",\"isPartOf\":{\"@id\":\"https:\/\/forumcoimbra.korcreatives.pt\/#website\"},\"primaryImageOfPage\":{\"@id\":\"https:\/\/forumcoimbra.korcreatives.pt\/en\/events\/forum-coimbra-fashion-by-you\/#primaryimage\"},\"datePublished\":\"2020-10-02T01:01:01+00:00\",\"dateModified\":\"2020-10-02T01:01:01+00:00\",\"breadcrumb\":{\"@id\":\"https:\/\/forumcoimbra.korcreatives.pt\/en\/events\/forum-coimbra-fashion-by-you\/#breadcrumb\"},\"inLanguage\":\"en-US\",\"potentialAction\":[{\"@type\":\"ReadAction\",\"target\":[\"https:\/\/forumcoimbra.korcreatives.pt\/en\/events\/forum-coimbra-fashion-by-you\/\"]}]},{\"@type\":\"BreadcrumbList\",\"@id\":\"https:\/\/forumcoimbra.korcreatives.pt\/en\/events\/forum-coimbra-fashion-by-you\/#breadcrumb\",\"itemListElement\":[{\"@type\":\"ListItem\",\"position\":1,\"item\":{\"@type\":\"WebPage\",\"@id\":\"https:\/\/forumcoimbra.korcreatives.pt\/events\/\",\"url\":\"https:\/\/forumcoimbra.korcreatives.pt\/events\/\",\"name\":\"Events\"}},{\"@type\":\"ListItem\",\"position\":2,\"item\":{\"@type\":\"WebPage\",\"@id\":\"https:\/\/forumcoimbra.korcreatives.pt\/en\/events\/forum-coimbra-fashion-by-you\/\",\"url\":\"https:\/\/forumcoimbra.korcreatives.pt\/en\/events\/forum-coimbra-fashion-by-you\/\",\"name\":\"FORUM COIMBRA FASHION BY YOU\"}}]}]}<\/script>\n<!-- \/ Yoast SEO plugin. -->","_links":{"self":[{"href":"https:\/\/forumcoimbra.korcreatives.pt\/en\/wp-json\/wp\/v2\/events\/2254"}],"collection":[{"href":"https:\/\/forumcoimbra.korcreatives.pt\/en\/wp-json\/wp\/v2\/events"}],"about":[{"href":"https:\/\/forumcoimbra.korcreatives.pt\/en\/wp-json\/wp\/v2\/types\/events"}],"wp:featuredmedia":[{"embeddable":true,"href":"https:\/\/forumcoimbra.korcreatives.pt\/en\/wp-json\/wp\/v2\/media\/2192"}],"wp:attachment":[{"href":"https:\/\/forumcoimbra.korcreatives.pt\/en\/wp-json\/wp\/v2\/media?parent=2254"}],"curies":[{"name":"wp","href":"https:\/\/api.w.org\/{rel}","templated":true}]}}