{"id":2253,"date":"2020-09-14T01:01:01","date_gmt":"2020-09-14T01:01:01","guid":{"rendered":"http:\/\/www.forum-coimbra.com\/events\/forum-coimbra-compras-que-sao-um-espetaculo\/"},"modified":"2020-09-14T01:01:01","modified_gmt":"2020-09-14T01:01:01","slug":"forum-coimbra-compras-que-sao-um-espetaculo","status":"publish","type":"events","link":"https:\/\/forumcoimbra.korcreatives.pt\/en\/events\/forum-coimbra-compras-que-sao-um-espetaculo\/","title":{"rendered":"Forum Coimbra \u201cCOMPRAS QUE S\u00c3O UM ESPETACULO\u201d"},"content":{"rendered":"<p> \tPARTICIPA AQUI: www.forumcoimbra-garden.com&nbsp;&nbsp;<\/p>\n<p> \tEste ano o Forum Coimbra surpreende-te com o espa\u00e7o FORUM COIMBRA GARDEN dedicado ao lazer com uma vista \u00edmpar para a nossa cidade.<\/p>\n<p> \tFace a uma nova realidade, onde se privilegia o uso de espa\u00e7os exteriores, e cientes de que importa continuar a oferecer-te uma experi\u00eancia de lazer diferenciadora, O FORUM COIMBRA GARDEN contou com a presen\u00e7a de dois artistas de Street Art nos dois fins de semana passados, a partir desta quarta-feira ir\u00e1 dar in\u00edcio \u00e0 campanha &#8220;COMPRAS QUE S\u00c3O UM ESPET\u00c1CULO&#8221;.<\/p>\n<p> \tA Campanha &#8220;COMPRAS QUE S\u00c3O UM ESPET\u00c1CULO&#8221; consiste em oferecer-te lugares exclusivos para assistires a concertos de m\u00fasica ao vivo no nosso Forum Coimbra Garden todas as quartas-feiras at\u00e9 dia 7 de outubro \u00e0s 19h, por cada 50\u20ac em compras. A ideia \u00e9 premiar-te proporcionando-te um final de tarde \u00fanico.<\/p>\n<p> \tOs lugares ser\u00e3o limitados a 64 pessoas por concerto, distribu\u00eddas por 16 &#8220;camarotes&#8221; com 4 lugares cada. O vencedor ganha 1 camarote e poder\u00e1 levar at\u00e9 3 pessoas consigo (que sejam coabitantes, de acordo com as normas em vigor da DGS e do Governo).<\/p>\n<p> \tPara ganhares estes lugares ter\u00e1s de aceder ao site do Forum Coimbra (www.forum-coimbra.com) onde ser\u00e1s encaminhado para o micro site <a href=\"http:\/\/www.forumcoimbra-garden.com\/\">www.forumcoimbra-garden<em>.<\/em>com<\/a> para carregares o teu tal\u00e3o de valor igual ou superior a 50\u20ac (tal\u00e3o \u00fanico). As primeiras 16 pessoas a validarem o tal\u00e3o de compras ganham os bilhetes para o espet\u00e1culo. Ap\u00f3s valida\u00e7\u00e3o que receberam por telefone e e-mail poder\u00e3o ent\u00e3o escolher o dia do espet\u00e1culo.<\/p>\n<p> \tNo \u00e2mbito desta conjuntura o Forum Coimbra quis privilegiar os artistas locais, pelo que a programa\u00e7\u00e3o ser\u00e1:<\/p>\n<ul>\n<li> \t\t16 setembro: Lu\u00eds Travassos<\/li>\n<li> \t\t23 setembro: V\u00e2nia Couto e Alexander Lima<\/li>\n<li> \t\t30 setembro: Bossa a Meias<\/li>\n<li> \t\t07 outubro: The Classmates<\/li>\n<\/ul>\n<p> \tFORUM COIMBRA, COMPRAS QUE S\u00c3O UM ESPET\u00c1CULO T\u00caM OUTRO ENCANTO!<\/p>\n<p align=\"center\"> \t&nbsp;<\/p>\n","protected":false},"featured_media":2188,"template":"","class_list":["post-2253","events","type-events","status-publish","has-post-thumbnail","hentry"],"yoast_head":"<!-- This site is optimized with the Yoast SEO plugin v16.0.2 - https:\/\/yoast.com\/wordpress\/plugins\/seo\/ -->\n<meta property=\"og:locale\" content=\"en_US\" \/>\n<meta property=\"og:type\" content=\"article\" \/>\n<meta property=\"og:title\" content=\"Forum Coimbra \u201cCOMPRAS QUE S\u00c3O UM ESPETACULO\u201d - Forum Coimbra\" \/>\n<meta property=\"og:description\" content=\"PARTICIPA AQUI: www.forumcoimbra-garden.com&nbsp;&nbsp; Este ano o Forum Coimbra surpreende-te com o espa\u00e7o FORUM COIMBRA GARDEN dedicado ao lazer com uma vista \u00edmpar para a nossa cidade. Face a uma nova realidade, onde se privilegia o uso de espa\u00e7os exteriores, e cientes de que importa continuar a oferecer-te uma experi\u00eancia de lazer diferenciadora, O FORUM COIMBRA [&hellip;]\" \/>\n<meta property=\"og:url\" content=\"https:\/\/forumcoimbra.korcreatives.pt\/en\/events\/forum-coimbra-compras-que-sao-um-espetaculo\/\" \/>\n<meta property=\"og:site_name\" content=\"Forum Coimbra\" \/>\n<meta name=\"twitter:card\" content=\"summary_large_image\" \/>\n<meta name=\"twitter:label1\" content=\"Est. reading time\">\n\t<meta name=\"twitter:data1\" content=\"2 minutes\">\n<script type=\"application\/ld+json\" class=\"yoast-schema-graph\">{\"@context\":\"https:\/\/schema.org\",\"@graph\":[{\"@type\":\"WebSite\",\"@id\":\"https:\/\/forumcoimbra.korcreatives.pt\/#website\",\"url\":\"https:\/\/forumcoimbra.korcreatives.pt\/\",\"name\":\"Forum Coimbra\",\"description\":\"\",\"potentialAction\":[{\"@type\":\"SearchAction\",\"target\":\"https:\/\/forumcoimbra.korcreatives.pt\/?s={search_term_string}\",\"query-input\":\"required name=search_term_string\"}],\"inLanguage\":\"en-US\"},{\"@type\":\"ImageObject\",\"@id\":\"https:\/\/forumcoimbra.korcreatives.pt\/en\/events\/forum-coimbra-compras-que-sao-um-espetaculo\/#primaryimage\",\"inLanguage\":\"en-US\",\"url\":\"https:\/\/forumcoimbra.korcreatives.pt\/wp-content\/uploads\/sites\/13\/events\/forumcoimbra_comprasquesaoumespetaculo_.png\",\"width\":960,\"height\":550},{\"@type\":\"WebPage\",\"@id\":\"https:\/\/forumcoimbra.korcreatives.pt\/en\/events\/forum-coimbra-compras-que-sao-um-espetaculo\/#webpage\",\"url\":\"https:\/\/forumcoimbra.korcreatives.pt\/en\/events\/forum-coimbra-compras-que-sao-um-espetaculo\/\",\"name\":\"Forum Coimbra \\u201cCOMPRAS QUE S\\u00c3O UM ESPETACULO\\u201d - Forum Coimbra\",\"isPartOf\":{\"@id\":\"https:\/\/forumcoimbra.korcreatives.pt\/#website\"},\"primaryImageOfPage\":{\"@id\":\"https:\/\/forumcoimbra.korcreatives.pt\/en\/events\/forum-coimbra-compras-que-sao-um-espetaculo\/#primaryimage\"},\"datePublished\":\"2020-09-14T01:01:01+00:00\",\"dateModified\":\"2020-09-14T01:01:01+00:00\",\"breadcrumb\":{\"@id\":\"https:\/\/forumcoimbra.korcreatives.pt\/en\/events\/forum-coimbra-compras-que-sao-um-espetaculo\/#breadcrumb\"},\"inLanguage\":\"en-US\",\"potentialAction\":[{\"@type\":\"ReadAction\",\"target\":[\"https:\/\/forumcoimbra.korcreatives.pt\/en\/events\/forum-coimbra-compras-que-sao-um-espetaculo\/\"]}]},{\"@type\":\"BreadcrumbList\",\"@id\":\"https:\/\/forumcoimbra.korcreatives.pt\/en\/events\/forum-coimbra-compras-que-sao-um-espetaculo\/#breadcrumb\",\"itemListElement\":[{\"@type\":\"ListItem\",\"position\":1,\"item\":{\"@type\":\"WebPage\",\"@id\":\"https:\/\/forumcoimbra.korcreatives.pt\/events\/\",\"url\":\"https:\/\/forumcoimbra.korcreatives.pt\/events\/\",\"name\":\"Events\"}},{\"@type\":\"ListItem\",\"position\":2,\"item\":{\"@type\":\"WebPage\",\"@id\":\"https:\/\/forumcoimbra.korcreatives.pt\/en\/events\/forum-coimbra-compras-que-sao-um-espetaculo\/\",\"url\":\"https:\/\/forumcoimbra.korcreatives.pt\/en\/events\/forum-coimbra-compras-que-sao-um-espetaculo\/\",\"name\":\"Forum Coimbra \\u201cCOMPRAS QUE S\\u00c3O UM ESPETACULO\\u201d\"}}]}]}<\/script>\n<!-- \/ Yoast SEO plugin. -->","_links":{"self":[{"href":"https:\/\/forumcoimbra.korcreatives.pt\/en\/wp-json\/wp\/v2\/events\/2253"}],"collection":[{"href":"https:\/\/forumcoimbra.korcreatives.pt\/en\/wp-json\/wp\/v2\/events"}],"about":[{"href":"https:\/\/forumcoimbra.korcreatives.pt\/en\/wp-json\/wp\/v2\/types\/events"}],"wp:featuredmedia":[{"embeddable":true,"href":"https:\/\/forumcoimbra.korcreatives.pt\/en\/wp-json\/wp\/v2\/media\/2188"}],"wp:attachment":[{"href":"https:\/\/forumcoimbra.korcreatives.pt\/en\/wp-json\/wp\/v2\/media?parent=2253"}],"curies":[{"name":"wp","href":"https:\/\/api.w.org\/{rel}","templated":true}]}}