{"id":2252,"date":"2020-09-11T01:01:01","date_gmt":"2020-09-11T01:01:01","guid":{"rendered":"http:\/\/www.forum-coimbra.com\/events\/forum-coimbra-garden\/"},"modified":"2020-09-11T01:01:01","modified_gmt":"2020-09-11T01:01:01","slug":"forum-coimbra-garden","status":"publish","type":"events","link":"https:\/\/forumcoimbra.korcreatives.pt\/en\/events\/forum-coimbra-garden\/","title":{"rendered":"Forum Coimbra GARDEN"},"content":{"rendered":"<p> \tO Forum Coimbra depois de ser distinguido com o Selo Global Safe Site, inaugura um novo espa\u00e7o exterior, preparado para te receber em seguran\u00e7a.<\/p>\n<p> \tO Forum Coimbra Garden, espa\u00e7o dedicado ao lazer, estar\u00e1 aberto at\u00e9 18 de outubro, pronto para ser o novo <em>Cool Safe Spot<\/em>, com uma vista \u00edmpar para a cidade na m\u00e1xima seguran\u00e7a!<\/p>\n<p> \tFace a uma nova realidade, onde se privilegia o uso de espa\u00e7os exteriores, e cientes de que importa continuar a oferecer-te uma experi\u00eancia de lazer diferenciadora, o Forum Coimbra decidiu apostar na cria\u00e7\u00e3o de um novo espa\u00e7o, na zona do jardim, tornando-o num ponto de encontro criativo, moderno e trend, onde poder\u00e1s usufruir de um momento descontra\u00eddo, seja para um caf\u00e9, para um gelado ou mesmo para desfrutar do seu almo\u00e7o ou jantar. Das 10h00 \u00e0s 23h00, o convite \u00e9 para conhecer o novo espa\u00e7o com a melhor vista da cidade de Coimbra, concebido com materiais 100% eco friendly, e partilhar os melhores momentos para mais tarde recordar.<\/p>\n<p> \tA inaugura\u00e7\u00e3o do novo espa\u00e7o surge &#8220;numa fase importante de regresso \u00e0s experi\u00eancias que h\u00e1 j\u00e1 tantos anos vos habitu\u00e1mos. Tendo como garantir todas as normas de seguran\u00e7a e higiene impostas pela Direc\u00e7ao Geral de Sa\u00fade, \u00e9 altura de voltar a surpreender-te com um espa\u00e7o \u00fanico na cidade que convida ao relaxamento e descontra\u00e7\u00e3o<\/p>\n<p> \tPara celebrar a inaugura\u00e7\u00e3o deste novo espa\u00e7o, nos dias 4 e 5 e 11 e 12 de setembro, entre as 10h00 e as 18h00, podes assistir ao vivo \u00e0 pintura dos pain\u00e9is decorativos pensados para este espa\u00e7o, criados ao vivo por diferentes artistas street art.<\/p>\n<p> \tEsperamos pela tua visita!<\/p>\n","protected":false},"featured_media":2184,"template":"","class_list":["post-2252","events","type-events","status-publish","has-post-thumbnail","hentry"],"yoast_head":"<!-- This site is optimized with the Yoast SEO plugin v16.0.2 - https:\/\/yoast.com\/wordpress\/plugins\/seo\/ -->\n<meta property=\"og:locale\" content=\"en_US\" \/>\n<meta property=\"og:type\" content=\"article\" \/>\n<meta property=\"og:title\" content=\"Forum Coimbra GARDEN - Forum Coimbra\" \/>\n<meta property=\"og:description\" content=\"O Forum Coimbra depois de ser distinguido com o Selo Global Safe Site, inaugura um novo espa\u00e7o exterior, preparado para te receber em seguran\u00e7a. O Forum Coimbra Garden, espa\u00e7o dedicado ao lazer, estar\u00e1 aberto at\u00e9 18 de outubro, pronto para ser o novo Cool Safe Spot, com uma vista \u00edmpar para a cidade na m\u00e1xima [&hellip;]\" \/>\n<meta property=\"og:url\" content=\"https:\/\/forumcoimbra.korcreatives.pt\/en\/events\/forum-coimbra-garden\/\" \/>\n<meta property=\"og:site_name\" content=\"Forum Coimbra\" \/>\n<meta name=\"twitter:card\" content=\"summary_large_image\" \/>\n<meta name=\"twitter:label1\" content=\"Est. reading time\">\n\t<meta name=\"twitter:data1\" content=\"1 minute\">\n<script type=\"application\/ld+json\" class=\"yoast-schema-graph\">{\"@context\":\"https:\/\/schema.org\",\"@graph\":[{\"@type\":\"WebSite\",\"@id\":\"https:\/\/forumcoimbra.korcreatives.pt\/#website\",\"url\":\"https:\/\/forumcoimbra.korcreatives.pt\/\",\"name\":\"Forum Coimbra\",\"description\":\"\",\"potentialAction\":[{\"@type\":\"SearchAction\",\"target\":\"https:\/\/forumcoimbra.korcreatives.pt\/?s={search_term_string}\",\"query-input\":\"required name=search_term_string\"}],\"inLanguage\":\"en-US\"},{\"@type\":\"ImageObject\",\"@id\":\"https:\/\/forumcoimbra.korcreatives.pt\/en\/events\/forum-coimbra-garden\/#primaryimage\",\"inLanguage\":\"en-US\",\"url\":\"https:\/\/forumcoimbra.korcreatives.pt\/wp-content\/uploads\/sites\/13\/events\/forumcoimbragarden.png\",\"width\":960,\"height\":550},{\"@type\":\"WebPage\",\"@id\":\"https:\/\/forumcoimbra.korcreatives.pt\/en\/events\/forum-coimbra-garden\/#webpage\",\"url\":\"https:\/\/forumcoimbra.korcreatives.pt\/en\/events\/forum-coimbra-garden\/\",\"name\":\"Forum Coimbra GARDEN - Forum Coimbra\",\"isPartOf\":{\"@id\":\"https:\/\/forumcoimbra.korcreatives.pt\/#website\"},\"primaryImageOfPage\":{\"@id\":\"https:\/\/forumcoimbra.korcreatives.pt\/en\/events\/forum-coimbra-garden\/#primaryimage\"},\"datePublished\":\"2020-09-11T01:01:01+00:00\",\"dateModified\":\"2020-09-11T01:01:01+00:00\",\"breadcrumb\":{\"@id\":\"https:\/\/forumcoimbra.korcreatives.pt\/en\/events\/forum-coimbra-garden\/#breadcrumb\"},\"inLanguage\":\"en-US\",\"potentialAction\":[{\"@type\":\"ReadAction\",\"target\":[\"https:\/\/forumcoimbra.korcreatives.pt\/en\/events\/forum-coimbra-garden\/\"]}]},{\"@type\":\"BreadcrumbList\",\"@id\":\"https:\/\/forumcoimbra.korcreatives.pt\/en\/events\/forum-coimbra-garden\/#breadcrumb\",\"itemListElement\":[{\"@type\":\"ListItem\",\"position\":1,\"item\":{\"@type\":\"WebPage\",\"@id\":\"https:\/\/forumcoimbra.korcreatives.pt\/events\/\",\"url\":\"https:\/\/forumcoimbra.korcreatives.pt\/events\/\",\"name\":\"Events\"}},{\"@type\":\"ListItem\",\"position\":2,\"item\":{\"@type\":\"WebPage\",\"@id\":\"https:\/\/forumcoimbra.korcreatives.pt\/en\/events\/forum-coimbra-garden\/\",\"url\":\"https:\/\/forumcoimbra.korcreatives.pt\/en\/events\/forum-coimbra-garden\/\",\"name\":\"Forum Coimbra GARDEN\"}}]}]}<\/script>\n<!-- \/ Yoast SEO plugin. -->","_links":{"self":[{"href":"https:\/\/forumcoimbra.korcreatives.pt\/en\/wp-json\/wp\/v2\/events\/2252"}],"collection":[{"href":"https:\/\/forumcoimbra.korcreatives.pt\/en\/wp-json\/wp\/v2\/events"}],"about":[{"href":"https:\/\/forumcoimbra.korcreatives.pt\/en\/wp-json\/wp\/v2\/types\/events"}],"wp:featuredmedia":[{"embeddable":true,"href":"https:\/\/forumcoimbra.korcreatives.pt\/en\/wp-json\/wp\/v2\/media\/2184"}],"wp:attachment":[{"href":"https:\/\/forumcoimbra.korcreatives.pt\/en\/wp-json\/wp\/v2\/media?parent=2252"}],"curies":[{"name":"wp","href":"https:\/\/api.w.org\/{rel}","templated":true}]}}