{"id":2249,"date":"2020-06-04T01:01:01","date_gmt":"2020-06-04T01:01:01","guid":{"rendered":"http:\/\/www.forum-coimbra.com\/events\/ter-te-de-volta-tem-outro-encanto\/"},"modified":"2020-06-04T01:01:01","modified_gmt":"2020-06-04T01:01:01","slug":"ter-te-de-volta-tem-outro-encanto","status":"publish","type":"events","link":"https:\/\/forumcoimbra.korcreatives.pt\/en\/events\/ter-te-de-volta-tem-outro-encanto\/","title":{"rendered":"Ter-te de volta tem outro encanto"},"content":{"rendered":"<p style=\"margin-left:36.0pt;\"> \tO FORUM COIMBRA est\u00e1 preparado para te receber com toda a seguran\u00e7a e em hor\u00e1rio normal e por isso quer dar-te a conhecer todas as medidas que adot\u00e1mos para garantir a tua seguran\u00e7a pois <strong>TER-TE DE VOLTA TEM OUTRO ENCANTO<\/strong>!<\/p>\n<ul>\n<li> \t\tUso obrigat\u00f3rio de m\u00e1scara (ou viseira);<\/li>\n<li> \t\tDispensadores de \u00e1lcool gel distribu\u00eddos por todo o Centro Comercial;<\/li>\n<li> \t\tMonotoriza\u00e7\u00e3o em tempo real do n\u00famero de pessoas dentro do Centro Comercial;<\/li>\n<li> \t\tSinal\u00e9tica informativa e direcional;<\/li>\n<li> \t\tCircuitos espec\u00edficos de circula\u00e7\u00e3o para assegurar o distanciamento social;<\/li>\n<li> \t\tOs elevadores t\u00eam um limite m\u00e1ximo de utilizadores de acordo com a sua dimens\u00e3o;<\/li>\n<li> \t\tA maioria das zonas de descanso foram retiradas, as que permanecem n\u00e3o poder\u00e3o ser utilizadas estando sinalizadas neste sentido;<\/li>\n<li> \t\tZonas de espera nos corredores assinaladas no piso com bolas, estrategicamente colocadas para assegurar o distanciamento social;<\/li>\n<li> \t\tAdapta\u00e7\u00e3o de esplanadas e zona de restaura\u00e7\u00e3o com redu\u00e7\u00e3o do n\u00famero de lugares para garantir afastamento social;<\/li>\n<li> \t\tSinal\u00e9tica informativa para que o cliente n\u00e3o levante o tabuleiro, permitindo \u00e0 equipa de limpeza identificar as zonas a higienizar antes da pr\u00f3xima utiliza\u00e7\u00e3o;<\/li>\n<li> \t\tInterdi\u00e7\u00e3o de utiliza\u00e7\u00e3o de certos equipamentos para assegurar o distanciamento social, nomeadamente nas casas de banho;<\/li>\n<li> \t\tInativa\u00e7\u00e3o de servi\u00e7os como carrinhos de beb\u00e9, kiddy cars, ispace, parque infantil e diret\u00f3rios digitais;<\/li>\n<li> \t\tColoca\u00e7\u00e3o de acr\u00edlicos nas zonas de atendimento como Balc\u00e3o de Informa\u00e7\u00f5es e rece\u00e7\u00e3o da Administra\u00e7\u00e3o;<\/li>\n<li> \t\tDisponibiliza\u00e7\u00e3o de m\u00e1scaras no Balc\u00e3o de Informa\u00e7\u00f5es;<\/li>\n<li> \t\tO sistema de renova\u00e7\u00e3o de ar novo est\u00e1 em funcionamento continuo;<\/li>\n<li> \t\tColoc\u00e1mos dispensadores de papel nos WCs;<\/li>\n<li> \t\t\u00c1rea de isolamento;<\/li>\n<\/ul>\n<p style=\"margin-left:72.0pt;\"> \t&nbsp;<\/p>\n","protected":false},"featured_media":2172,"template":"","class_list":["post-2249","events","type-events","status-publish","has-post-thumbnail","hentry"],"yoast_head":"<!-- This site is optimized with the Yoast SEO plugin v16.0.2 - https:\/\/yoast.com\/wordpress\/plugins\/seo\/ -->\n<meta property=\"og:locale\" content=\"en_US\" \/>\n<meta property=\"og:type\" content=\"article\" \/>\n<meta property=\"og:title\" content=\"Ter-te de volta tem outro encanto - Forum Coimbra\" \/>\n<meta property=\"og:description\" content=\"O FORUM COIMBRA est\u00e1 preparado para te receber com toda a seguran\u00e7a e em hor\u00e1rio normal e por isso quer dar-te a conhecer todas as medidas que adot\u00e1mos para garantir a tua seguran\u00e7a pois TER-TE DE VOLTA TEM OUTRO ENCANTO! Uso obrigat\u00f3rio de m\u00e1scara (ou viseira); Dispensadores de \u00e1lcool gel distribu\u00eddos por todo o Centro [&hellip;]\" \/>\n<meta property=\"og:url\" content=\"https:\/\/forumcoimbra.korcreatives.pt\/en\/events\/ter-te-de-volta-tem-outro-encanto\/\" \/>\n<meta property=\"og:site_name\" content=\"Forum Coimbra\" \/>\n<meta name=\"twitter:card\" content=\"summary_large_image\" \/>\n<meta name=\"twitter:label1\" content=\"Est. reading time\">\n\t<meta name=\"twitter:data1\" content=\"1 minute\">\n<script type=\"application\/ld+json\" class=\"yoast-schema-graph\">{\"@context\":\"https:\/\/schema.org\",\"@graph\":[{\"@type\":\"WebSite\",\"@id\":\"https:\/\/forumcoimbra.korcreatives.pt\/#website\",\"url\":\"https:\/\/forumcoimbra.korcreatives.pt\/\",\"name\":\"Forum Coimbra\",\"description\":\"\",\"potentialAction\":[{\"@type\":\"SearchAction\",\"target\":\"https:\/\/forumcoimbra.korcreatives.pt\/?s={search_term_string}\",\"query-input\":\"required name=search_term_string\"}],\"inLanguage\":\"en-US\"},{\"@type\":\"ImageObject\",\"@id\":\"https:\/\/forumcoimbra.korcreatives.pt\/en\/events\/ter-te-de-volta-tem-outro-encanto\/#primaryimage\",\"inLanguage\":\"en-US\",\"url\":\"https:\/\/forumcoimbra.korcreatives.pt\/wp-content\/uploads\/sites\/13\/events\/ter-tedevoltatemoutroencanto.png\",\"width\":960,\"height\":550},{\"@type\":\"WebPage\",\"@id\":\"https:\/\/forumcoimbra.korcreatives.pt\/en\/events\/ter-te-de-volta-tem-outro-encanto\/#webpage\",\"url\":\"https:\/\/forumcoimbra.korcreatives.pt\/en\/events\/ter-te-de-volta-tem-outro-encanto\/\",\"name\":\"Ter-te de volta tem outro encanto - Forum Coimbra\",\"isPartOf\":{\"@id\":\"https:\/\/forumcoimbra.korcreatives.pt\/#website\"},\"primaryImageOfPage\":{\"@id\":\"https:\/\/forumcoimbra.korcreatives.pt\/en\/events\/ter-te-de-volta-tem-outro-encanto\/#primaryimage\"},\"datePublished\":\"2020-06-04T01:01:01+00:00\",\"dateModified\":\"2020-06-04T01:01:01+00:00\",\"breadcrumb\":{\"@id\":\"https:\/\/forumcoimbra.korcreatives.pt\/en\/events\/ter-te-de-volta-tem-outro-encanto\/#breadcrumb\"},\"inLanguage\":\"en-US\",\"potentialAction\":[{\"@type\":\"ReadAction\",\"target\":[\"https:\/\/forumcoimbra.korcreatives.pt\/en\/events\/ter-te-de-volta-tem-outro-encanto\/\"]}]},{\"@type\":\"BreadcrumbList\",\"@id\":\"https:\/\/forumcoimbra.korcreatives.pt\/en\/events\/ter-te-de-volta-tem-outro-encanto\/#breadcrumb\",\"itemListElement\":[{\"@type\":\"ListItem\",\"position\":1,\"item\":{\"@type\":\"WebPage\",\"@id\":\"https:\/\/forumcoimbra.korcreatives.pt\/events\/\",\"url\":\"https:\/\/forumcoimbra.korcreatives.pt\/events\/\",\"name\":\"Events\"}},{\"@type\":\"ListItem\",\"position\":2,\"item\":{\"@type\":\"WebPage\",\"@id\":\"https:\/\/forumcoimbra.korcreatives.pt\/en\/events\/ter-te-de-volta-tem-outro-encanto\/\",\"url\":\"https:\/\/forumcoimbra.korcreatives.pt\/en\/events\/ter-te-de-volta-tem-outro-encanto\/\",\"name\":\"Ter-te de volta tem outro encanto\"}}]}]}<\/script>\n<!-- \/ Yoast SEO plugin. -->","_links":{"self":[{"href":"https:\/\/forumcoimbra.korcreatives.pt\/en\/wp-json\/wp\/v2\/events\/2249"}],"collection":[{"href":"https:\/\/forumcoimbra.korcreatives.pt\/en\/wp-json\/wp\/v2\/events"}],"about":[{"href":"https:\/\/forumcoimbra.korcreatives.pt\/en\/wp-json\/wp\/v2\/types\/events"}],"wp:featuredmedia":[{"embeddable":true,"href":"https:\/\/forumcoimbra.korcreatives.pt\/en\/wp-json\/wp\/v2\/media\/2172"}],"wp:attachment":[{"href":"https:\/\/forumcoimbra.korcreatives.pt\/en\/wp-json\/wp\/v2\/media?parent=2249"}],"curies":[{"name":"wp","href":"https:\/\/api.w.org\/{rel}","templated":true}]}}