{"id":2248,"date":"2019-11-21T01:01:01","date_gmt":"2019-11-21T01:01:01","guid":{"rendered":"http:\/\/www.forum-coimbra.com\/events\/forum-coimbra-pink-friday\/"},"modified":"2019-11-21T01:01:01","modified_gmt":"2019-11-21T01:01:01","slug":"forum-coimbra-pink-friday","status":"publish","type":"events","link":"https:\/\/forumcoimbra.korcreatives.pt\/en\/events\/forum-coimbra-pink-friday\/","title":{"rendered":"Forum Coimbra PINK FRIDAY"},"content":{"rendered":"<p> \tEste ano o Forum Coimbra prepara-se para receber a &#8220;sexta-feira negra&#8221; preferida do ano, com um convidado muito especial: um dos atores mais queridos da televis\u00e3o portuguesa <strong>Jos\u00e9 Fidalgo,<\/strong> passar\u00e1 pelo Forum Coimbra entre as 15h e as 19h, para distribuir sorrisos, aut\u00f3grafos ou, quem sabe, aquela selfie que h\u00e1 tanto tempo os f\u00e3s esperavam para tirar!&nbsp;<\/p>\n<p> \t&nbsp;<\/p>\n<p> \tO objetivo \u00e9 proporcionar aos visitantes uma experi\u00eancia \u00fanica e, por isso, haver\u00e1 muitas surpresas especialmente reservadas para este dia: desde uma incr\u00edvel &#8220;<strong>Glamour Carpet&#8221;<\/strong> onde podem tirar fotografias para o Instagram num cen\u00e1rio \u00fanico, criar os pr\u00f3prios gifs e receber ofertas como<strong> sacos de compras Forum Coimbra <\/strong>e<strong>&nbsp;&#8220;bath bombs&#8221;,<\/strong> ao conforto do &#8220;<strong>Relax Mood&#8221; <\/strong>apreciando uma massagem relaxante entre compras, at\u00e9 ao espa\u00e7o &#8220;<strong>Guilty Pleasures&#8221; <\/strong>degustando um brigadeiro e bebendo um cocktail ao final da tarde, a promessa \u00e9 uma: surpreender e cativar os visitantes.<\/p>\n<p> \t&nbsp;<\/p>\n<p> \tNesta &#8220;sexta-feira louca&#8221; dif\u00edcil ser\u00e1 recusar o convite do centro comercial para uma experi\u00eancia de compras absolutamente inesquec\u00edveis!<\/p>\n<p> \t&nbsp;<\/p>\n<p> \tIremos receber ainda neste dia a atua\u00e7\u00e3o do Col\u00e9gio da Rainha Santa Isabel, com gin\u00e1stica art\u00edstica, dan\u00e7a e m\u00fasica.<\/p>\n","protected":false},"featured_media":2168,"template":"","class_list":["post-2248","events","type-events","status-publish","has-post-thumbnail","hentry"],"yoast_head":"<!-- This site is optimized with the Yoast SEO plugin v16.0.2 - https:\/\/yoast.com\/wordpress\/plugins\/seo\/ -->\n<meta property=\"og:locale\" content=\"en_US\" \/>\n<meta property=\"og:type\" content=\"article\" \/>\n<meta property=\"og:title\" content=\"Forum Coimbra PINK FRIDAY - Forum Coimbra\" \/>\n<meta property=\"og:description\" content=\"Este ano o Forum Coimbra prepara-se para receber a &#8220;sexta-feira negra&#8221; preferida do ano, com um convidado muito especial: um dos atores mais queridos da televis\u00e3o portuguesa Jos\u00e9 Fidalgo, passar\u00e1 pelo Forum Coimbra entre as 15h e as 19h, para distribuir sorrisos, aut\u00f3grafos ou, quem sabe, aquela selfie que h\u00e1 tanto tempo os f\u00e3s esperavam [&hellip;]\" \/>\n<meta property=\"og:url\" content=\"https:\/\/forumcoimbra.korcreatives.pt\/en\/events\/forum-coimbra-pink-friday\/\" \/>\n<meta property=\"og:site_name\" content=\"Forum Coimbra\" \/>\n<meta name=\"twitter:card\" content=\"summary_large_image\" \/>\n<meta name=\"twitter:label1\" content=\"Est. reading time\">\n\t<meta name=\"twitter:data1\" content=\"1 minute\">\n<script type=\"application\/ld+json\" class=\"yoast-schema-graph\">{\"@context\":\"https:\/\/schema.org\",\"@graph\":[{\"@type\":\"WebSite\",\"@id\":\"https:\/\/forumcoimbra.korcreatives.pt\/#website\",\"url\":\"https:\/\/forumcoimbra.korcreatives.pt\/\",\"name\":\"Forum Coimbra\",\"description\":\"\",\"potentialAction\":[{\"@type\":\"SearchAction\",\"target\":\"https:\/\/forumcoimbra.korcreatives.pt\/?s={search_term_string}\",\"query-input\":\"required name=search_term_string\"}],\"inLanguage\":\"en-US\"},{\"@type\":\"ImageObject\",\"@id\":\"https:\/\/forumcoimbra.korcreatives.pt\/en\/events\/forum-coimbra-pink-friday\/#primaryimage\",\"inLanguage\":\"en-US\",\"url\":\"https:\/\/forumcoimbra.korcreatives.pt\/wp-content\/uploads\/sites\/13\/events\/forumcoimbrapinkfriday.png\",\"width\":960,\"height\":550},{\"@type\":\"WebPage\",\"@id\":\"https:\/\/forumcoimbra.korcreatives.pt\/en\/events\/forum-coimbra-pink-friday\/#webpage\",\"url\":\"https:\/\/forumcoimbra.korcreatives.pt\/en\/events\/forum-coimbra-pink-friday\/\",\"name\":\"Forum Coimbra PINK FRIDAY - Forum Coimbra\",\"isPartOf\":{\"@id\":\"https:\/\/forumcoimbra.korcreatives.pt\/#website\"},\"primaryImageOfPage\":{\"@id\":\"https:\/\/forumcoimbra.korcreatives.pt\/en\/events\/forum-coimbra-pink-friday\/#primaryimage\"},\"datePublished\":\"2019-11-21T01:01:01+00:00\",\"dateModified\":\"2019-11-21T01:01:01+00:00\",\"breadcrumb\":{\"@id\":\"https:\/\/forumcoimbra.korcreatives.pt\/en\/events\/forum-coimbra-pink-friday\/#breadcrumb\"},\"inLanguage\":\"en-US\",\"potentialAction\":[{\"@type\":\"ReadAction\",\"target\":[\"https:\/\/forumcoimbra.korcreatives.pt\/en\/events\/forum-coimbra-pink-friday\/\"]}]},{\"@type\":\"BreadcrumbList\",\"@id\":\"https:\/\/forumcoimbra.korcreatives.pt\/en\/events\/forum-coimbra-pink-friday\/#breadcrumb\",\"itemListElement\":[{\"@type\":\"ListItem\",\"position\":1,\"item\":{\"@type\":\"WebPage\",\"@id\":\"https:\/\/forumcoimbra.korcreatives.pt\/events\/\",\"url\":\"https:\/\/forumcoimbra.korcreatives.pt\/events\/\",\"name\":\"Events\"}},{\"@type\":\"ListItem\",\"position\":2,\"item\":{\"@type\":\"WebPage\",\"@id\":\"https:\/\/forumcoimbra.korcreatives.pt\/en\/events\/forum-coimbra-pink-friday\/\",\"url\":\"https:\/\/forumcoimbra.korcreatives.pt\/en\/events\/forum-coimbra-pink-friday\/\",\"name\":\"Forum Coimbra PINK FRIDAY\"}}]}]}<\/script>\n<!-- \/ Yoast SEO plugin. -->","_links":{"self":[{"href":"https:\/\/forumcoimbra.korcreatives.pt\/en\/wp-json\/wp\/v2\/events\/2248"}],"collection":[{"href":"https:\/\/forumcoimbra.korcreatives.pt\/en\/wp-json\/wp\/v2\/events"}],"about":[{"href":"https:\/\/forumcoimbra.korcreatives.pt\/en\/wp-json\/wp\/v2\/types\/events"}],"wp:featuredmedia":[{"embeddable":true,"href":"https:\/\/forumcoimbra.korcreatives.pt\/en\/wp-json\/wp\/v2\/media\/2168"}],"wp:attachment":[{"href":"https:\/\/forumcoimbra.korcreatives.pt\/en\/wp-json\/wp\/v2\/media?parent=2248"}],"curies":[{"name":"wp","href":"https:\/\/api.w.org\/{rel}","templated":true}]}}