{"id":2247,"date":"2019-11-18T01:01:01","date_gmt":"2019-11-18T01:01:01","guid":{"rendered":"http:\/\/www.forum-coimbra.com\/events\/forum-coimbra-campanha-de-natal\/"},"modified":"2019-11-18T01:01:01","modified_gmt":"2019-11-18T01:01:01","slug":"forum-coimbra-campanha-de-natal","status":"publish","type":"events","link":"https:\/\/forumcoimbra.korcreatives.pt\/en\/events\/forum-coimbra-campanha-de-natal\/","title":{"rendered":"Forum Coimbra Campanha de Natal"},"content":{"rendered":"<p> \tAt\u00e9 5 de janeiro o Forum Coimbra surpreender\u00e1 os visitantes com experi\u00eancias natal\u00edcias memor\u00e1veis.<\/p>\n<p> \tNa Pra\u00e7a \u00c1gua o espa\u00e7o de divers\u00e3o tem um Carrossel com Tren\u00f3s M\u00e1gicos que fazem a viagem \u00e0 volta do Mundo, um espa\u00e7o totalmente gratuito alargado a toda a fam\u00edlia.<\/p>\n<p> \tNa Pra\u00e7a Terra a Oficina dos Duendes, um espa\u00e7o Interativo onde os visitantes podem tirar fotos e integrar a \u00e1rvore digital, jogar e criar v\u00eddeos e possibilita aos visitantes ganharem um presente atrav\u00e9s da &#8220;Claw Machine&#8221;. Nesta mesma pra\u00e7a os mais pequenos podem tirar uma foto no Escrit\u00f3rio do Pai Natal e deixarem a sua carta com a lista de presentes.<\/p>\n<p> \tNos primeiros tr\u00eas fins-de-semana de dezembro, as paradas de natal com mascotes ir\u00e3o complementar toda esta anima\u00e7\u00e3o!<\/p>\n<p> \t&nbsp;<\/p>\n<p> \t<strong><u>ESCRIT\u00d3RIO DO PAI NATAL <\/u><\/strong><\/p>\n<p> \t<strong>9 Novembro a 24 de Dezembro<\/strong><\/p>\n<p> \t&nbsp;Nov&nbsp;<\/p>\n<p> \t\u2022&nbsp;&nbsp;&nbsp;2\u00aa a 6\u00aa \u2013 16h \u00e0s 20h<\/p>\n<p> \t\u2022&nbsp;&nbsp;&nbsp;S\u00e1bados e Domingos &#8211;&nbsp;&nbsp;Das 11h \u00e0s 13h30 \/ das 14h30 \u00e0s 21h&nbsp;<\/p>\n<p> \tDez<\/p>\n<p> \tAt\u00e9 17 de Dezembro&nbsp;<\/p>\n<p> \t\u2022&nbsp;&nbsp;&nbsp;2\u00aa a 6\u00aa &#8211;&nbsp;&nbsp;Das 11h \u00e0s 13h30&nbsp;\/ das 14h30 \u00e0s 20h<\/p>\n<p> \t\u2022&nbsp;&nbsp;&nbsp;S\u00e1bados e Domingos &#8211;&nbsp;&nbsp;Das 11h \u00e0s 13h30 \/ das 14h30 \u00e0s 21h&nbsp;<\/p>\n<p> \t&nbsp;<\/p>\n<p> \tDe 18 ( inicio das f\u00e9rias escolares) a 24 de Dezembro<\/p>\n<p> \t\u2022&nbsp;&nbsp;&nbsp;Todos os dias das 11h \u00e0s 13h30 \/ das 14h30 \u00e0s 21h<\/p>\n<p> \t\u2022&nbsp;&nbsp;&nbsp;24 Dez &nbsp;&#8211;&nbsp;Das 11h \u00e0s 13h30 \/ das 14h30 \u00e0s 18h<\/p>\n<p> \t&nbsp;<\/p>\n<p> \t<strong><u>CARROSSEL<\/u><\/strong><\/p>\n<p> \t<strong>9 Novembro a 5 Janeiro<\/strong><\/p>\n<p> \tNov<\/p>\n<p> \t\u2022&nbsp;&nbsp;&nbsp;2\u00aa a 5\u00aa &nbsp;&#8211;&nbsp;Das 16h \u00e0s 21h30<\/p>\n<p> \t\u2022&nbsp;&nbsp;&nbsp;6\u00aa &nbsp;&#8211;&nbsp;Das 16h \u00e0s 21h30<\/p>\n<p> \t\u2022&nbsp;&nbsp;&nbsp;S\u00e1bados e Domingos &#8211;&nbsp;&nbsp;Das 11h \u00e0s 13h30 \/ das 14h30 \u00e0s 18h\/ das 19h \u00e0s 21h30&nbsp;<\/p>\n","protected":false},"featured_media":2196,"template":"","class_list":["post-2247","events","type-events","status-publish","has-post-thumbnail","hentry"],"yoast_head":"<!-- This site is optimized with the Yoast SEO plugin v16.0.2 - https:\/\/yoast.com\/wordpress\/plugins\/seo\/ -->\n<meta property=\"og:locale\" content=\"en_US\" \/>\n<meta property=\"og:type\" content=\"article\" \/>\n<meta property=\"og:title\" content=\"Forum Coimbra Campanha de Natal - Forum Coimbra\" \/>\n<meta property=\"og:description\" content=\"At\u00e9 5 de janeiro o Forum Coimbra surpreender\u00e1 os visitantes com experi\u00eancias natal\u00edcias memor\u00e1veis. Na Pra\u00e7a \u00c1gua o espa\u00e7o de divers\u00e3o tem um Carrossel com Tren\u00f3s M\u00e1gicos que fazem a viagem \u00e0 volta do Mundo, um espa\u00e7o totalmente gratuito alargado a toda a fam\u00edlia. Na Pra\u00e7a Terra a Oficina dos Duendes, um espa\u00e7o Interativo onde [&hellip;]\" \/>\n<meta property=\"og:url\" content=\"https:\/\/forumcoimbra.korcreatives.pt\/en\/events\/forum-coimbra-campanha-de-natal\/\" \/>\n<meta property=\"og:site_name\" content=\"Forum Coimbra\" \/>\n<meta name=\"twitter:card\" content=\"summary_large_image\" \/>\n<meta name=\"twitter:label1\" content=\"Est. reading time\">\n\t<meta name=\"twitter:data1\" content=\"2 minutes\">\n<script type=\"application\/ld+json\" class=\"yoast-schema-graph\">{\"@context\":\"https:\/\/schema.org\",\"@graph\":[{\"@type\":\"WebSite\",\"@id\":\"https:\/\/forumcoimbra.korcreatives.pt\/#website\",\"url\":\"https:\/\/forumcoimbra.korcreatives.pt\/\",\"name\":\"Forum Coimbra\",\"description\":\"\",\"potentialAction\":[{\"@type\":\"SearchAction\",\"target\":\"https:\/\/forumcoimbra.korcreatives.pt\/?s={search_term_string}\",\"query-input\":\"required name=search_term_string\"}],\"inLanguage\":\"en-US\"},{\"@type\":\"ImageObject\",\"@id\":\"https:\/\/forumcoimbra.korcreatives.pt\/en\/events\/forum-coimbra-campanha-de-natal\/#primaryimage\",\"inLanguage\":\"en-US\",\"url\":\"https:\/\/forumcoimbra.korcreatives.pt\/wp-content\/uploads\/sites\/13\/events\/forumcoimbracampanhadenatal.png\",\"width\":960,\"height\":550},{\"@type\":\"WebPage\",\"@id\":\"https:\/\/forumcoimbra.korcreatives.pt\/en\/events\/forum-coimbra-campanha-de-natal\/#webpage\",\"url\":\"https:\/\/forumcoimbra.korcreatives.pt\/en\/events\/forum-coimbra-campanha-de-natal\/\",\"name\":\"Forum Coimbra Campanha de Natal - Forum Coimbra\",\"isPartOf\":{\"@id\":\"https:\/\/forumcoimbra.korcreatives.pt\/#website\"},\"primaryImageOfPage\":{\"@id\":\"https:\/\/forumcoimbra.korcreatives.pt\/en\/events\/forum-coimbra-campanha-de-natal\/#primaryimage\"},\"datePublished\":\"2019-11-18T01:01:01+00:00\",\"dateModified\":\"2019-11-18T01:01:01+00:00\",\"breadcrumb\":{\"@id\":\"https:\/\/forumcoimbra.korcreatives.pt\/en\/events\/forum-coimbra-campanha-de-natal\/#breadcrumb\"},\"inLanguage\":\"en-US\",\"potentialAction\":[{\"@type\":\"ReadAction\",\"target\":[\"https:\/\/forumcoimbra.korcreatives.pt\/en\/events\/forum-coimbra-campanha-de-natal\/\"]}]},{\"@type\":\"BreadcrumbList\",\"@id\":\"https:\/\/forumcoimbra.korcreatives.pt\/en\/events\/forum-coimbra-campanha-de-natal\/#breadcrumb\",\"itemListElement\":[{\"@type\":\"ListItem\",\"position\":1,\"item\":{\"@type\":\"WebPage\",\"@id\":\"https:\/\/forumcoimbra.korcreatives.pt\/events\/\",\"url\":\"https:\/\/forumcoimbra.korcreatives.pt\/events\/\",\"name\":\"Events\"}},{\"@type\":\"ListItem\",\"position\":2,\"item\":{\"@type\":\"WebPage\",\"@id\":\"https:\/\/forumcoimbra.korcreatives.pt\/en\/events\/forum-coimbra-campanha-de-natal\/\",\"url\":\"https:\/\/forumcoimbra.korcreatives.pt\/en\/events\/forum-coimbra-campanha-de-natal\/\",\"name\":\"Forum Coimbra Campanha de Natal\"}}]}]}<\/script>\n<!-- \/ Yoast SEO plugin. -->","_links":{"self":[{"href":"https:\/\/forumcoimbra.korcreatives.pt\/en\/wp-json\/wp\/v2\/events\/2247"}],"collection":[{"href":"https:\/\/forumcoimbra.korcreatives.pt\/en\/wp-json\/wp\/v2\/events"}],"about":[{"href":"https:\/\/forumcoimbra.korcreatives.pt\/en\/wp-json\/wp\/v2\/types\/events"}],"wp:featuredmedia":[{"embeddable":true,"href":"https:\/\/forumcoimbra.korcreatives.pt\/en\/wp-json\/wp\/v2\/media\/2196"}],"wp:attachment":[{"href":"https:\/\/forumcoimbra.korcreatives.pt\/en\/wp-json\/wp\/v2\/media?parent=2247"}],"curies":[{"name":"wp","href":"https:\/\/api.w.org\/{rel}","templated":true}]}}