{"id":2246,"date":"2019-11-04T01:01:01","date_gmt":"2019-11-04T01:01:01","guid":{"rendered":"http:\/\/www.forum-coimbra.com\/events\/forum-coimbra-chegada-do-pai-natal\/"},"modified":"2019-11-04T01:01:01","modified_gmt":"2019-11-04T01:01:01","slug":"forum-coimbra-chegada-do-pai-natal","status":"publish","type":"events","link":"https:\/\/forumcoimbra.korcreatives.pt\/en\/events\/forum-coimbra-chegada-do-pai-natal\/","title":{"rendered":"Forum Coimbra Chegada do Pai Natal"},"content":{"rendered":"<p> \tUm dos momentos mais especiais para os mais novos e para as fam\u00edlias e, por isso mesmo, a chegada do velhinho com barbas longas e brancas est\u00e1 marcada para <strong>9 de Novembro<\/strong>, num momento que contar\u00e1 com a presen\u00e7a da apresentadora <strong>Carolina Patroc\u00ednio<\/strong> como anfitri\u00e3.<\/p>\n<p> \t&nbsp;<\/p>\n<p> \t\u00c9 por volta das <strong>17h00<\/strong>, na <strong>Pra\u00e7a Terra<\/strong>, que a chegada do Pai Natal tem in\u00edcio. Este ano, ser\u00e1 em formato de cortejo e contar\u00e1 com uma <strong>parada de mascotes, soldadinhos de chumbo e brinquedos <\/strong>acompanhados da apresentadora<strong> Carolina Patrocinio <\/strong>que ser\u00e1 o bra\u00e7o direito do Pai Natal. Estes ir\u00e3o percorrer o <em>shopping<\/em> convidando os mais novos a conhecer todas as divers\u00f5es dispon\u00edveis no centro comercial.<\/p>\n<p> \t&nbsp;<\/p>\n<p> \tAt\u00e9 \u00e0 <strong>primeira semana de Janeiro<\/strong>, a Pra\u00e7a \u00c1gua, transforma-se no <strong>Mundo M\u00e1gico dos Brinquedos<\/strong>, um espa\u00e7o que contar\u00e1 com v\u00e1rias atividades e v\u00e1rias surpresas preparadas pelo <em>shopping<\/em>.<\/p>\n<p> \t&nbsp;<\/p>\n<p> \tComo \u00e9 habitual, n\u00e3o s\u00f3 neste dia mas at\u00e9 Janeiro de 2020, todas as crian\u00e7as poder\u00e3o levantar gratuitamente a 13\u00aa Edi\u00e7\u00e3o do Livro do Gui, que este ano conta com uma nova mensagem solid\u00e1ria e especial.<\/p>\n<p> \t&nbsp;<\/p>\n<p> \t<strong>No Forum Coimbra, o Natal tem outro encanto!&nbsp;<\/strong><\/p>\n","protected":false},"featured_media":2160,"template":"","class_list":["post-2246","events","type-events","status-publish","has-post-thumbnail","hentry"],"yoast_head":"<!-- This site is optimized with the Yoast SEO plugin v16.0.2 - https:\/\/yoast.com\/wordpress\/plugins\/seo\/ -->\n<meta property=\"og:locale\" content=\"en_US\" \/>\n<meta property=\"og:type\" content=\"article\" \/>\n<meta property=\"og:title\" content=\"Forum Coimbra Chegada do Pai Natal - Forum Coimbra\" \/>\n<meta property=\"og:description\" content=\"Um dos momentos mais especiais para os mais novos e para as fam\u00edlias e, por isso mesmo, a chegada do velhinho com barbas longas e brancas est\u00e1 marcada para 9 de Novembro, num momento que contar\u00e1 com a presen\u00e7a da apresentadora Carolina Patroc\u00ednio como anfitri\u00e3. &nbsp; \u00c9 por volta das 17h00, na Pra\u00e7a Terra, que [&hellip;]\" \/>\n<meta property=\"og:url\" content=\"https:\/\/forumcoimbra.korcreatives.pt\/en\/events\/forum-coimbra-chegada-do-pai-natal\/\" \/>\n<meta property=\"og:site_name\" content=\"Forum Coimbra\" \/>\n<meta name=\"twitter:card\" content=\"summary_large_image\" \/>\n<meta name=\"twitter:label1\" content=\"Est. reading time\">\n\t<meta name=\"twitter:data1\" content=\"1 minute\">\n<script type=\"application\/ld+json\" class=\"yoast-schema-graph\">{\"@context\":\"https:\/\/schema.org\",\"@graph\":[{\"@type\":\"WebSite\",\"@id\":\"https:\/\/forumcoimbra.korcreatives.pt\/#website\",\"url\":\"https:\/\/forumcoimbra.korcreatives.pt\/\",\"name\":\"Forum Coimbra\",\"description\":\"\",\"potentialAction\":[{\"@type\":\"SearchAction\",\"target\":\"https:\/\/forumcoimbra.korcreatives.pt\/?s={search_term_string}\",\"query-input\":\"required name=search_term_string\"}],\"inLanguage\":\"en-US\"},{\"@type\":\"ImageObject\",\"@id\":\"https:\/\/forumcoimbra.korcreatives.pt\/en\/events\/forum-coimbra-chegada-do-pai-natal\/#primaryimage\",\"inLanguage\":\"en-US\",\"url\":\"https:\/\/forumcoimbra.korcreatives.pt\/wp-content\/uploads\/sites\/13\/events\/forumcoimbrachegadadopainatal.png\",\"width\":960,\"height\":550},{\"@type\":\"WebPage\",\"@id\":\"https:\/\/forumcoimbra.korcreatives.pt\/en\/events\/forum-coimbra-chegada-do-pai-natal\/#webpage\",\"url\":\"https:\/\/forumcoimbra.korcreatives.pt\/en\/events\/forum-coimbra-chegada-do-pai-natal\/\",\"name\":\"Forum Coimbra Chegada do Pai Natal - Forum Coimbra\",\"isPartOf\":{\"@id\":\"https:\/\/forumcoimbra.korcreatives.pt\/#website\"},\"primaryImageOfPage\":{\"@id\":\"https:\/\/forumcoimbra.korcreatives.pt\/en\/events\/forum-coimbra-chegada-do-pai-natal\/#primaryimage\"},\"datePublished\":\"2019-11-04T01:01:01+00:00\",\"dateModified\":\"2019-11-04T01:01:01+00:00\",\"breadcrumb\":{\"@id\":\"https:\/\/forumcoimbra.korcreatives.pt\/en\/events\/forum-coimbra-chegada-do-pai-natal\/#breadcrumb\"},\"inLanguage\":\"en-US\",\"potentialAction\":[{\"@type\":\"ReadAction\",\"target\":[\"https:\/\/forumcoimbra.korcreatives.pt\/en\/events\/forum-coimbra-chegada-do-pai-natal\/\"]}]},{\"@type\":\"BreadcrumbList\",\"@id\":\"https:\/\/forumcoimbra.korcreatives.pt\/en\/events\/forum-coimbra-chegada-do-pai-natal\/#breadcrumb\",\"itemListElement\":[{\"@type\":\"ListItem\",\"position\":1,\"item\":{\"@type\":\"WebPage\",\"@id\":\"https:\/\/forumcoimbra.korcreatives.pt\/events\/\",\"url\":\"https:\/\/forumcoimbra.korcreatives.pt\/events\/\",\"name\":\"Events\"}},{\"@type\":\"ListItem\",\"position\":2,\"item\":{\"@type\":\"WebPage\",\"@id\":\"https:\/\/forumcoimbra.korcreatives.pt\/en\/events\/forum-coimbra-chegada-do-pai-natal\/\",\"url\":\"https:\/\/forumcoimbra.korcreatives.pt\/en\/events\/forum-coimbra-chegada-do-pai-natal\/\",\"name\":\"Forum Coimbra Chegada do Pai Natal\"}}]}]}<\/script>\n<!-- \/ Yoast SEO plugin. -->","_links":{"self":[{"href":"https:\/\/forumcoimbra.korcreatives.pt\/en\/wp-json\/wp\/v2\/events\/2246"}],"collection":[{"href":"https:\/\/forumcoimbra.korcreatives.pt\/en\/wp-json\/wp\/v2\/events"}],"about":[{"href":"https:\/\/forumcoimbra.korcreatives.pt\/en\/wp-json\/wp\/v2\/types\/events"}],"wp:featuredmedia":[{"embeddable":true,"href":"https:\/\/forumcoimbra.korcreatives.pt\/en\/wp-json\/wp\/v2\/media\/2160"}],"wp:attachment":[{"href":"https:\/\/forumcoimbra.korcreatives.pt\/en\/wp-json\/wp\/v2\/media?parent=2246"}],"curies":[{"name":"wp","href":"https:\/\/api.w.org\/{rel}","templated":true}]}}