{"id":2245,"date":"2019-09-12T01:01:01","date_gmt":"2019-09-12T01:01:01","guid":{"rendered":"http:\/\/www.forum-coimbra.com\/events\/forum-coimbra-fashion-with-a-view\/"},"modified":"2019-09-12T01:01:01","modified_gmt":"2019-09-12T01:01:01","slug":"forum-coimbra-fashion-with-a-view","status":"publish","type":"events","link":"https:\/\/forumcoimbra.korcreatives.pt\/en\/events\/forum-coimbra-fashion-with-a-view\/","title":{"rendered":"Forum Coimbra FASHION WITH A VIEW"},"content":{"rendered":"<p align=\"center\"> \t<strong><em>FORUM COIMBRA FASHION WITH A VIEW:<\/em><\/strong><strong> DESFILE PROMETE EXPERI\u00caNCIA E &#8220;VISTA&#8221; \u00daNICA<\/strong><\/p>\n<p style=\"margin-left:35.7pt;\"> \t&nbsp;<\/p>\n<p> \tO <strong>Forum Coimbra&nbsp;<\/strong>prepara-se novamente para receber um evento de moda muito especial e que ir\u00e1 surpreender todos os visitantes. <strong>Forum Coimbra<\/strong> <strong>Fashion with a View<\/strong> d\u00e1 nome ao evento que ir\u00e1 receber na <em>passerelle<\/em> <strong>Gon\u00e7alo Teixeira, Ruben Rua, Jani Gabriel, Isabela Valadeiro,<\/strong><strong>&nbsp;Iva Lamar\u00e3o e D\u00e9bora Monteiro<\/strong>. O desfile <strong>gratuito <\/strong>e aberto ao p\u00fablico acontece no dia <strong>20 de setembro<\/strong> \u00e0s <strong>21h30<\/strong>.<\/p>\n<p> \tO convite \u00e9 para que os visitantes desfrutem de uma noite rodeada de moda, que contar\u00e1 com a participa\u00e7\u00e3o de mais de <strong>40 lojas<\/strong> para a apresenta\u00e7\u00e3o das cole\u00e7\u00f5es de Outono\/Interno. O desfile ir\u00e1 acontecer no <strong>Jardim Exterior<\/strong> do centro, o que torna o cen\u00e1rio ainda mais especial. A vista \u00edmpar para a cidade de Coimbra permite aos visitantes um momento \u00fanico acompanhado ainda de um DJ durante todo o desfile.<\/p>\n","protected":false},"featured_media":2156,"template":"","class_list":["post-2245","events","type-events","status-publish","has-post-thumbnail","hentry"],"yoast_head":"<!-- This site is optimized with the Yoast SEO plugin v16.0.2 - https:\/\/yoast.com\/wordpress\/plugins\/seo\/ -->\n<meta property=\"og:locale\" content=\"en_US\" \/>\n<meta property=\"og:type\" content=\"article\" \/>\n<meta property=\"og:title\" content=\"Forum Coimbra FASHION WITH A VIEW - Forum Coimbra\" \/>\n<meta property=\"og:description\" content=\"FORUM COIMBRA FASHION WITH A VIEW: DESFILE PROMETE EXPERI\u00caNCIA E &#8220;VISTA&#8221; \u00daNICA &nbsp; O Forum Coimbra&nbsp;prepara-se novamente para receber um evento de moda muito especial e que ir\u00e1 surpreender todos os visitantes. Forum Coimbra Fashion with a View d\u00e1 nome ao evento que ir\u00e1 receber na passerelle Gon\u00e7alo Teixeira, Ruben Rua, Jani Gabriel, Isabela Valadeiro,&nbsp;Iva [&hellip;]\" \/>\n<meta property=\"og:url\" content=\"https:\/\/forumcoimbra.korcreatives.pt\/en\/events\/forum-coimbra-fashion-with-a-view\/\" \/>\n<meta property=\"og:site_name\" content=\"Forum Coimbra\" \/>\n<meta name=\"twitter:card\" content=\"summary_large_image\" \/>\n<meta name=\"twitter:label1\" content=\"Est. reading time\">\n\t<meta name=\"twitter:data1\" content=\"1 minute\">\n<script type=\"application\/ld+json\" class=\"yoast-schema-graph\">{\"@context\":\"https:\/\/schema.org\",\"@graph\":[{\"@type\":\"WebSite\",\"@id\":\"https:\/\/forumcoimbra.korcreatives.pt\/#website\",\"url\":\"https:\/\/forumcoimbra.korcreatives.pt\/\",\"name\":\"Forum Coimbra\",\"description\":\"\",\"potentialAction\":[{\"@type\":\"SearchAction\",\"target\":\"https:\/\/forumcoimbra.korcreatives.pt\/?s={search_term_string}\",\"query-input\":\"required name=search_term_string\"}],\"inLanguage\":\"en-US\"},{\"@type\":\"ImageObject\",\"@id\":\"https:\/\/forumcoimbra.korcreatives.pt\/en\/events\/forum-coimbra-fashion-with-a-view\/#primaryimage\",\"inLanguage\":\"en-US\",\"url\":\"https:\/\/forumcoimbra.korcreatives.pt\/wp-content\/uploads\/sites\/13\/events\/forumcoimbrafashionwithaview.jpg\",\"width\":960,\"height\":550},{\"@type\":\"WebPage\",\"@id\":\"https:\/\/forumcoimbra.korcreatives.pt\/en\/events\/forum-coimbra-fashion-with-a-view\/#webpage\",\"url\":\"https:\/\/forumcoimbra.korcreatives.pt\/en\/events\/forum-coimbra-fashion-with-a-view\/\",\"name\":\"Forum Coimbra FASHION WITH A VIEW - Forum Coimbra\",\"isPartOf\":{\"@id\":\"https:\/\/forumcoimbra.korcreatives.pt\/#website\"},\"primaryImageOfPage\":{\"@id\":\"https:\/\/forumcoimbra.korcreatives.pt\/en\/events\/forum-coimbra-fashion-with-a-view\/#primaryimage\"},\"datePublished\":\"2019-09-12T01:01:01+00:00\",\"dateModified\":\"2019-09-12T01:01:01+00:00\",\"breadcrumb\":{\"@id\":\"https:\/\/forumcoimbra.korcreatives.pt\/en\/events\/forum-coimbra-fashion-with-a-view\/#breadcrumb\"},\"inLanguage\":\"en-US\",\"potentialAction\":[{\"@type\":\"ReadAction\",\"target\":[\"https:\/\/forumcoimbra.korcreatives.pt\/en\/events\/forum-coimbra-fashion-with-a-view\/\"]}]},{\"@type\":\"BreadcrumbList\",\"@id\":\"https:\/\/forumcoimbra.korcreatives.pt\/en\/events\/forum-coimbra-fashion-with-a-view\/#breadcrumb\",\"itemListElement\":[{\"@type\":\"ListItem\",\"position\":1,\"item\":{\"@type\":\"WebPage\",\"@id\":\"https:\/\/forumcoimbra.korcreatives.pt\/events\/\",\"url\":\"https:\/\/forumcoimbra.korcreatives.pt\/events\/\",\"name\":\"Events\"}},{\"@type\":\"ListItem\",\"position\":2,\"item\":{\"@type\":\"WebPage\",\"@id\":\"https:\/\/forumcoimbra.korcreatives.pt\/en\/events\/forum-coimbra-fashion-with-a-view\/\",\"url\":\"https:\/\/forumcoimbra.korcreatives.pt\/en\/events\/forum-coimbra-fashion-with-a-view\/\",\"name\":\"Forum Coimbra FASHION WITH A VIEW\"}}]}]}<\/script>\n<!-- \/ Yoast SEO plugin. -->","_links":{"self":[{"href":"https:\/\/forumcoimbra.korcreatives.pt\/en\/wp-json\/wp\/v2\/events\/2245"}],"collection":[{"href":"https:\/\/forumcoimbra.korcreatives.pt\/en\/wp-json\/wp\/v2\/events"}],"about":[{"href":"https:\/\/forumcoimbra.korcreatives.pt\/en\/wp-json\/wp\/v2\/types\/events"}],"wp:featuredmedia":[{"embeddable":true,"href":"https:\/\/forumcoimbra.korcreatives.pt\/en\/wp-json\/wp\/v2\/media\/2156"}],"wp:attachment":[{"href":"https:\/\/forumcoimbra.korcreatives.pt\/en\/wp-json\/wp\/v2\/media?parent=2245"}],"curies":[{"name":"wp","href":"https:\/\/api.w.org\/{rel}","templated":true}]}}