{"id":2244,"date":"2019-08-22T01:01:01","date_gmt":"2019-08-22T01:01:01","guid":{"rendered":"http:\/\/www.forum-coimbra.com\/events\/forum-coimbra-stand-up-fest\/"},"modified":"2019-08-22T01:01:01","modified_gmt":"2019-08-22T01:01:01","slug":"forum-coimbra-stand-up-fest","status":"publish","type":"events","link":"https:\/\/forumcoimbra.korcreatives.pt\/en\/events\/forum-coimbra-stand-up-fest\/","title":{"rendered":"Forum Coimbra Stand Up Fest"},"content":{"rendered":"<div> \tPela primeira vez em Coimbra, estes dois artistas v\u00e3o tamb\u00e9m estrear um palco muito especial: os espect\u00e1culos de stand up ter\u00e3o lugar no Jardim do Forum Coimbra \u2013 com uma vista \u00edmpar para a cidade dos estudantes. A 28 de agosto, Herman Jos\u00e9, considerado um dos mais importantes nomes do humor em Portugal, promete recuperar quase 50 anos da sua carreira e proporcionar gargalhadas que ir\u00e3o ecoar por todo o jardim. No dia seguinte, Francisco Menezes trar\u00e1 consigo o par perfeito: m\u00fasica e com\u00e9dia, de forma a interagir de forma divertida e din\u00e2mica com todos os espectadores.<\/div>\n<div> \t&nbsp;<\/div>\n<div> \t&nbsp;<\/div>\n<div> \t&nbsp;<\/div>\n<div> \tAs sess\u00f5es s\u00e3o de entrada gratuita, sem necessidade de levantamento pr\u00e9vio de bilhetes, e convidam-no usufruir de duas noites quentes e ver\u00e3o, tendo como pano de fundo as luzes e encanto da cidade de Coimbra. Contamos consigo!<\/div>\n","protected":false},"featured_media":2152,"template":"","class_list":["post-2244","events","type-events","status-publish","has-post-thumbnail","hentry"],"yoast_head":"<!-- This site is optimized with the Yoast SEO plugin v16.0.2 - https:\/\/yoast.com\/wordpress\/plugins\/seo\/ -->\n<meta property=\"og:locale\" content=\"en_US\" \/>\n<meta property=\"og:type\" content=\"article\" \/>\n<meta property=\"og:title\" content=\"Forum Coimbra Stand Up Fest - Forum Coimbra\" \/>\n<meta property=\"og:description\" content=\"Pela primeira vez em Coimbra, estes dois artistas v\u00e3o tamb\u00e9m estrear um palco muito especial: os espect\u00e1culos de stand up ter\u00e3o lugar no Jardim do Forum Coimbra \u2013 com uma vista \u00edmpar para a cidade dos estudantes. A 28 de agosto, Herman Jos\u00e9, considerado um dos mais importantes nomes do humor em Portugal, promete recuperar [&hellip;]\" \/>\n<meta property=\"og:url\" content=\"https:\/\/forumcoimbra.korcreatives.pt\/en\/events\/forum-coimbra-stand-up-fest\/\" \/>\n<meta property=\"og:site_name\" content=\"Forum Coimbra\" \/>\n<meta name=\"twitter:card\" content=\"summary_large_image\" \/>\n<meta name=\"twitter:label1\" content=\"Est. reading time\">\n\t<meta name=\"twitter:data1\" content=\"1 minute\">\n<script type=\"application\/ld+json\" class=\"yoast-schema-graph\">{\"@context\":\"https:\/\/schema.org\",\"@graph\":[{\"@type\":\"WebSite\",\"@id\":\"https:\/\/forumcoimbra.korcreatives.pt\/#website\",\"url\":\"https:\/\/forumcoimbra.korcreatives.pt\/\",\"name\":\"Forum Coimbra\",\"description\":\"\",\"potentialAction\":[{\"@type\":\"SearchAction\",\"target\":\"https:\/\/forumcoimbra.korcreatives.pt\/?s={search_term_string}\",\"query-input\":\"required name=search_term_string\"}],\"inLanguage\":\"en-US\"},{\"@type\":\"ImageObject\",\"@id\":\"https:\/\/forumcoimbra.korcreatives.pt\/en\/events\/forum-coimbra-stand-up-fest\/#primaryimage\",\"inLanguage\":\"en-US\",\"url\":\"https:\/\/forumcoimbra.korcreatives.pt\/wp-content\/uploads\/sites\/13\/events\/forumcoimbrastandupfest.png\",\"width\":960,\"height\":550},{\"@type\":\"WebPage\",\"@id\":\"https:\/\/forumcoimbra.korcreatives.pt\/en\/events\/forum-coimbra-stand-up-fest\/#webpage\",\"url\":\"https:\/\/forumcoimbra.korcreatives.pt\/en\/events\/forum-coimbra-stand-up-fest\/\",\"name\":\"Forum Coimbra Stand Up Fest - Forum Coimbra\",\"isPartOf\":{\"@id\":\"https:\/\/forumcoimbra.korcreatives.pt\/#website\"},\"primaryImageOfPage\":{\"@id\":\"https:\/\/forumcoimbra.korcreatives.pt\/en\/events\/forum-coimbra-stand-up-fest\/#primaryimage\"},\"datePublished\":\"2019-08-22T01:01:01+00:00\",\"dateModified\":\"2019-08-22T01:01:01+00:00\",\"breadcrumb\":{\"@id\":\"https:\/\/forumcoimbra.korcreatives.pt\/en\/events\/forum-coimbra-stand-up-fest\/#breadcrumb\"},\"inLanguage\":\"en-US\",\"potentialAction\":[{\"@type\":\"ReadAction\",\"target\":[\"https:\/\/forumcoimbra.korcreatives.pt\/en\/events\/forum-coimbra-stand-up-fest\/\"]}]},{\"@type\":\"BreadcrumbList\",\"@id\":\"https:\/\/forumcoimbra.korcreatives.pt\/en\/events\/forum-coimbra-stand-up-fest\/#breadcrumb\",\"itemListElement\":[{\"@type\":\"ListItem\",\"position\":1,\"item\":{\"@type\":\"WebPage\",\"@id\":\"https:\/\/forumcoimbra.korcreatives.pt\/events\/\",\"url\":\"https:\/\/forumcoimbra.korcreatives.pt\/events\/\",\"name\":\"Events\"}},{\"@type\":\"ListItem\",\"position\":2,\"item\":{\"@type\":\"WebPage\",\"@id\":\"https:\/\/forumcoimbra.korcreatives.pt\/en\/events\/forum-coimbra-stand-up-fest\/\",\"url\":\"https:\/\/forumcoimbra.korcreatives.pt\/en\/events\/forum-coimbra-stand-up-fest\/\",\"name\":\"Forum Coimbra Stand Up Fest\"}}]}]}<\/script>\n<!-- \/ Yoast SEO plugin. -->","_links":{"self":[{"href":"https:\/\/forumcoimbra.korcreatives.pt\/en\/wp-json\/wp\/v2\/events\/2244"}],"collection":[{"href":"https:\/\/forumcoimbra.korcreatives.pt\/en\/wp-json\/wp\/v2\/events"}],"about":[{"href":"https:\/\/forumcoimbra.korcreatives.pt\/en\/wp-json\/wp\/v2\/types\/events"}],"wp:featuredmedia":[{"embeddable":true,"href":"https:\/\/forumcoimbra.korcreatives.pt\/en\/wp-json\/wp\/v2\/media\/2152"}],"wp:attachment":[{"href":"https:\/\/forumcoimbra.korcreatives.pt\/en\/wp-json\/wp\/v2\/media?parent=2244"}],"curies":[{"name":"wp","href":"https:\/\/api.w.org\/{rel}","templated":true}]}}