{"id":2243,"date":"2019-05-03T01:01:01","date_gmt":"2019-05-03T01:01:01","guid":{"rendered":"http:\/\/www.forum-coimbra.com\/events\/queima-connos-4\/"},"modified":"2019-05-03T01:01:01","modified_gmt":"2019-05-03T01:01:01","slug":"queima-connos-4","status":"publish","type":"events","link":"https:\/\/forumcoimbra.korcreatives.pt\/en\/events\/queima-connos-4\/","title":{"rendered":"Queima Connosco"},"content":{"rendered":"<p> \tDe 3 a 10 de maio, as ruas de Coimbra revivem a tradi\u00e7\u00e3o acad\u00e9mica mais antiga do pa\u00eds, repleta de m\u00fasica, festejos e boa disposi\u00e7\u00e3o. <strong>Neste derradeiro trajeto da viv\u00eancia conimbricense, o Forum Coimbra<\/strong> junta-se \u00e0 celebra\u00e7\u00e3o dentro e fora do recinto para <strong>oferecer pr\u00e9mios fant\u00e1sticos todos os dias<\/strong>.<\/p>\n<p> \tDurante os dias da Queima, todos os que escolherem o Forum Coimbra para jantar est\u00e3o automaticamente habilitados a ganhar bilhetes para esta grande festa. Diariamente o centro ir\u00e1 <strong>oferecer 30 bilhetes pontuais aos primeiros que apresentarem, no balc\u00e3o de informa\u00e7\u00f5es<\/strong>, a partir das 19h30, um tal\u00e3o de refei\u00e7\u00e3o no valor igual ou superior a 6\u20ac.<\/p>\n","protected":false},"featured_media":2148,"template":"","class_list":["post-2243","events","type-events","status-publish","has-post-thumbnail","hentry"],"yoast_head":"<!-- This site is optimized with the Yoast SEO plugin v16.0.2 - https:\/\/yoast.com\/wordpress\/plugins\/seo\/ -->\n<meta property=\"og:locale\" content=\"en_US\" \/>\n<meta property=\"og:type\" content=\"article\" \/>\n<meta property=\"og:title\" content=\"Queima Connosco - Forum Coimbra\" \/>\n<meta property=\"og:description\" content=\"De 3 a 10 de maio, as ruas de Coimbra revivem a tradi\u00e7\u00e3o acad\u00e9mica mais antiga do pa\u00eds, repleta de m\u00fasica, festejos e boa disposi\u00e7\u00e3o. Neste derradeiro trajeto da viv\u00eancia conimbricense, o Forum Coimbra junta-se \u00e0 celebra\u00e7\u00e3o dentro e fora do recinto para oferecer pr\u00e9mios fant\u00e1sticos todos os dias. Durante os dias da Queima, todos [&hellip;]\" \/>\n<meta property=\"og:url\" content=\"https:\/\/forumcoimbra.korcreatives.pt\/en\/events\/queima-connos-4\/\" \/>\n<meta property=\"og:site_name\" content=\"Forum Coimbra\" \/>\n<meta name=\"twitter:card\" content=\"summary_large_image\" \/>\n<meta name=\"twitter:label1\" content=\"Est. reading time\">\n\t<meta name=\"twitter:data1\" content=\"1 minute\">\n<script type=\"application\/ld+json\" class=\"yoast-schema-graph\">{\"@context\":\"https:\/\/schema.org\",\"@graph\":[{\"@type\":\"WebSite\",\"@id\":\"https:\/\/forumcoimbra.korcreatives.pt\/#website\",\"url\":\"https:\/\/forumcoimbra.korcreatives.pt\/\",\"name\":\"Forum Coimbra\",\"description\":\"\",\"potentialAction\":[{\"@type\":\"SearchAction\",\"target\":\"https:\/\/forumcoimbra.korcreatives.pt\/?s={search_term_string}\",\"query-input\":\"required name=search_term_string\"}],\"inLanguage\":\"en-US\"},{\"@type\":\"ImageObject\",\"@id\":\"https:\/\/forumcoimbra.korcreatives.pt\/en\/events\/queima-connos-4\/#primaryimage\",\"inLanguage\":\"en-US\",\"url\":\"https:\/\/forumcoimbra.korcreatives.pt\/wp-content\/uploads\/sites\/13\/events\/queimaconnosco.png\",\"width\":960,\"height\":550},{\"@type\":\"WebPage\",\"@id\":\"https:\/\/forumcoimbra.korcreatives.pt\/en\/events\/queima-connos-4\/#webpage\",\"url\":\"https:\/\/forumcoimbra.korcreatives.pt\/en\/events\/queima-connos-4\/\",\"name\":\"Queima Connosco - Forum Coimbra\",\"isPartOf\":{\"@id\":\"https:\/\/forumcoimbra.korcreatives.pt\/#website\"},\"primaryImageOfPage\":{\"@id\":\"https:\/\/forumcoimbra.korcreatives.pt\/en\/events\/queima-connos-4\/#primaryimage\"},\"datePublished\":\"2019-05-03T01:01:01+00:00\",\"dateModified\":\"2019-05-03T01:01:01+00:00\",\"breadcrumb\":{\"@id\":\"https:\/\/forumcoimbra.korcreatives.pt\/en\/events\/queima-connos-4\/#breadcrumb\"},\"inLanguage\":\"en-US\",\"potentialAction\":[{\"@type\":\"ReadAction\",\"target\":[\"https:\/\/forumcoimbra.korcreatives.pt\/en\/events\/queima-connos-4\/\"]}]},{\"@type\":\"BreadcrumbList\",\"@id\":\"https:\/\/forumcoimbra.korcreatives.pt\/en\/events\/queima-connos-4\/#breadcrumb\",\"itemListElement\":[{\"@type\":\"ListItem\",\"position\":1,\"item\":{\"@type\":\"WebPage\",\"@id\":\"https:\/\/forumcoimbra.korcreatives.pt\/events\/\",\"url\":\"https:\/\/forumcoimbra.korcreatives.pt\/events\/\",\"name\":\"Events\"}},{\"@type\":\"ListItem\",\"position\":2,\"item\":{\"@type\":\"WebPage\",\"@id\":\"https:\/\/forumcoimbra.korcreatives.pt\/en\/events\/queima-connos-4\/\",\"url\":\"https:\/\/forumcoimbra.korcreatives.pt\/en\/events\/queima-connos-4\/\",\"name\":\"Queima Connosco\"}}]}]}<\/script>\n<!-- \/ Yoast SEO plugin. -->","_links":{"self":[{"href":"https:\/\/forumcoimbra.korcreatives.pt\/en\/wp-json\/wp\/v2\/events\/2243"}],"collection":[{"href":"https:\/\/forumcoimbra.korcreatives.pt\/en\/wp-json\/wp\/v2\/events"}],"about":[{"href":"https:\/\/forumcoimbra.korcreatives.pt\/en\/wp-json\/wp\/v2\/types\/events"}],"wp:featuredmedia":[{"embeddable":true,"href":"https:\/\/forumcoimbra.korcreatives.pt\/en\/wp-json\/wp\/v2\/media\/2148"}],"wp:attachment":[{"href":"https:\/\/forumcoimbra.korcreatives.pt\/en\/wp-json\/wp\/v2\/media?parent=2243"}],"curies":[{"name":"wp","href":"https:\/\/api.w.org\/{rel}","templated":true}]}}