{"id":2242,"date":"2018-11-19T01:01:01","date_gmt":"2018-11-19T01:01:01","guid":{"rendered":"http:\/\/www.forum-coimbra.com\/events\/diana-chaves-da-cor-ao-teu-black-friday\/"},"modified":"2018-11-19T01:01:01","modified_gmt":"2018-11-19T01:01:01","slug":"diana-chaves-da-cor-ao-teu-black-friday","status":"publish","type":"events","link":"https:\/\/forumcoimbra.korcreatives.pt\/en\/events\/diana-chaves-da-cor-ao-teu-black-friday\/","title":{"rendered":"Diana Chaves d\u00e1 cor ao teu Black Friday"},"content":{"rendered":"<p> \t\u00c9 j\u00e1 esta<strong> sexta-feira, dia 23 de Novembro, <\/strong>que a tradi\u00e7\u00e3o americana regressa ao Forum Coimbra. A<strong> <em>Black Friday<\/em> <\/strong>vai instalar-se de manh\u00e3 \u00e0 noite, e trazer aos visitantes muita cor, anima\u00e7\u00e3o, brindes e a presen\u00e7a de uma das mais queridas apresentadoras da televis\u00e3o portuguesa: <strong>Diana Chaves<\/strong>.<\/p>\n<p> \tA actriz estar\u00e1 no Centro Comercial para surpreender aqueles que por l\u00e1 passarem seja ao virar da esquina numa das dezenas de lojas , seja atrav\u00e9s de um <strong>mupi digital onde ir\u00e1 interagir de forma directa e em tempo real com os passantes<\/strong>. O desafio? Descobrir onde encontrar uma das caras mais conhecidas da televis\u00e3o, entre as<strong> 16h00 <\/strong>e as<strong>&nbsp;18h00<\/strong>.<\/p>\n<p> \tEnquanto procuram, os visitantes poder\u00e3o passar pelas diferentes activa\u00e7\u00f5es, criadas para tornar este dia ainda mais especial: o <strong><em>Beauty Express<\/em><\/strong>, um spot de maquilhagem e penteados flash, o <strong><em>Magic Mirror<\/em><\/strong>, um espelho onde podem ser tiradas surpreendentes selfies e ainda receber da m\u00e3o das promotoras do Forum um saco de compras exclusivo, distribu\u00eddo nas entradas do <em>shopping<\/em>.<\/p>\n<p> \tPorque esta &#8220;sexta-feira louca&#8221; chega acompanhada das t\u00edpicas temperaturas de inverno, o centro ir\u00e1 oferecer aos visitantes um glamoroso <em>macaron<\/em> e um copo de chocolate quente!<\/p>\n<p> \t<strong>Mais do que raz\u00f5es para passar a <em>Black Friday<\/em> no Forum Coimbra.<\/strong><\/p>\n<p> \t<strong>Onde a moda tem outro encanto!<\/strong><\/p>\n<p> \t&nbsp;<\/p>\n","protected":false},"featured_media":2144,"template":"","class_list":["post-2242","events","type-events","status-publish","has-post-thumbnail","hentry"],"yoast_head":"<!-- This site is optimized with the Yoast SEO plugin v16.0.2 - https:\/\/yoast.com\/wordpress\/plugins\/seo\/ -->\n<meta property=\"og:locale\" content=\"en_US\" \/>\n<meta property=\"og:type\" content=\"article\" \/>\n<meta property=\"og:title\" content=\"Diana Chaves d\u00e1 cor ao teu Black Friday - Forum Coimbra\" \/>\n<meta property=\"og:description\" content=\"\u00c9 j\u00e1 esta sexta-feira, dia 23 de Novembro, que a tradi\u00e7\u00e3o americana regressa ao Forum Coimbra. A Black Friday vai instalar-se de manh\u00e3 \u00e0 noite, e trazer aos visitantes muita cor, anima\u00e7\u00e3o, brindes e a presen\u00e7a de uma das mais queridas apresentadoras da televis\u00e3o portuguesa: Diana Chaves. A actriz estar\u00e1 no Centro Comercial para surpreender [&hellip;]\" \/>\n<meta property=\"og:url\" content=\"https:\/\/forumcoimbra.korcreatives.pt\/en\/events\/diana-chaves-da-cor-ao-teu-black-friday\/\" \/>\n<meta property=\"og:site_name\" content=\"Forum Coimbra\" \/>\n<meta name=\"twitter:card\" content=\"summary_large_image\" \/>\n<meta name=\"twitter:label1\" content=\"Est. reading time\">\n\t<meta name=\"twitter:data1\" content=\"1 minute\">\n<script type=\"application\/ld+json\" class=\"yoast-schema-graph\">{\"@context\":\"https:\/\/schema.org\",\"@graph\":[{\"@type\":\"WebSite\",\"@id\":\"https:\/\/forumcoimbra.korcreatives.pt\/#website\",\"url\":\"https:\/\/forumcoimbra.korcreatives.pt\/\",\"name\":\"Forum Coimbra\",\"description\":\"\",\"potentialAction\":[{\"@type\":\"SearchAction\",\"target\":\"https:\/\/forumcoimbra.korcreatives.pt\/?s={search_term_string}\",\"query-input\":\"required name=search_term_string\"}],\"inLanguage\":\"en-US\"},{\"@type\":\"ImageObject\",\"@id\":\"https:\/\/forumcoimbra.korcreatives.pt\/en\/events\/diana-chaves-da-cor-ao-teu-black-friday\/#primaryimage\",\"inLanguage\":\"en-US\",\"url\":\"https:\/\/forumcoimbra.korcreatives.pt\/wp-content\/uploads\/sites\/13\/events\/dianachavesdacoraoteublackfriday.png\",\"width\":960,\"height\":550},{\"@type\":\"WebPage\",\"@id\":\"https:\/\/forumcoimbra.korcreatives.pt\/en\/events\/diana-chaves-da-cor-ao-teu-black-friday\/#webpage\",\"url\":\"https:\/\/forumcoimbra.korcreatives.pt\/en\/events\/diana-chaves-da-cor-ao-teu-black-friday\/\",\"name\":\"Diana Chaves d\\u00e1 cor ao teu Black Friday - Forum Coimbra\",\"isPartOf\":{\"@id\":\"https:\/\/forumcoimbra.korcreatives.pt\/#website\"},\"primaryImageOfPage\":{\"@id\":\"https:\/\/forumcoimbra.korcreatives.pt\/en\/events\/diana-chaves-da-cor-ao-teu-black-friday\/#primaryimage\"},\"datePublished\":\"2018-11-19T01:01:01+00:00\",\"dateModified\":\"2018-11-19T01:01:01+00:00\",\"breadcrumb\":{\"@id\":\"https:\/\/forumcoimbra.korcreatives.pt\/en\/events\/diana-chaves-da-cor-ao-teu-black-friday\/#breadcrumb\"},\"inLanguage\":\"en-US\",\"potentialAction\":[{\"@type\":\"ReadAction\",\"target\":[\"https:\/\/forumcoimbra.korcreatives.pt\/en\/events\/diana-chaves-da-cor-ao-teu-black-friday\/\"]}]},{\"@type\":\"BreadcrumbList\",\"@id\":\"https:\/\/forumcoimbra.korcreatives.pt\/en\/events\/diana-chaves-da-cor-ao-teu-black-friday\/#breadcrumb\",\"itemListElement\":[{\"@type\":\"ListItem\",\"position\":1,\"item\":{\"@type\":\"WebPage\",\"@id\":\"https:\/\/forumcoimbra.korcreatives.pt\/events\/\",\"url\":\"https:\/\/forumcoimbra.korcreatives.pt\/events\/\",\"name\":\"Events\"}},{\"@type\":\"ListItem\",\"position\":2,\"item\":{\"@type\":\"WebPage\",\"@id\":\"https:\/\/forumcoimbra.korcreatives.pt\/en\/events\/diana-chaves-da-cor-ao-teu-black-friday\/\",\"url\":\"https:\/\/forumcoimbra.korcreatives.pt\/en\/events\/diana-chaves-da-cor-ao-teu-black-friday\/\",\"name\":\"Diana Chaves d\\u00e1 cor ao teu Black Friday\"}}]}]}<\/script>\n<!-- \/ Yoast SEO plugin. -->","_links":{"self":[{"href":"https:\/\/forumcoimbra.korcreatives.pt\/en\/wp-json\/wp\/v2\/events\/2242"}],"collection":[{"href":"https:\/\/forumcoimbra.korcreatives.pt\/en\/wp-json\/wp\/v2\/events"}],"about":[{"href":"https:\/\/forumcoimbra.korcreatives.pt\/en\/wp-json\/wp\/v2\/types\/events"}],"wp:featuredmedia":[{"embeddable":true,"href":"https:\/\/forumcoimbra.korcreatives.pt\/en\/wp-json\/wp\/v2\/media\/2144"}],"wp:attachment":[{"href":"https:\/\/forumcoimbra.korcreatives.pt\/en\/wp-json\/wp\/v2\/media?parent=2242"}],"curies":[{"name":"wp","href":"https:\/\/api.w.org\/{rel}","templated":true}]}}