{"id":2241,"date":"2018-11-06T01:01:01","date_gmt":"2018-11-06T01:01:01","guid":{"rendered":"http:\/\/www.forum-coimbra.com\/events\/o-natal-tem-outro-encanto-de-10-de-novembro-a-6-de-janeiro\/"},"modified":"2018-11-06T01:01:01","modified_gmt":"2018-11-06T01:01:01","slug":"o-natal-tem-outro-encanto-de-10-de-novembro-a-6-de-janeiro","status":"publish","type":"events","link":"https:\/\/forumcoimbra.korcreatives.pt\/en\/events\/o-natal-tem-outro-encanto-de-10-de-novembro-a-6-de-janeiro\/","title":{"rendered":"O Natal tem Outro Encanto de 10 de Novembro a 6 de Janeiro"},"content":{"rendered":"<p> \t<strong>No dia 10 de novembro o Forum Coimbra inicia mais um grandioso Natal!<\/strong><\/p>\n<p> \tEste ano com uma decora\u00e7\u00e3o totalmente nova, o Centro Comercial encher-se-\u00e1 de fam\u00edlias e a magia de Natal ser\u00e1 vivida por todos, com a Chegada mais esperada do ano.<\/p>\n<p> \tO encontro para receber o Pai Natal est\u00e1 marcado para as <strong>18h00 na Pra\u00e7a Terra<\/strong> &#8211; Piso 1, junto ao trono do Pai Natal, e conta com a presen\u00e7a da conhecida atriz <strong>Mariana Monteiro! <\/strong>Os visitantes do Forum Coimbra ser\u00e3o brindados com a envolv\u00eancia de uma verdadeira hist\u00f3ria de Natal.<\/p>\n<p> \tSegue-se a inaugura\u00e7\u00e3o da ilumina\u00e7\u00e3o de Natal, do trono do Pai Natal e de todas as atividades de Natal.<\/p>\n<p> \tNeste S\u00e1bado, ser\u00e1 ainda lan\u00e7ada a <strong>12\u00aa edi\u00e7\u00e3o do livro do Gui &#8211; &#8220;Gui vai acampar&#8221;<\/strong>, que conta a hist\u00f3ria de como o Gui e os GOMAS foram acampar pela primeira vez.<\/p>\n<p> \t<strong>At\u00e9 24 de Dezembro<\/strong>, no <strong>Trono do Pai Natal<\/strong>, o velhinho de barbas brancas vai poder receber os pedidos dos mais pequenos, tirar uma foto e oferecer a mais recente edi\u00e7\u00e3o do livro do Gui.<\/p>\n<p> \tMas o Natal no Forum Coimbra n\u00e3o fica por aqui! <strong>At\u00e9 6 de janeiro<\/strong> muita anima\u00e7\u00e3o vai acontecer:<\/p>\n<p> \t<strong>Na Pra\u00e7a Terra \u2013 Piso 1<\/strong>, em frente \u00e0 H&amp;M, o Livro do Gui ganha vida numa <strong>experi\u00eancia de realidade virtual gratuita<\/strong>, onde pequenos e gra\u00fados poder\u00e3o viajar at\u00e9 ao interior da gruta onde ir\u00e3o encontrar o Gui e os Gomas.<\/p>\n<p> \t<strong>A Pra\u00e7a \u00c1gua \u2013 Piso 1<\/strong>, receber\u00e1 este ano o <strong>Carrossel gratuito, <\/strong>este ano com mais lugares dispon\u00edveis para proporcionar grandes momentos de divers\u00e3o a todas as crian\u00e7as.<\/p>\n","protected":false},"featured_media":2140,"template":"","class_list":["post-2241","events","type-events","status-publish","has-post-thumbnail","hentry"],"yoast_head":"<!-- This site is optimized with the Yoast SEO plugin v16.0.2 - https:\/\/yoast.com\/wordpress\/plugins\/seo\/ -->\n<meta property=\"og:locale\" content=\"en_US\" \/>\n<meta property=\"og:type\" content=\"article\" \/>\n<meta property=\"og:title\" content=\"O Natal tem Outro Encanto de 10 de Novembro a 6 de Janeiro - Forum Coimbra\" \/>\n<meta property=\"og:description\" content=\"No dia 10 de novembro o Forum Coimbra inicia mais um grandioso Natal! Este ano com uma decora\u00e7\u00e3o totalmente nova, o Centro Comercial encher-se-\u00e1 de fam\u00edlias e a magia de Natal ser\u00e1 vivida por todos, com a Chegada mais esperada do ano. O encontro para receber o Pai Natal est\u00e1 marcado para as 18h00 na [&hellip;]\" \/>\n<meta property=\"og:url\" content=\"https:\/\/forumcoimbra.korcreatives.pt\/en\/events\/o-natal-tem-outro-encanto-de-10-de-novembro-a-6-de-janeiro\/\" \/>\n<meta property=\"og:site_name\" content=\"Forum Coimbra\" \/>\n<meta name=\"twitter:card\" content=\"summary_large_image\" \/>\n<meta name=\"twitter:label1\" content=\"Est. reading time\">\n\t<meta name=\"twitter:data1\" content=\"1 minute\">\n<script type=\"application\/ld+json\" class=\"yoast-schema-graph\">{\"@context\":\"https:\/\/schema.org\",\"@graph\":[{\"@type\":\"WebSite\",\"@id\":\"https:\/\/forumcoimbra.korcreatives.pt\/#website\",\"url\":\"https:\/\/forumcoimbra.korcreatives.pt\/\",\"name\":\"Forum Coimbra\",\"description\":\"\",\"potentialAction\":[{\"@type\":\"SearchAction\",\"target\":\"https:\/\/forumcoimbra.korcreatives.pt\/?s={search_term_string}\",\"query-input\":\"required name=search_term_string\"}],\"inLanguage\":\"en-US\"},{\"@type\":\"ImageObject\",\"@id\":\"https:\/\/forumcoimbra.korcreatives.pt\/en\/events\/o-natal-tem-outro-encanto-de-10-de-novembro-a-6-de-janeiro\/#primaryimage\",\"inLanguage\":\"en-US\",\"url\":\"https:\/\/forumcoimbra.korcreatives.pt\/wp-content\/uploads\/sites\/13\/events\/onataltemoutroencantode10denovembroa6dejaneiro.png\",\"width\":960,\"height\":550},{\"@type\":\"WebPage\",\"@id\":\"https:\/\/forumcoimbra.korcreatives.pt\/en\/events\/o-natal-tem-outro-encanto-de-10-de-novembro-a-6-de-janeiro\/#webpage\",\"url\":\"https:\/\/forumcoimbra.korcreatives.pt\/en\/events\/o-natal-tem-outro-encanto-de-10-de-novembro-a-6-de-janeiro\/\",\"name\":\"O Natal tem Outro Encanto de 10 de Novembro a 6 de Janeiro - Forum Coimbra\",\"isPartOf\":{\"@id\":\"https:\/\/forumcoimbra.korcreatives.pt\/#website\"},\"primaryImageOfPage\":{\"@id\":\"https:\/\/forumcoimbra.korcreatives.pt\/en\/events\/o-natal-tem-outro-encanto-de-10-de-novembro-a-6-de-janeiro\/#primaryimage\"},\"datePublished\":\"2018-11-06T01:01:01+00:00\",\"dateModified\":\"2018-11-06T01:01:01+00:00\",\"breadcrumb\":{\"@id\":\"https:\/\/forumcoimbra.korcreatives.pt\/en\/events\/o-natal-tem-outro-encanto-de-10-de-novembro-a-6-de-janeiro\/#breadcrumb\"},\"inLanguage\":\"en-US\",\"potentialAction\":[{\"@type\":\"ReadAction\",\"target\":[\"https:\/\/forumcoimbra.korcreatives.pt\/en\/events\/o-natal-tem-outro-encanto-de-10-de-novembro-a-6-de-janeiro\/\"]}]},{\"@type\":\"BreadcrumbList\",\"@id\":\"https:\/\/forumcoimbra.korcreatives.pt\/en\/events\/o-natal-tem-outro-encanto-de-10-de-novembro-a-6-de-janeiro\/#breadcrumb\",\"itemListElement\":[{\"@type\":\"ListItem\",\"position\":1,\"item\":{\"@type\":\"WebPage\",\"@id\":\"https:\/\/forumcoimbra.korcreatives.pt\/events\/\",\"url\":\"https:\/\/forumcoimbra.korcreatives.pt\/events\/\",\"name\":\"Events\"}},{\"@type\":\"ListItem\",\"position\":2,\"item\":{\"@type\":\"WebPage\",\"@id\":\"https:\/\/forumcoimbra.korcreatives.pt\/en\/events\/o-natal-tem-outro-encanto-de-10-de-novembro-a-6-de-janeiro\/\",\"url\":\"https:\/\/forumcoimbra.korcreatives.pt\/en\/events\/o-natal-tem-outro-encanto-de-10-de-novembro-a-6-de-janeiro\/\",\"name\":\"O Natal tem Outro Encanto de 10 de Novembro a 6 de Janeiro\"}}]}]}<\/script>\n<!-- \/ Yoast SEO plugin. -->","_links":{"self":[{"href":"https:\/\/forumcoimbra.korcreatives.pt\/en\/wp-json\/wp\/v2\/events\/2241"}],"collection":[{"href":"https:\/\/forumcoimbra.korcreatives.pt\/en\/wp-json\/wp\/v2\/events"}],"about":[{"href":"https:\/\/forumcoimbra.korcreatives.pt\/en\/wp-json\/wp\/v2\/types\/events"}],"wp:featuredmedia":[{"embeddable":true,"href":"https:\/\/forumcoimbra.korcreatives.pt\/en\/wp-json\/wp\/v2\/media\/2140"}],"wp:attachment":[{"href":"https:\/\/forumcoimbra.korcreatives.pt\/en\/wp-json\/wp\/v2\/media?parent=2241"}],"curies":[{"name":"wp","href":"https:\/\/api.w.org\/{rel}","templated":true}]}}