{"id":2240,"date":"2018-08-31T01:01:01","date_gmt":"2018-08-31T01:01:01","guid":{"rendered":"http:\/\/www.forum-coimbra.com\/events\/catwalk-360\/"},"modified":"2018-08-31T01:01:01","modified_gmt":"2018-08-31T01:01:01","slug":"catwalk-360","status":"publish","type":"events","link":"https:\/\/forumcoimbra.korcreatives.pt\/en\/events\/catwalk-360\/","title":{"rendered":"Catwalk 360"},"content":{"rendered":"<p> \tA Catwalk 360 est\u00e1 a caminho\u2026<\/p>\n<p> \tNo dia 21 de setembro, vais poder contar com o Louren\u00e7o Ortig\u00e3o, J\u00e9ssica Athayde, \u00c2ngelo Rodrigues, Iva Lamar\u00e3o e o Afonso Vilela para o desfile de moda mais vanguardista, tecnol\u00f3gico e com as melhores marcas da regi\u00e3o Centro.<\/p>\n<p> \tCom a melhor vista da cidade de Coimbra como pano de fundo, vem ver as novas cole\u00e7\u00f5es Outono\/Inverno, contactar com alguns dos modelos e atores mais famosos do momento e ainda assistir a um inovador desfile de moda em 360\u00ba.<\/p>\n<p> \tO Catwalk 360\u00ba \u00e9 um show de moda que te vai surpreender e dar\u00e1 mais encanto as proposta do Forum Coimbra para a um Outono\/Inverno cheio de estilo.<\/p>\n","protected":false},"featured_media":2136,"template":"","class_list":["post-2240","events","type-events","status-publish","has-post-thumbnail","hentry"],"yoast_head":"<!-- This site is optimized with the Yoast SEO plugin v16.0.2 - https:\/\/yoast.com\/wordpress\/plugins\/seo\/ -->\n<meta property=\"og:locale\" content=\"en_US\" \/>\n<meta property=\"og:type\" content=\"article\" \/>\n<meta property=\"og:title\" content=\"Catwalk 360 - Forum Coimbra\" \/>\n<meta property=\"og:description\" content=\"A Catwalk 360 est\u00e1 a caminho\u2026 No dia 21 de setembro, vais poder contar com o Louren\u00e7o Ortig\u00e3o, J\u00e9ssica Athayde, \u00c2ngelo Rodrigues, Iva Lamar\u00e3o e o Afonso Vilela para o desfile de moda mais vanguardista, tecnol\u00f3gico e com as melhores marcas da regi\u00e3o Centro. Com a melhor vista da cidade de Coimbra como pano de [&hellip;]\" \/>\n<meta property=\"og:url\" content=\"https:\/\/forumcoimbra.korcreatives.pt\/en\/events\/catwalk-360\/\" \/>\n<meta property=\"og:site_name\" content=\"Forum Coimbra\" \/>\n<meta name=\"twitter:card\" content=\"summary_large_image\" \/>\n<meta name=\"twitter:label1\" content=\"Est. reading time\">\n\t<meta name=\"twitter:data1\" content=\"1 minute\">\n<script type=\"application\/ld+json\" class=\"yoast-schema-graph\">{\"@context\":\"https:\/\/schema.org\",\"@graph\":[{\"@type\":\"WebSite\",\"@id\":\"https:\/\/forumcoimbra.korcreatives.pt\/#website\",\"url\":\"https:\/\/forumcoimbra.korcreatives.pt\/\",\"name\":\"Forum Coimbra\",\"description\":\"\",\"potentialAction\":[{\"@type\":\"SearchAction\",\"target\":\"https:\/\/forumcoimbra.korcreatives.pt\/?s={search_term_string}\",\"query-input\":\"required name=search_term_string\"}],\"inLanguage\":\"en-US\"},{\"@type\":\"ImageObject\",\"@id\":\"https:\/\/forumcoimbra.korcreatives.pt\/en\/events\/catwalk-360\/#primaryimage\",\"inLanguage\":\"en-US\",\"url\":\"https:\/\/forumcoimbra.korcreatives.pt\/wp-content\/uploads\/sites\/13\/events\/catwalk360.jpg\",\"width\":2500,\"height\":1500},{\"@type\":\"WebPage\",\"@id\":\"https:\/\/forumcoimbra.korcreatives.pt\/en\/events\/catwalk-360\/#webpage\",\"url\":\"https:\/\/forumcoimbra.korcreatives.pt\/en\/events\/catwalk-360\/\",\"name\":\"Catwalk 360 - Forum Coimbra\",\"isPartOf\":{\"@id\":\"https:\/\/forumcoimbra.korcreatives.pt\/#website\"},\"primaryImageOfPage\":{\"@id\":\"https:\/\/forumcoimbra.korcreatives.pt\/en\/events\/catwalk-360\/#primaryimage\"},\"datePublished\":\"2018-08-31T01:01:01+00:00\",\"dateModified\":\"2018-08-31T01:01:01+00:00\",\"breadcrumb\":{\"@id\":\"https:\/\/forumcoimbra.korcreatives.pt\/en\/events\/catwalk-360\/#breadcrumb\"},\"inLanguage\":\"en-US\",\"potentialAction\":[{\"@type\":\"ReadAction\",\"target\":[\"https:\/\/forumcoimbra.korcreatives.pt\/en\/events\/catwalk-360\/\"]}]},{\"@type\":\"BreadcrumbList\",\"@id\":\"https:\/\/forumcoimbra.korcreatives.pt\/en\/events\/catwalk-360\/#breadcrumb\",\"itemListElement\":[{\"@type\":\"ListItem\",\"position\":1,\"item\":{\"@type\":\"WebPage\",\"@id\":\"https:\/\/forumcoimbra.korcreatives.pt\/events\/\",\"url\":\"https:\/\/forumcoimbra.korcreatives.pt\/events\/\",\"name\":\"Events\"}},{\"@type\":\"ListItem\",\"position\":2,\"item\":{\"@type\":\"WebPage\",\"@id\":\"https:\/\/forumcoimbra.korcreatives.pt\/en\/events\/catwalk-360\/\",\"url\":\"https:\/\/forumcoimbra.korcreatives.pt\/en\/events\/catwalk-360\/\",\"name\":\"Catwalk 360\"}}]}]}<\/script>\n<!-- \/ Yoast SEO plugin. -->","_links":{"self":[{"href":"https:\/\/forumcoimbra.korcreatives.pt\/en\/wp-json\/wp\/v2\/events\/2240"}],"collection":[{"href":"https:\/\/forumcoimbra.korcreatives.pt\/en\/wp-json\/wp\/v2\/events"}],"about":[{"href":"https:\/\/forumcoimbra.korcreatives.pt\/en\/wp-json\/wp\/v2\/types\/events"}],"wp:featuredmedia":[{"embeddable":true,"href":"https:\/\/forumcoimbra.korcreatives.pt\/en\/wp-json\/wp\/v2\/media\/2136"}],"wp:attachment":[{"href":"https:\/\/forumcoimbra.korcreatives.pt\/en\/wp-json\/wp\/v2\/media?parent=2240"}],"curies":[{"name":"wp","href":"https:\/\/api.w.org\/{rel}","templated":true}]}}