{"id":2238,"date":"2018-05-03T01:01:01","date_gmt":"2018-05-03T01:01:01","guid":{"rendered":"http:\/\/www.forum-coimbra.com\/events\/queima-das-fitas-2018\/"},"modified":"2018-05-03T01:01:01","modified_gmt":"2018-05-03T01:01:01","slug":"queima-das-fitas-2018","status":"publish","type":"events","link":"https:\/\/forumcoimbra.korcreatives.pt\/en\/events\/queima-das-fitas-2018\/","title":{"rendered":"Queima das Fitas 2018"},"content":{"rendered":"<p> \tO <strong>Forum Coimbra<\/strong>, centro gerido pela Multi Portugal, ser\u00e1 pelo s\u00e9timo ano consecutivo parceiro e patrocinador oficial da Queima das Fitas em Coimbra. O Palco Forum Coimbra, inspirado no tema Astronautas e Universos, tema escolhido para esta edi\u00e7\u00e3o, promete fazer os estudantes &#8220;pisar a lua&#8221; com concertos de Xutos e Pontap\u00e9s, Seu Jorge, Carolina Deslandes, Daniela Mercury e muito mais. J\u00e1 nos dias <strong>4, 5 e 11 de Maio<\/strong> o cami\u00e3o Forum Coimbra promete in\u00fameras surpresas a todos os que o visitarem!<\/p>\n<p> \tDe 4 a 11 de maio, as ruas de Coimbra revivem a tradi\u00e7\u00e3o acad\u00e9mica mais antiga do pa\u00eds, repleta de m\u00fasica, festejos e boa disposi\u00e7\u00e3o. <strong>Neste derradeiro trajeto da viv\u00eancia conimbricense, o Forum Coimbra <\/strong>junta-se \u00e0 celebra\u00e7\u00e3o dentro e fora do recinto <strong>para oferecer pr\u00e9mios fant\u00e1sticos todos os dias.<\/strong><\/p>\n<p> \tMas as surpresas n\u00e3o ficam por aqui! <strong>Al\u00e9m do palco que promete uma aut\u00eantica chuva de estrelas, com nomes da pop ao hip-hop, nacionais e internacionais, o Forum Coimbra promete tornar a sua presen\u00e7a no recinto inesquec\u00edvel, nos dias 4, 5 e 11 de Maio:<\/strong><\/p>\n<ul>\n<li> \t\t<strong>Photobooth em paisagem especial<\/strong>: o cami\u00e3o Forum Coimbra vai registar os melhores momentos de 7 noites que ficam na mem\u00f3ria para sempre. O cen\u00e1rio ser\u00e1 totalmente inspirado no universo espacial e estar\u00e1 dispon\u00edvel um <strong><em>charriot<\/em><\/strong> de adere\u00e7os para que todos registem as suas viagens \u00e0 lua vestidos a rigor!<\/li>\n<\/ul>\n<ul>\n<li> \t\t<strong>&#8220;Fitas que contam hist\u00f3rias&#8221;<\/strong>: o mote da festa deste ano. Um espa\u00e7o reservado \u00e0 eterniza\u00e7\u00e3o dos melhores momentos da vida acad\u00e9mica. Ao deslocar-se a este espa\u00e7o no interior do cami\u00e3o os estudantes poder\u00e3o escrever testemunhos e partilhar mensagens em fitas de finalistas.<\/li>\n<\/ul>\n<ul>\n<li> \t\t<strong>Piscina de Bolas<\/strong>: o local onde todos os brindes v\u00e3o cair do c\u00e9u\u2026 desde que os estudantes tenham o poder espacial de encontrar os n\u00fameros que correspondem a cada um dos pr\u00e9mios que o Forum Coimbra tem para oferecer.<\/li>\n<\/ul>\n<ul>\n<li> \t\t<strong>Lounge Forum Coimbra:<\/strong> um espa\u00e7o para relaxar nos v\u00e1rios <em>puffs<\/em> dispon\u00edveis e aproveitar para carregar baterias para sete dias de festa <em>non-stop.<\/em><\/li>\n<\/ul>\n<p> \tDurante os dias da Queima, todos os que escolherem o Forum Coimbra para jantar est\u00e3o automaticamente habilitados a ganhar bilhetes para esta grande festa. Diariamente o centro ir\u00e1&nbsp;<strong>oferecer 30 bilhetes pontuais aos primeiros que apresentarem, no balc\u00e3o de informa\u00e7\u00f5es<\/strong>, a partir das 19h30, um tal\u00e3o de refei\u00e7\u00e3o no valor igual ou superior a 6\u20ac. (Consulta o regulamento abaixo)<\/p>\n<p> \tN\u00e3o h\u00e1 desculpas para n\u00e3o fazer uma paragem no espa\u00e7o do Forum Coimbra. <strong>Anima\u00e7\u00e3o, divers\u00e3o e milhares de brindes e surpresas \u00e0 espera<\/strong> de fazer com que estas noites sejam cada vez mais inesquec\u00edveis.<\/p>\n<p> \t<strong>O<\/strong> <strong>Forum Coimbra na Queima das Fitas continua a ter\u2026.outro encanto!<\/strong><\/p>\n<p align=\"center\"> \t<strong>Regulamento<\/strong><\/p>\n<p align=\"center\"> \t<strong>CAMPANHA &#8220;QUEIMA CONNOSCO&#8221;<\/strong><\/p>\n<p> \t<strong>A campanha &#8220;QUEIMA CONNOSCO&#8221; ser\u00e1 promovida pelo Forum Coimbra, em parceria com a Associa\u00e7\u00e3o Acad\u00e9mica de Coimbra.<\/strong><\/p>\n<p> \t&nbsp;<\/p>\n<p> \t<strong><u>1. Condi\u00e7\u00f5es de Participa\u00e7\u00e3o<\/u><\/strong><\/p>\n<p> \t<strong>1.1. A participa\u00e7\u00e3o na campanha &#8220;QUEIMA CONNOSCO&#8221;<\/strong> <strong>implica a aceita\u00e7\u00e3o de todas as condi\u00e7\u00f5es descritas neste Regulamento;<\/strong><\/p>\n<p> \t<strong>1.2. Sem preju\u00edzo do cumprimento das demais condi\u00e7\u00f5es previstas neste Regulamento, poder\u00e3o participar nesta campanha, todos os visitantes do Forum Coimbra;<\/strong><\/p>\n<p> \t<strong><u>2. Funcionamento Geral<\/u><\/strong><\/p>\n<p> \t<strong>2.1. A presente campanha est\u00e1 em vigor de 04 de maio, \u00e0s 19h30 at\u00e9 11 de maio, \u00e0s 24h00 de 2017;<\/strong><\/p>\n<p> \t<strong>2.2. Para participar os clientes dever\u00e3o dirigir-se ao Balc\u00e3o de Informa\u00e7\u00f5es do Forum Coimbra, no Piso 0, durante o hor\u00e1rio de funcionamento do mesmo \u2013 domingo a 5\u00aa at\u00e9 \u00e0s 23h00 e 6\u00aa e s\u00e1bado at\u00e9 \u00e0s 24h;<\/strong><\/p>\n<p> \t<strong>2.3. Diariamente, os primeiros 30 participantes que apresentem 1 tal\u00e3o de refei\u00e7\u00e3o de um dos restaurantes do Forum Coimbra, no Balc\u00e3o de Informa\u00e7\u00f5es, com valor total superior a 6\u20ac (seis euros) e com emiss\u00e3o ap\u00f3s as 19h30, do pr\u00f3prio dia, recebem um bilhete pontual para a Queima das Fitas;<\/strong><\/p>\n<p> \t<strong>2.4. Os bilhetes pontuais n\u00e3o poder\u00e3o ser trocados nem vendidos, pelo seu equivalente em dinheiro;<\/strong><\/p>\n<p> \t<strong>2.5. Para a atribui\u00e7\u00e3o do pr\u00e9mio ser\u00e1 obrigat\u00f3rio o preenchimento de todos os campos do formul\u00e1rio facultado pela Assistente do Balc\u00e3o de Informa\u00e7\u00f5es;<\/strong><\/p>\n<p> \t<strong>2.6. Os tal\u00f5es v\u00e1lidos para participa\u00e7\u00e3o nesta campanha ser\u00e3o carimbados e assinados, pela Assistente do Balc\u00e3o de Informa\u00e7\u00f5es, deixando de ser v\u00e1lidos para nova atribui\u00e7\u00e3o de pr\u00e9mios;<\/strong><\/p>\n<p> \t<strong>2.7. N\u00e3o ser\u00e3o aceites quaisquer outros documentos que n\u00e3o sejam os tal\u00f5es originais. N\u00e3o ser\u00e3o aceites, por exemplo, 2\u00aa vias, duplicados e fotoc\u00f3pias;<\/strong><\/p>\n<p> \t<strong>2.8. Esta campanha n\u00e3o \u00e9 acumul\u00e1vel com outras promo\u00e7\u00f5es em vigor no Forum Coimbra, nomeadamente Menu Cinema;<\/strong><\/p>\n<p> \t<strong>2.9. V\u00e1lida a apresenta\u00e7\u00e3o de um tal\u00e3o por participante;<\/strong><\/p>\n<p> \t&nbsp;<\/p>\n<p> \t<strong><u>3. Disposi\u00e7\u00f5es gerais<\/u><\/strong><\/p>\n<p> \t<strong>3.1. Est\u00e3o automaticamente exclu\u00eddos da presente campanha, todos aqueles que sejam s\u00f3cios, administradores, funcion\u00e1rios, prestadores de servi\u00e7os ou colaboradores do Forum Coimbra;<\/strong><\/p>\n<p> \t<strong>3.2. O Forum Coimbra n\u00e3o se responsabiliza pela eventual perda do pr\u00e9mio atribu\u00eddo e\/ou por quaisquer situa\u00e7\u00f5es que advenham da utiliza\u00e7\u00e3o do mesmo;<\/strong><\/p>\n<p> \t<strong>3.3. Os participantes autorizam o Forum Coimbra a divulgar o seu nome e imagem atrav\u00e9s dos diferentes meios de comunica\u00e7\u00e3o social, nomeadamente jornais, revistas, Internet e outros meios de divulga\u00e7\u00e3o definidos pelo Forum Coimbra;<\/strong><\/p>\n<p> \t<strong>3.4. Nos termos da Lei n.\u00ba 67\/98, de 28 de Outubro, \u00e9 garantido ao titular dos dados pessoais o direito de acesso aos dados que lhe digam directamente respeito, podendo solicitar a sua consulta, rectifica\u00e7\u00e3o, actualiza\u00e7\u00e3o ou elimina\u00e7\u00e3o por carta dirigida ao Forum Coimbra, <em>morada, <\/em>acompanhada de fotoc\u00f3pia do bilhete de identidade ou cart\u00e3o de cidad\u00e3o;<\/strong><\/p>\n<p> \t<strong>3.5. A informa\u00e7\u00e3o expl\u00edcita nas pe\u00e7as de comunica\u00e7\u00e3o da presente campanha, n\u00e3o dispensam a consulta deste regulamento;<\/strong><\/p>\n<p> \t<strong>3.6. Qualquer participante que n\u00e3o respeite a fila e\/ou perturbe o bom funcionamento deste passatempo, poder\u00e1 ser exclu\u00eddo;<\/strong><\/p>\n<p> \t<strong>3.7. O Forum Coimbra reserva-se o direito de alterar ou cancelar a presente campanha, caso se justifique, sem aviso pr\u00e9vio.<\/strong><\/p>\n","protected":false},"featured_media":2128,"template":"","class_list":["post-2238","events","type-events","status-publish","has-post-thumbnail","hentry"],"yoast_head":"<!-- This site is optimized with the Yoast SEO plugin v16.0.2 - https:\/\/yoast.com\/wordpress\/plugins\/seo\/ -->\n<meta property=\"og:locale\" content=\"en_US\" \/>\n<meta property=\"og:type\" content=\"article\" \/>\n<meta property=\"og:title\" content=\"Queima das Fitas 2018 - Forum Coimbra\" \/>\n<meta property=\"og:description\" content=\"O Forum Coimbra, centro gerido pela Multi Portugal, ser\u00e1 pelo s\u00e9timo ano consecutivo parceiro e patrocinador oficial da Queima das Fitas em Coimbra. O Palco Forum Coimbra, inspirado no tema Astronautas e Universos, tema escolhido para esta edi\u00e7\u00e3o, promete fazer os estudantes &#8220;pisar a lua&#8221; com concertos de Xutos e Pontap\u00e9s, Seu Jorge, Carolina Deslandes, [&hellip;]\" \/>\n<meta property=\"og:url\" content=\"https:\/\/forumcoimbra.korcreatives.pt\/en\/events\/queima-das-fitas-2018\/\" \/>\n<meta property=\"og:site_name\" content=\"Forum Coimbra\" \/>\n<meta name=\"twitter:card\" content=\"summary_large_image\" \/>\n<meta name=\"twitter:label1\" content=\"Est. reading time\">\n\t<meta name=\"twitter:data1\" content=\"5 minutes\">\n<script type=\"application\/ld+json\" class=\"yoast-schema-graph\">{\"@context\":\"https:\/\/schema.org\",\"@graph\":[{\"@type\":\"WebSite\",\"@id\":\"https:\/\/forumcoimbra.korcreatives.pt\/#website\",\"url\":\"https:\/\/forumcoimbra.korcreatives.pt\/\",\"name\":\"Forum Coimbra\",\"description\":\"\",\"potentialAction\":[{\"@type\":\"SearchAction\",\"target\":\"https:\/\/forumcoimbra.korcreatives.pt\/?s={search_term_string}\",\"query-input\":\"required name=search_term_string\"}],\"inLanguage\":\"en-US\"},{\"@type\":\"ImageObject\",\"@id\":\"https:\/\/forumcoimbra.korcreatives.pt\/en\/events\/queima-das-fitas-2018\/#primaryimage\",\"inLanguage\":\"en-US\",\"url\":\"https:\/\/forumcoimbra.korcreatives.pt\/wp-content\/uploads\/sites\/13\/events\/queimadasfitas2018-scaled.jpg\",\"width\":2560,\"height\":1536},{\"@type\":\"WebPage\",\"@id\":\"https:\/\/forumcoimbra.korcreatives.pt\/en\/events\/queima-das-fitas-2018\/#webpage\",\"url\":\"https:\/\/forumcoimbra.korcreatives.pt\/en\/events\/queima-das-fitas-2018\/\",\"name\":\"Queima das Fitas 2018 - Forum Coimbra\",\"isPartOf\":{\"@id\":\"https:\/\/forumcoimbra.korcreatives.pt\/#website\"},\"primaryImageOfPage\":{\"@id\":\"https:\/\/forumcoimbra.korcreatives.pt\/en\/events\/queima-das-fitas-2018\/#primaryimage\"},\"datePublished\":\"2018-05-03T01:01:01+00:00\",\"dateModified\":\"2018-05-03T01:01:01+00:00\",\"breadcrumb\":{\"@id\":\"https:\/\/forumcoimbra.korcreatives.pt\/en\/events\/queima-das-fitas-2018\/#breadcrumb\"},\"inLanguage\":\"en-US\",\"potentialAction\":[{\"@type\":\"ReadAction\",\"target\":[\"https:\/\/forumcoimbra.korcreatives.pt\/en\/events\/queima-das-fitas-2018\/\"]}]},{\"@type\":\"BreadcrumbList\",\"@id\":\"https:\/\/forumcoimbra.korcreatives.pt\/en\/events\/queima-das-fitas-2018\/#breadcrumb\",\"itemListElement\":[{\"@type\":\"ListItem\",\"position\":1,\"item\":{\"@type\":\"WebPage\",\"@id\":\"https:\/\/forumcoimbra.korcreatives.pt\/events\/\",\"url\":\"https:\/\/forumcoimbra.korcreatives.pt\/events\/\",\"name\":\"Events\"}},{\"@type\":\"ListItem\",\"position\":2,\"item\":{\"@type\":\"WebPage\",\"@id\":\"https:\/\/forumcoimbra.korcreatives.pt\/en\/events\/queima-das-fitas-2018\/\",\"url\":\"https:\/\/forumcoimbra.korcreatives.pt\/en\/events\/queima-das-fitas-2018\/\",\"name\":\"Queima das Fitas 2018\"}}]}]}<\/script>\n<!-- \/ Yoast SEO plugin. -->","_links":{"self":[{"href":"https:\/\/forumcoimbra.korcreatives.pt\/en\/wp-json\/wp\/v2\/events\/2238"}],"collection":[{"href":"https:\/\/forumcoimbra.korcreatives.pt\/en\/wp-json\/wp\/v2\/events"}],"about":[{"href":"https:\/\/forumcoimbra.korcreatives.pt\/en\/wp-json\/wp\/v2\/types\/events"}],"wp:featuredmedia":[{"embeddable":true,"href":"https:\/\/forumcoimbra.korcreatives.pt\/en\/wp-json\/wp\/v2\/media\/2128"}],"wp:attachment":[{"href":"https:\/\/forumcoimbra.korcreatives.pt\/en\/wp-json\/wp\/v2\/media?parent=2238"}],"curies":[{"name":"wp","href":"https:\/\/api.w.org\/{rel}","templated":true}]}}