{"id":2237,"date":"2018-03-26T01:01:01","date_gmt":"2018-03-26T01:01:01","guid":{"rendered":"http:\/\/www.forum-coimbra.com\/events\/exposicao-playmobil\/"},"modified":"2018-03-26T01:01:01","modified_gmt":"2018-03-26T01:01:01","slug":"exposicao-playmobil","status":"publish","type":"events","link":"https:\/\/forumcoimbra.korcreatives.pt\/en\/events\/exposicao-playmobil\/","title":{"rendered":"Exposi\u00e7\u00e3o Playmobil"},"content":{"rendered":"<p> \tDe <strong>27 de mar\u00e7o a 30 de abril<\/strong> venha visitar a exposi\u00e7\u00e3o da <strong>Playmobil<\/strong>, com o tema <strong>Hospital Pedi\u00e1trico,&nbsp;<\/strong>na Pra\u00e7a Terra \u2013 Piso 1 (em frente \u00e0 H&amp;M).<\/p>\n<p> \tAproveita as f\u00e9rias escolares e traz a fam\u00edlia ao Forum Coimbra para conhecer uma das marcas mais emblem\u00e1ticas que encanta mi\u00fados e gra\u00fados.<\/p>\n<p> \tVais ter a oportunidade de ver os v\u00e1rios cen\u00e1rios Playmobil e as crian\u00e7as podem brincar com as figuras, num espa\u00e7o criado especialmente para os mais pequenos.<\/p>\n<p> \tO espa\u00e7o infantil conta com a presen\u00e7a de duas monitoras e ter\u00e1 o seguinte hor\u00e1rio:<\/p>\n<ul>\n<li> \t\t<strong>Segunda-feira a Quinta-feira das 14h \u00e0s 21h<\/strong><\/li>\n<li> \t\t<strong>Sexta, S\u00e1bado, Domingo e Feriados, das 10h \u00e0s 21h<\/strong><\/li>\n<\/ul>\n<p> \tVisita a exposi\u00e7\u00e3o Playmobil e partilha uma experi\u00eancia \u00fanica com toda a fam\u00edlia.<\/p>\n","protected":false},"featured_media":2124,"template":"","class_list":["post-2237","events","type-events","status-publish","has-post-thumbnail","hentry"],"yoast_head":"<!-- This site is optimized with the Yoast SEO plugin v16.0.2 - https:\/\/yoast.com\/wordpress\/plugins\/seo\/ -->\n<meta property=\"og:locale\" content=\"en_US\" \/>\n<meta property=\"og:type\" content=\"article\" \/>\n<meta property=\"og:title\" content=\"Exposi\u00e7\u00e3o Playmobil - Forum Coimbra\" \/>\n<meta property=\"og:description\" content=\"De 27 de mar\u00e7o a 30 de abril venha visitar a exposi\u00e7\u00e3o da Playmobil, com o tema Hospital Pedi\u00e1trico,&nbsp;na Pra\u00e7a Terra \u2013 Piso 1 (em frente \u00e0 H&amp;M). Aproveita as f\u00e9rias escolares e traz a fam\u00edlia ao Forum Coimbra para conhecer uma das marcas mais emblem\u00e1ticas que encanta mi\u00fados e gra\u00fados. Vais ter a oportunidade [&hellip;]\" \/>\n<meta property=\"og:url\" content=\"https:\/\/forumcoimbra.korcreatives.pt\/en\/events\/exposicao-playmobil\/\" \/>\n<meta property=\"og:site_name\" content=\"Forum Coimbra\" \/>\n<meta name=\"twitter:card\" content=\"summary_large_image\" \/>\n<meta name=\"twitter:label1\" content=\"Est. reading time\">\n\t<meta name=\"twitter:data1\" content=\"1 minute\">\n<script type=\"application\/ld+json\" class=\"yoast-schema-graph\">{\"@context\":\"https:\/\/schema.org\",\"@graph\":[{\"@type\":\"WebSite\",\"@id\":\"https:\/\/forumcoimbra.korcreatives.pt\/#website\",\"url\":\"https:\/\/forumcoimbra.korcreatives.pt\/\",\"name\":\"Forum Coimbra\",\"description\":\"\",\"potentialAction\":[{\"@type\":\"SearchAction\",\"target\":\"https:\/\/forumcoimbra.korcreatives.pt\/?s={search_term_string}\",\"query-input\":\"required name=search_term_string\"}],\"inLanguage\":\"en-US\"},{\"@type\":\"ImageObject\",\"@id\":\"https:\/\/forumcoimbra.korcreatives.pt\/en\/events\/exposicao-playmobil\/#primaryimage\",\"inLanguage\":\"en-US\",\"url\":\"https:\/\/forumcoimbra.korcreatives.pt\/wp-content\/uploads\/sites\/13\/events\/exposicaoplaymobil.png\",\"width\":2500,\"height\":1500},{\"@type\":\"WebPage\",\"@id\":\"https:\/\/forumcoimbra.korcreatives.pt\/en\/events\/exposicao-playmobil\/#webpage\",\"url\":\"https:\/\/forumcoimbra.korcreatives.pt\/en\/events\/exposicao-playmobil\/\",\"name\":\"Exposi\\u00e7\\u00e3o Playmobil - Forum Coimbra\",\"isPartOf\":{\"@id\":\"https:\/\/forumcoimbra.korcreatives.pt\/#website\"},\"primaryImageOfPage\":{\"@id\":\"https:\/\/forumcoimbra.korcreatives.pt\/en\/events\/exposicao-playmobil\/#primaryimage\"},\"datePublished\":\"2018-03-26T01:01:01+00:00\",\"dateModified\":\"2018-03-26T01:01:01+00:00\",\"breadcrumb\":{\"@id\":\"https:\/\/forumcoimbra.korcreatives.pt\/en\/events\/exposicao-playmobil\/#breadcrumb\"},\"inLanguage\":\"en-US\",\"potentialAction\":[{\"@type\":\"ReadAction\",\"target\":[\"https:\/\/forumcoimbra.korcreatives.pt\/en\/events\/exposicao-playmobil\/\"]}]},{\"@type\":\"BreadcrumbList\",\"@id\":\"https:\/\/forumcoimbra.korcreatives.pt\/en\/events\/exposicao-playmobil\/#breadcrumb\",\"itemListElement\":[{\"@type\":\"ListItem\",\"position\":1,\"item\":{\"@type\":\"WebPage\",\"@id\":\"https:\/\/forumcoimbra.korcreatives.pt\/events\/\",\"url\":\"https:\/\/forumcoimbra.korcreatives.pt\/events\/\",\"name\":\"Events\"}},{\"@type\":\"ListItem\",\"position\":2,\"item\":{\"@type\":\"WebPage\",\"@id\":\"https:\/\/forumcoimbra.korcreatives.pt\/en\/events\/exposicao-playmobil\/\",\"url\":\"https:\/\/forumcoimbra.korcreatives.pt\/en\/events\/exposicao-playmobil\/\",\"name\":\"Exposi\\u00e7\\u00e3o Playmobil\"}}]}]}<\/script>\n<!-- \/ Yoast SEO plugin. -->","_links":{"self":[{"href":"https:\/\/forumcoimbra.korcreatives.pt\/en\/wp-json\/wp\/v2\/events\/2237"}],"collection":[{"href":"https:\/\/forumcoimbra.korcreatives.pt\/en\/wp-json\/wp\/v2\/events"}],"about":[{"href":"https:\/\/forumcoimbra.korcreatives.pt\/en\/wp-json\/wp\/v2\/types\/events"}],"wp:featuredmedia":[{"embeddable":true,"href":"https:\/\/forumcoimbra.korcreatives.pt\/en\/wp-json\/wp\/v2\/media\/2124"}],"wp:attachment":[{"href":"https:\/\/forumcoimbra.korcreatives.pt\/en\/wp-json\/wp\/v2\/media?parent=2237"}],"curies":[{"name":"wp","href":"https:\/\/api.w.org\/{rel}","templated":true}]}}