{"id":2236,"date":"2018-03-05T01:01:01","date_gmt":"2018-03-05T01:01:01","guid":{"rendered":"http:\/\/www.forum-coimbra.com\/events\/anselmo-ralph\/"},"modified":"2018-03-05T01:01:01","modified_gmt":"2018-03-05T01:01:01","slug":"anselmo-ralph","status":"publish","type":"events","link":"https:\/\/forumcoimbra.korcreatives.pt\/en\/events\/anselmo-ralph\/","title":{"rendered":"Anselmo Ralph"},"content":{"rendered":"<p> \t<strong>Anselmo Ralph<\/strong> \u00e9 a pr\u00f3xima grande estrela a subir ao palco do Forum Coimbra, no dia <strong>23 de Mar\u00e7o<\/strong>, pelas <strong>21h30<\/strong>, com entrada livre.<\/p>\n<p> \tAutor de \u00eaxitos como &#8220;\u00danica Mulher&#8221; ou &#8220;N\u00e3o me Toca e jurado do programa da RTP, The Voice Portugal, vai proporcionar aos seus f\u00e3s uma noite cheia de m\u00fasica e anima\u00e7\u00e3o.<\/p>\n<p> \tO concerto vai ser no Parque de Estacionamento Exterior \u2013 Piso 2 e limitado \u00e0 lota\u00e7\u00e3o de 10.000 pessoas.<\/p>\n<p> \t<strong>Informa\u00e7\u00f5es Uteis:<\/strong><\/p>\n<p> \tO Parque de Estacionamento Exterior GPL estar\u00e1 encerrado no dia 23 de mar\u00e7o.<\/p>\n<p> \tEstacionamento alternativo para viaturas GPL no Exterior do Cais 1.<\/p>\n<p> \t<u>Abertura das portas pelas 18h e apelamos a que venha com anteced\u00eancia para evitar filas.<\/u><\/p>\n<p> \tN\u00e3o haver\u00e1 sess\u00e3o de aut\u00f3grafos.<\/p>\n<p> \tHaver\u00e1 controlo de entradas com revistas.<\/p>\n<p> \tPara seguran\u00e7a dos espectadores, n\u00e3o ser\u00e3o admitidos objetos que possam ser considerados perigosos, tais como:<\/p>\n<ol style=\"list-style-type:lower-alpha;\">\n<li> \t\tGarrafas de qualquer g\u00e9nero, tamanho ou material, desde que com tampa (exemplos: garrafas de \u00e1gua mineral, &#8220;squeezes&#8221;, etc);<\/li>\n<li> \t\tEmbalagens r\u00edgidas e com tampa;<\/li>\n<li> \t\tLatas;<\/li>\n<li> \t\tCapacetes;<\/li>\n<li> \t\tArmas de fogo ou armas brancas de qualquer tipo;<\/li>\n<li> \t\tCadeiras\/banquinhos;<\/li>\n<li> \t\tGuarda-chuvas;<\/li>\n<li> \t\tObjetos pontiagudos;<\/li>\n<li> \t\tObjetos perfurantes ou cortantes;<\/li>\n<li> \t\tFogo de artificio (de qualquer esp\u00e9cie);<\/li>\n<li> \t\tObjetos de vidro, pl\u00e1stico ou metal;<\/li>\n<li> \t\tBebidas;<\/li>\n<li> \t\tBast\u00e3o de Selfie;<\/li>\n<li> \t\t\u00c9 proibida a entrada e utiliza\u00e7\u00e3o de objeto ou utensilio que cubra parcial ou totalmente, impedindo a identifica\u00e7\u00e3o do usu\u00e1rio.<\/li>\n<\/ol>\n<p> \tFica atento \u00e0 nossa p\u00e1gina no Facebook e aproveita a oportunidade de assistir ao vivo a um grande concerto com uma estrela da m\u00fasica portuguesa da atualidade.<strong>anto da m\u00fasica chega na primavera!<\/strong><\/p>\n","protected":false},"featured_media":2120,"template":"","class_list":["post-2236","events","type-events","status-publish","has-post-thumbnail","hentry"],"yoast_head":"<!-- This site is optimized with the Yoast SEO plugin v16.0.2 - https:\/\/yoast.com\/wordpress\/plugins\/seo\/ -->\n<meta property=\"og:locale\" content=\"en_US\" \/>\n<meta property=\"og:type\" content=\"article\" \/>\n<meta property=\"og:title\" content=\"Anselmo Ralph - Forum Coimbra\" \/>\n<meta property=\"og:description\" content=\"Anselmo Ralph \u00e9 a pr\u00f3xima grande estrela a subir ao palco do Forum Coimbra, no dia 23 de Mar\u00e7o, pelas 21h30, com entrada livre. Autor de \u00eaxitos como &#8220;\u00danica Mulher&#8221; ou &#8220;N\u00e3o me Toca e jurado do programa da RTP, The Voice Portugal, vai proporcionar aos seus f\u00e3s uma noite cheia de m\u00fasica e anima\u00e7\u00e3o. [&hellip;]\" \/>\n<meta property=\"og:url\" content=\"https:\/\/forumcoimbra.korcreatives.pt\/en\/events\/anselmo-ralph\/\" \/>\n<meta property=\"og:site_name\" content=\"Forum Coimbra\" \/>\n<meta name=\"twitter:card\" content=\"summary_large_image\" \/>\n<meta name=\"twitter:label1\" content=\"Est. reading time\">\n\t<meta name=\"twitter:data1\" content=\"1 minute\">\n<script type=\"application\/ld+json\" class=\"yoast-schema-graph\">{\"@context\":\"https:\/\/schema.org\",\"@graph\":[{\"@type\":\"WebSite\",\"@id\":\"https:\/\/forumcoimbra.korcreatives.pt\/#website\",\"url\":\"https:\/\/forumcoimbra.korcreatives.pt\/\",\"name\":\"Forum Coimbra\",\"description\":\"\",\"potentialAction\":[{\"@type\":\"SearchAction\",\"target\":\"https:\/\/forumcoimbra.korcreatives.pt\/?s={search_term_string}\",\"query-input\":\"required name=search_term_string\"}],\"inLanguage\":\"en-US\"},{\"@type\":\"ImageObject\",\"@id\":\"https:\/\/forumcoimbra.korcreatives.pt\/en\/events\/anselmo-ralph\/#primaryimage\",\"inLanguage\":\"en-US\",\"url\":\"https:\/\/forumcoimbra.korcreatives.pt\/wp-content\/uploads\/sites\/13\/events\/anselmoralph.png\",\"width\":2500,\"height\":1500},{\"@type\":\"WebPage\",\"@id\":\"https:\/\/forumcoimbra.korcreatives.pt\/en\/events\/anselmo-ralph\/#webpage\",\"url\":\"https:\/\/forumcoimbra.korcreatives.pt\/en\/events\/anselmo-ralph\/\",\"name\":\"Anselmo Ralph - Forum Coimbra\",\"isPartOf\":{\"@id\":\"https:\/\/forumcoimbra.korcreatives.pt\/#website\"},\"primaryImageOfPage\":{\"@id\":\"https:\/\/forumcoimbra.korcreatives.pt\/en\/events\/anselmo-ralph\/#primaryimage\"},\"datePublished\":\"2018-03-05T01:01:01+00:00\",\"dateModified\":\"2018-03-05T01:01:01+00:00\",\"breadcrumb\":{\"@id\":\"https:\/\/forumcoimbra.korcreatives.pt\/en\/events\/anselmo-ralph\/#breadcrumb\"},\"inLanguage\":\"en-US\",\"potentialAction\":[{\"@type\":\"ReadAction\",\"target\":[\"https:\/\/forumcoimbra.korcreatives.pt\/en\/events\/anselmo-ralph\/\"]}]},{\"@type\":\"BreadcrumbList\",\"@id\":\"https:\/\/forumcoimbra.korcreatives.pt\/en\/events\/anselmo-ralph\/#breadcrumb\",\"itemListElement\":[{\"@type\":\"ListItem\",\"position\":1,\"item\":{\"@type\":\"WebPage\",\"@id\":\"https:\/\/forumcoimbra.korcreatives.pt\/events\/\",\"url\":\"https:\/\/forumcoimbra.korcreatives.pt\/events\/\",\"name\":\"Events\"}},{\"@type\":\"ListItem\",\"position\":2,\"item\":{\"@type\":\"WebPage\",\"@id\":\"https:\/\/forumcoimbra.korcreatives.pt\/en\/events\/anselmo-ralph\/\",\"url\":\"https:\/\/forumcoimbra.korcreatives.pt\/en\/events\/anselmo-ralph\/\",\"name\":\"Anselmo Ralph\"}}]}]}<\/script>\n<!-- \/ Yoast SEO plugin. -->","_links":{"self":[{"href":"https:\/\/forumcoimbra.korcreatives.pt\/en\/wp-json\/wp\/v2\/events\/2236"}],"collection":[{"href":"https:\/\/forumcoimbra.korcreatives.pt\/en\/wp-json\/wp\/v2\/events"}],"about":[{"href":"https:\/\/forumcoimbra.korcreatives.pt\/en\/wp-json\/wp\/v2\/types\/events"}],"wp:featuredmedia":[{"embeddable":true,"href":"https:\/\/forumcoimbra.korcreatives.pt\/en\/wp-json\/wp\/v2\/media\/2120"}],"wp:attachment":[{"href":"https:\/\/forumcoimbra.korcreatives.pt\/en\/wp-json\/wp\/v2\/media?parent=2236"}],"curies":[{"name":"wp","href":"https:\/\/api.w.org\/{rel}","templated":true}]}}