{"id":2235,"date":"2017-11-22T01:01:01","date_gmt":"2017-11-22T01:01:01","guid":{"rendered":"http:\/\/www.forum-coimbra.com\/events\/black-frid-3\/"},"modified":"2017-11-22T01:01:01","modified_gmt":"2017-11-22T01:01:01","slug":"black-frid-3","status":"publish","type":"events","link":"https:\/\/forumcoimbra.korcreatives.pt\/en\/events\/black-frid-3\/","title":{"rendered":"Black Friday"},"content":{"rendered":"<p align=\"center\"> \t<strong><em>BLACK FRIDAY<\/em><\/strong><strong>&nbsp;NO FORUM COIMBRA COM<\/strong><\/p>\n<p align=\"center\"> \t<strong>ANFITRI\u00c3 ESPECIAL<\/strong><\/p>\n<p align=\"center\"> \t<strong><u>A apresentadora Iva Lamar\u00e3o marca presen\u00e7a na &#8220;sexta-feira negra&#8221;, onde m\u00fasica, anima\u00e7\u00e3o e in\u00fameras surpresas ir\u00e3o fazer parte deste dia.<\/u><\/strong><\/p>\n<p> \t&nbsp;<\/p>\n<p> \t<strong>Na pr\u00f3xima sexta-feira, dia 24 de novembro<\/strong>, comemora-se a tradi\u00e7\u00e3o Americana, Black Friday. Este dia, j\u00e1 entrou no espirito portugu\u00eas e no Forum Coimbra, centro gerido pela Multi Portugal, onde surpresas e muita anima\u00e7\u00e3o n\u00e3o ir\u00e3o faltar.<\/p>\n<p> \tNo per\u00edodo da manh\u00e3, \u00e9 poss\u00edvel contar com a presen\u00e7a da&nbsp;<strong><em>blogger<\/em>&nbsp;de moda Joana Vaz<\/strong>, que vai ajudar todos os visitantes a&nbsp;<strong>criar os seus embrulhos de natal personalizados<\/strong>, estando tamb\u00e9m dispon\u00edvel para dar dicas de moda e para muitas fotografias, claro.&nbsp;<strong>A apresentadora de televis\u00e3o Iva Lamar\u00e3o, marca presen\u00e7a no centro, pelas 15h, para uma tarde de<em>glamour<\/em>&nbsp;e anima\u00e7\u00e3o do inicio ao fim.<\/strong><\/p>\n<p> \t<strong>Dentro das in\u00fameras surpresas, vai ser poss\u00edvel experienciar e vivenciar as tr\u00eas capitais da moda: Mil\u00e3o, Paris e Nova Iorque<\/strong>, que ser\u00e3o o foco principal desta sexta-feira. A moda est\u00e1 em primeiro lugar no Forum Coimbra, e surpresas n\u00e3o ir\u00e3o faltar em cada uma destas cidades.<\/p>\n<p> \tParis, a capital europeia da moda e da cria\u00e7\u00e3o, &#8220;abre as portas&#8221; no Forum Coimbra, para um dia inesquec\u00edvel, bem Parisiense, onde \u00e9 poss\u00edvel assistir a uma dan\u00e7a de&nbsp;<em>Cabaret<\/em>, provar uns biscoitos e ch\u00e1s bem t\u00edpicos. Mil\u00e3o e Nova Iorque, as cidades que transmitem eleg\u00e2ncia e magia, ir\u00e3o estar dispon\u00edveis a todos os visitantes, que pretendam tornar as suas prendas de natal igualmente m\u00e1gicas e \u00fanicas, ao som de m\u00fasicas t\u00edpicas:&nbsp;<em>Italian Dance Folk<\/em>&nbsp;e&nbsp;<em>Hip Hop,&nbsp;<\/em>respetivamente.<\/p>\n<p> \tEntre em cada uma destas cidades e sinta o que de melhor t\u00eam, onde m\u00fasica, anima\u00e7\u00e3o e surpresas n\u00e3o ir\u00e3o faltar! Podendo ainda habilitar-se a ganhar um saco de compras exclusivo.<\/p>\n<p> \tS\u00e3o mais do que raz\u00f5es para passar o&nbsp;<em>Black Friday<\/em>&nbsp;connosco!<\/p>\n","protected":false},"featured_media":2116,"template":"","class_list":["post-2235","events","type-events","status-publish","has-post-thumbnail","hentry"],"yoast_head":"<!-- This site is optimized with the Yoast SEO plugin v16.0.2 - https:\/\/yoast.com\/wordpress\/plugins\/seo\/ -->\n<meta property=\"og:locale\" content=\"en_US\" \/>\n<meta property=\"og:type\" content=\"article\" \/>\n<meta property=\"og:title\" content=\"Black Friday - Forum Coimbra\" \/>\n<meta property=\"og:description\" content=\"BLACK FRIDAY&nbsp;NO FORUM COIMBRA COM ANFITRI\u00c3 ESPECIAL A apresentadora Iva Lamar\u00e3o marca presen\u00e7a na &#8220;sexta-feira negra&#8221;, onde m\u00fasica, anima\u00e7\u00e3o e in\u00fameras surpresas ir\u00e3o fazer parte deste dia. &nbsp; Na pr\u00f3xima sexta-feira, dia 24 de novembro, comemora-se a tradi\u00e7\u00e3o Americana, Black Friday. Este dia, j\u00e1 entrou no espirito portugu\u00eas e no Forum Coimbra, centro gerido pela [&hellip;]\" \/>\n<meta property=\"og:url\" content=\"https:\/\/forumcoimbra.korcreatives.pt\/en\/events\/black-frid-3\/\" \/>\n<meta property=\"og:site_name\" content=\"Forum Coimbra\" \/>\n<meta name=\"twitter:card\" content=\"summary_large_image\" \/>\n<meta name=\"twitter:label1\" content=\"Est. reading time\">\n\t<meta name=\"twitter:data1\" content=\"2 minutes\">\n<script type=\"application\/ld+json\" class=\"yoast-schema-graph\">{\"@context\":\"https:\/\/schema.org\",\"@graph\":[{\"@type\":\"WebSite\",\"@id\":\"https:\/\/forumcoimbra.korcreatives.pt\/#website\",\"url\":\"https:\/\/forumcoimbra.korcreatives.pt\/\",\"name\":\"Forum Coimbra\",\"description\":\"\",\"potentialAction\":[{\"@type\":\"SearchAction\",\"target\":\"https:\/\/forumcoimbra.korcreatives.pt\/?s={search_term_string}\",\"query-input\":\"required name=search_term_string\"}],\"inLanguage\":\"en-US\"},{\"@type\":\"ImageObject\",\"@id\":\"https:\/\/forumcoimbra.korcreatives.pt\/en\/events\/black-frid-3\/#primaryimage\",\"inLanguage\":\"en-US\",\"url\":\"https:\/\/forumcoimbra.korcreatives.pt\/wp-content\/uploads\/sites\/13\/events\/blackfriday.png\",\"width\":960,\"height\":550},{\"@type\":\"WebPage\",\"@id\":\"https:\/\/forumcoimbra.korcreatives.pt\/en\/events\/black-frid-3\/#webpage\",\"url\":\"https:\/\/forumcoimbra.korcreatives.pt\/en\/events\/black-frid-3\/\",\"name\":\"Black Friday - Forum Coimbra\",\"isPartOf\":{\"@id\":\"https:\/\/forumcoimbra.korcreatives.pt\/#website\"},\"primaryImageOfPage\":{\"@id\":\"https:\/\/forumcoimbra.korcreatives.pt\/en\/events\/black-frid-3\/#primaryimage\"},\"datePublished\":\"2017-11-22T01:01:01+00:00\",\"dateModified\":\"2017-11-22T01:01:01+00:00\",\"breadcrumb\":{\"@id\":\"https:\/\/forumcoimbra.korcreatives.pt\/en\/events\/black-frid-3\/#breadcrumb\"},\"inLanguage\":\"en-US\",\"potentialAction\":[{\"@type\":\"ReadAction\",\"target\":[\"https:\/\/forumcoimbra.korcreatives.pt\/en\/events\/black-frid-3\/\"]}]},{\"@type\":\"BreadcrumbList\",\"@id\":\"https:\/\/forumcoimbra.korcreatives.pt\/en\/events\/black-frid-3\/#breadcrumb\",\"itemListElement\":[{\"@type\":\"ListItem\",\"position\":1,\"item\":{\"@type\":\"WebPage\",\"@id\":\"https:\/\/forumcoimbra.korcreatives.pt\/events\/\",\"url\":\"https:\/\/forumcoimbra.korcreatives.pt\/events\/\",\"name\":\"Events\"}},{\"@type\":\"ListItem\",\"position\":2,\"item\":{\"@type\":\"WebPage\",\"@id\":\"https:\/\/forumcoimbra.korcreatives.pt\/en\/events\/black-frid-3\/\",\"url\":\"https:\/\/forumcoimbra.korcreatives.pt\/en\/events\/black-frid-3\/\",\"name\":\"Black Friday\"}}]}]}<\/script>\n<!-- \/ Yoast SEO plugin. -->","_links":{"self":[{"href":"https:\/\/forumcoimbra.korcreatives.pt\/en\/wp-json\/wp\/v2\/events\/2235"}],"collection":[{"href":"https:\/\/forumcoimbra.korcreatives.pt\/en\/wp-json\/wp\/v2\/events"}],"about":[{"href":"https:\/\/forumcoimbra.korcreatives.pt\/en\/wp-json\/wp\/v2\/types\/events"}],"wp:featuredmedia":[{"embeddable":true,"href":"https:\/\/forumcoimbra.korcreatives.pt\/en\/wp-json\/wp\/v2\/media\/2116"}],"wp:attachment":[{"href":"https:\/\/forumcoimbra.korcreatives.pt\/en\/wp-json\/wp\/v2\/media?parent=2235"}],"curies":[{"name":"wp","href":"https:\/\/api.w.org\/{rel}","templated":true}]}}