{"id":2234,"date":"2017-11-13T01:01:01","date_gmt":"2017-11-13T01:01:01","guid":{"rendered":"http:\/\/www.forum-coimbra.com\/events\/campanha-de-natal\/"},"modified":"2017-11-13T01:01:01","modified_gmt":"2017-11-13T01:01:01","slug":"campanha-de-natal","status":"publish","type":"events","link":"https:\/\/forumcoimbra.korcreatives.pt\/en\/events\/campanha-de-natal\/","title":{"rendered":"Campanha de Natal"},"content":{"rendered":"<p> \tO Natal chegou ao Forum Coimbra cheio de luz e encanto!<\/p>\n<p> \tO&nbsp;<strong>Trono do Pai Natal<\/strong>&nbsp;\u00e9 especialmente m\u00e1gico este ano. Juntando tradi\u00e7\u00e3o e modernidade de forma surpreendente. Est\u00e1 localizado na Pra\u00e7a Terra &#8211; Piso 1, at\u00e9 ao dia 24 de dezembro, onde as crian\u00e7as v\u00e3o poder fazer os seus pedidos ao velhinho das barbas brancas, receber o Livro do Gui e tirar fotografias para mais tarde recordar.<\/p>\n<p> \tMas o Natal no Forum Coimbra n\u00e3o fica por aqui! At\u00e9 7 de janeiro muita anima\u00e7\u00e3o vai acontecer.<\/p>\n<p> \tNa Pra\u00e7a Terra \u2013 Piso 1 est\u00e1 instalado um&nbsp;<strong>Carrossel gratuito,&nbsp;<\/strong>inspirado no Livro do Gui deste ano<strong>,&nbsp;<\/strong>que vai proporcionar grandes momentos de divers\u00e3o a todas as crian\u00e7as.<\/p>\n<p> \tA Pra\u00e7a \u00c1gua \u2013 Piso 1 recebe ateliers tem\u00e1ticos e v\u00e1rios concertos de Natal:<\/p>\n<p> \t&nbsp;<\/p>\n<p> \t<strong>Concertos:<\/strong><\/p>\n<p> \t&#8211; 25 Nov., \u00e0s 16h &#8211;&nbsp;<strong>Av\u00f4 Cantigas<\/strong><\/p>\n<p> \t&#8211; 30 Nov., \u00e0s 18h \u2013&nbsp;<strong>Espet\u00e1culo Col\u00e9gio Rainha Santa Isabel<\/strong><\/p>\n<p> \t&#8211; 2 Dez., \u00e0s 16h &#8211;&nbsp;<strong>Gui e os Gomas<\/strong><\/p>\n<p> \t&#8211; 6 Jan., \u00e0s 16h &#8211;&nbsp;<strong>S\u00f3nia Ara\u00fajo<\/strong><\/p>\n<p> \t&nbsp;<\/p>\n<p> \t<strong><u>HOR\u00c1RIOS:<\/u><\/strong><\/p>\n<p> \t<strong>Hor\u00e1rio do Trono do Pai Natal:<\/strong><\/p>\n<p> \t<u>Novembro<\/u><\/p>\n<p> \t2\u00aa a 6\u00aa &#8211; 16h00 \u00e0s 20h00<\/p>\n<p> \ts\u00e1b. e dom. &#8211; 11h00 \u00e0s 21h00<\/p>\n<p> \t<u>Dezembro<\/u><\/p>\n<p> \t2\u00aa a 5\u00aa &#8211; 11h00 \u00e0s 19h00<\/p>\n<p> \t6\u00aa, s\u00e1b. e dom. e feriados &#8211; 11h00 \u00e0s 21h00<\/p>\n<p> \t24 de dezembro \u2013 11h00 \u00e0s 18h00<\/p>\n<p> \t&nbsp;<\/p>\n<p> \t<strong>Hor\u00e1rio do Carrossel:<\/strong><\/p>\n<p> \t<u>Novembro<\/u><\/p>\n<p> \t2\u00aa a 5\u00aa &#8211; 17h00 \u00e0s 20h00<\/p>\n<p> \t6\u00aa \u2013 16h00 \u00e0s 21h00<\/p>\n<p> \ts\u00e1b. e dom. &#8211; 11h00 \u00e0s 21h00<\/p>\n<p> \t<u>Dezembro<\/u><\/p>\n<p> \tTodos os dias &#8211; 11h00 \u00e0s 21h00<\/p>\n<p> \t24 de dezembro e 31 de dezembro \u2013 11h00 \u00e0s 18h00<\/p>\n<p> \t&nbsp;<\/p>\n<p> \t<strong>Hor\u00e1rio dos Ateliers:<\/strong><\/p>\n<p> \t<u>Novembro<\/u><\/p>\n<p> \t6\u00ba a domingo \u2013 15h00 \u00e0s 20h00<\/p>\n<p> \t<u>Dezembro<\/u><\/p>\n<p> \t6\u00ba a domingo \u2013 14h00 \u00e0s 21h00<\/p>\n","protected":false},"featured_media":2112,"template":"","class_list":["post-2234","events","type-events","status-publish","has-post-thumbnail","hentry"],"yoast_head":"<!-- This site is optimized with the Yoast SEO plugin v16.0.2 - https:\/\/yoast.com\/wordpress\/plugins\/seo\/ -->\n<meta property=\"og:locale\" content=\"en_US\" \/>\n<meta property=\"og:type\" content=\"article\" \/>\n<meta property=\"og:title\" content=\"Campanha de Natal - Forum Coimbra\" \/>\n<meta property=\"og:description\" content=\"O Natal chegou ao Forum Coimbra cheio de luz e encanto! O&nbsp;Trono do Pai Natal&nbsp;\u00e9 especialmente m\u00e1gico este ano. Juntando tradi\u00e7\u00e3o e modernidade de forma surpreendente. Est\u00e1 localizado na Pra\u00e7a Terra &#8211; Piso 1, at\u00e9 ao dia 24 de dezembro, onde as crian\u00e7as v\u00e3o poder fazer os seus pedidos ao velhinho das barbas brancas, receber [&hellip;]\" \/>\n<meta property=\"og:url\" content=\"https:\/\/forumcoimbra.korcreatives.pt\/en\/events\/campanha-de-natal\/\" \/>\n<meta property=\"og:site_name\" content=\"Forum Coimbra\" \/>\n<meta name=\"twitter:card\" content=\"summary_large_image\" \/>\n<meta name=\"twitter:label1\" content=\"Est. reading time\">\n\t<meta name=\"twitter:data1\" content=\"1 minute\">\n<script type=\"application\/ld+json\" class=\"yoast-schema-graph\">{\"@context\":\"https:\/\/schema.org\",\"@graph\":[{\"@type\":\"WebSite\",\"@id\":\"https:\/\/forumcoimbra.korcreatives.pt\/#website\",\"url\":\"https:\/\/forumcoimbra.korcreatives.pt\/\",\"name\":\"Forum Coimbra\",\"description\":\"\",\"potentialAction\":[{\"@type\":\"SearchAction\",\"target\":\"https:\/\/forumcoimbra.korcreatives.pt\/?s={search_term_string}\",\"query-input\":\"required name=search_term_string\"}],\"inLanguage\":\"en-US\"},{\"@type\":\"ImageObject\",\"@id\":\"https:\/\/forumcoimbra.korcreatives.pt\/en\/events\/campanha-de-natal\/#primaryimage\",\"inLanguage\":\"en-US\",\"url\":\"https:\/\/forumcoimbra.korcreatives.pt\/wp-content\/uploads\/sites\/13\/events\/campanhadenatal.png\",\"width\":960,\"height\":550},{\"@type\":\"WebPage\",\"@id\":\"https:\/\/forumcoimbra.korcreatives.pt\/en\/events\/campanha-de-natal\/#webpage\",\"url\":\"https:\/\/forumcoimbra.korcreatives.pt\/en\/events\/campanha-de-natal\/\",\"name\":\"Campanha de Natal - Forum Coimbra\",\"isPartOf\":{\"@id\":\"https:\/\/forumcoimbra.korcreatives.pt\/#website\"},\"primaryImageOfPage\":{\"@id\":\"https:\/\/forumcoimbra.korcreatives.pt\/en\/events\/campanha-de-natal\/#primaryimage\"},\"datePublished\":\"2017-11-13T01:01:01+00:00\",\"dateModified\":\"2017-11-13T01:01:01+00:00\",\"breadcrumb\":{\"@id\":\"https:\/\/forumcoimbra.korcreatives.pt\/en\/events\/campanha-de-natal\/#breadcrumb\"},\"inLanguage\":\"en-US\",\"potentialAction\":[{\"@type\":\"ReadAction\",\"target\":[\"https:\/\/forumcoimbra.korcreatives.pt\/en\/events\/campanha-de-natal\/\"]}]},{\"@type\":\"BreadcrumbList\",\"@id\":\"https:\/\/forumcoimbra.korcreatives.pt\/en\/events\/campanha-de-natal\/#breadcrumb\",\"itemListElement\":[{\"@type\":\"ListItem\",\"position\":1,\"item\":{\"@type\":\"WebPage\",\"@id\":\"https:\/\/forumcoimbra.korcreatives.pt\/events\/\",\"url\":\"https:\/\/forumcoimbra.korcreatives.pt\/events\/\",\"name\":\"Events\"}},{\"@type\":\"ListItem\",\"position\":2,\"item\":{\"@type\":\"WebPage\",\"@id\":\"https:\/\/forumcoimbra.korcreatives.pt\/en\/events\/campanha-de-natal\/\",\"url\":\"https:\/\/forumcoimbra.korcreatives.pt\/en\/events\/campanha-de-natal\/\",\"name\":\"Campanha de Natal\"}}]}]}<\/script>\n<!-- \/ Yoast SEO plugin. -->","_links":{"self":[{"href":"https:\/\/forumcoimbra.korcreatives.pt\/en\/wp-json\/wp\/v2\/events\/2234"}],"collection":[{"href":"https:\/\/forumcoimbra.korcreatives.pt\/en\/wp-json\/wp\/v2\/events"}],"about":[{"href":"https:\/\/forumcoimbra.korcreatives.pt\/en\/wp-json\/wp\/v2\/types\/events"}],"wp:featuredmedia":[{"embeddable":true,"href":"https:\/\/forumcoimbra.korcreatives.pt\/en\/wp-json\/wp\/v2\/media\/2112"}],"wp:attachment":[{"href":"https:\/\/forumcoimbra.korcreatives.pt\/en\/wp-json\/wp\/v2\/media?parent=2234"}],"curies":[{"name":"wp","href":"https:\/\/api.w.org\/{rel}","templated":true}]}}