{"id":2233,"date":"2017-09-15T01:01:01","date_gmt":"2017-09-15T01:01:01","guid":{"rendered":"http:\/\/www.forum-coimbra.com\/events\/atelier-organizacao-pai-e-filhos\/"},"modified":"2017-09-15T01:01:01","modified_gmt":"2017-09-15T01:01:01","slug":"atelier-organizacao-pai-e-filhos","status":"publish","type":"events","link":"https:\/\/forumcoimbra.korcreatives.pt\/en\/events\/atelier-organizacao-pai-e-filhos\/","title":{"rendered":"Atelier Organiza\u00e7\u00e3o Pai e Filhos"},"content":{"rendered":"<p> \tAp\u00f3s a \u00e9poca das f\u00e9rias, esta \u00e9 para muitas fam\u00edlias a altura de voltar ao trabalho e aulas, aos dias preenchidos e \u00e0s rotinas!<\/p>\n<p> \tA pensar nestes dias mais atarefados que se avizinham, o <strong>Forum Coimbra<\/strong>, organizou uma s\u00e9rie de workshops direcionados a toda a fam\u00edlia, que ir\u00e3o decorrer, <strong>todos os fins-de-semana de setembro a novembro, das 11h \u00e0s 13h e das 14h \u00e0s 20h, na Pra\u00e7a Terra no piso 1.<\/strong><\/p>\n<p> \tUm espa\u00e7o com alguns cen\u00e1rios de uma casa, v\u00e3o fazer deste atelier uma autentica divers\u00e3o, afinal <strong>nunca foi t\u00e3o divertido ser organizado<\/strong>! Desde <strong>aprender a dividir tarefas entre todos os membros da fam\u00edlia<\/strong>, a <strong>organizar os trabalhos que se trazem da escola<\/strong> e a<strong> mesa de estudo<\/strong> em casa, descobrir <strong>solu\u00e7\u00f5es de organiza\u00e7\u00e3o de roupa e acess\u00f3rios<\/strong>, s\u00e3o alguns dos temas que v\u00e3o fazer destes workshops aut\u00eanticos momentos de brincadeira.<\/p>\n<p> \tCada atelier ter\u00e1 uma dura\u00e7\u00e3o m\u00ednima de 30 minutos, com lota\u00e7\u00e3o m\u00e1xima de 12 pessoas.<\/p>\n<p> \t<strong>Agenda:<\/strong><\/p>\n<p> \t<strong>16 e 17 set. | As minhas tarefas<\/strong><\/p>\n<p> \tEstabelecer tarefas e recompensar pelo seu cumprimento \u00e9 uma boa ideia a seguir!<\/p>\n<p> \t<strong>23 e 24 set. | A minha mesa de trabalho<\/strong><\/p>\n<p> \tAproveitar o que j\u00e1 existe e saber reaproveitar o que j\u00e1 n\u00e3o se usa \u00e9 uma solu\u00e7\u00e3o sem riscos.<\/p>\n<p> \t<strong>30 set. e 01 out. | Organizo os meus trabalhos<\/strong><\/p>\n<p> \tA arte de aprender a organizar vai estender-se aos trabalhos de anos e anos de talento.<\/p>\n<p> \t<strong>07 e 08 out. | Ganchos, la\u00e7os, cintos e bon\u00e9s<\/strong><\/p>\n<p> \tT\u00e3o criativos e l\u00fadicos como os acess\u00f3rios devem ser as formas de os guardar.<\/p>\n<p> \t<strong>14 e 15 out. | Organizo a minha roupa<\/strong><\/p>\n<p> \tDobrar pode ser uma brincadeira!&#8230; E arrumar em organizadores tamb\u00e9m.<\/p>\n<p> \t<strong>21 e 22 out. | A brincar, a brincar, organizo os brinquedos<\/strong><\/p>\n<p> \tBonecas, pe\u00e7as de Lego e carrinhos espalhados por todo lado; afinal, tudo tem o seu lugar.<\/p>\n<p> \t<strong>29 e 29 out. | Halloween<\/strong><\/p>\n<p> \tAprender a divertir-se de forma saud\u00e1vel n\u00e3o \u00e9 com certeza um susto.<\/p>\n<p> \t<strong>04 e 05 nov. | Temas favoritos (temas com mais participa\u00e7\u00f5es)<\/strong><\/p>\n<p> \tFaz bis e vem brincar outra vez aos temas que mais gostaste.<\/p>\n<p> \t&nbsp;<\/p>\n<p> \t<strong>Organizar nunca foi t\u00e3o divertido! Vem r\u00e1pido!<\/strong><\/p>\n<p> \tS\u00e3o mais do que raz\u00f5es para passar estes dias connosco.<\/p>\n<p> \t<strong>Organiza\u00e7\u00e3o no Forum Coimbra. Tem outro encanto!<\/strong><\/p>\n","protected":false},"featured_media":2108,"template":"","class_list":["post-2233","events","type-events","status-publish","has-post-thumbnail","hentry"],"yoast_head":"<!-- This site is optimized with the Yoast SEO plugin v16.0.2 - https:\/\/yoast.com\/wordpress\/plugins\/seo\/ -->\n<meta property=\"og:locale\" content=\"en_US\" \/>\n<meta property=\"og:type\" content=\"article\" \/>\n<meta property=\"og:title\" content=\"Atelier Organiza\u00e7\u00e3o Pai e Filhos - Forum Coimbra\" \/>\n<meta property=\"og:description\" content=\"Ap\u00f3s a \u00e9poca das f\u00e9rias, esta \u00e9 para muitas fam\u00edlias a altura de voltar ao trabalho e aulas, aos dias preenchidos e \u00e0s rotinas! A pensar nestes dias mais atarefados que se avizinham, o Forum Coimbra, organizou uma s\u00e9rie de workshops direcionados a toda a fam\u00edlia, que ir\u00e3o decorrer, todos os fins-de-semana de setembro a [&hellip;]\" \/>\n<meta property=\"og:url\" content=\"https:\/\/forumcoimbra.korcreatives.pt\/en\/events\/atelier-organizacao-pai-e-filhos\/\" \/>\n<meta property=\"og:site_name\" content=\"Forum Coimbra\" \/>\n<meta name=\"twitter:card\" content=\"summary_large_image\" \/>\n<meta name=\"twitter:label1\" content=\"Est. reading time\">\n\t<meta name=\"twitter:data1\" content=\"2 minutes\">\n<script type=\"application\/ld+json\" class=\"yoast-schema-graph\">{\"@context\":\"https:\/\/schema.org\",\"@graph\":[{\"@type\":\"WebSite\",\"@id\":\"https:\/\/forumcoimbra.korcreatives.pt\/#website\",\"url\":\"https:\/\/forumcoimbra.korcreatives.pt\/\",\"name\":\"Forum Coimbra\",\"description\":\"\",\"potentialAction\":[{\"@type\":\"SearchAction\",\"target\":\"https:\/\/forumcoimbra.korcreatives.pt\/?s={search_term_string}\",\"query-input\":\"required name=search_term_string\"}],\"inLanguage\":\"en-US\"},{\"@type\":\"ImageObject\",\"@id\":\"https:\/\/forumcoimbra.korcreatives.pt\/en\/events\/atelier-organizacao-pai-e-filhos\/#primaryimage\",\"inLanguage\":\"en-US\",\"url\":\"https:\/\/forumcoimbra.korcreatives.pt\/wp-content\/uploads\/sites\/13\/events\/atelierorganizacaopaiefilhos.png\",\"width\":2500,\"height\":1500},{\"@type\":\"WebPage\",\"@id\":\"https:\/\/forumcoimbra.korcreatives.pt\/en\/events\/atelier-organizacao-pai-e-filhos\/#webpage\",\"url\":\"https:\/\/forumcoimbra.korcreatives.pt\/en\/events\/atelier-organizacao-pai-e-filhos\/\",\"name\":\"Atelier Organiza\\u00e7\\u00e3o Pai e Filhos - Forum Coimbra\",\"isPartOf\":{\"@id\":\"https:\/\/forumcoimbra.korcreatives.pt\/#website\"},\"primaryImageOfPage\":{\"@id\":\"https:\/\/forumcoimbra.korcreatives.pt\/en\/events\/atelier-organizacao-pai-e-filhos\/#primaryimage\"},\"datePublished\":\"2017-09-15T01:01:01+00:00\",\"dateModified\":\"2017-09-15T01:01:01+00:00\",\"breadcrumb\":{\"@id\":\"https:\/\/forumcoimbra.korcreatives.pt\/en\/events\/atelier-organizacao-pai-e-filhos\/#breadcrumb\"},\"inLanguage\":\"en-US\",\"potentialAction\":[{\"@type\":\"ReadAction\",\"target\":[\"https:\/\/forumcoimbra.korcreatives.pt\/en\/events\/atelier-organizacao-pai-e-filhos\/\"]}]},{\"@type\":\"BreadcrumbList\",\"@id\":\"https:\/\/forumcoimbra.korcreatives.pt\/en\/events\/atelier-organizacao-pai-e-filhos\/#breadcrumb\",\"itemListElement\":[{\"@type\":\"ListItem\",\"position\":1,\"item\":{\"@type\":\"WebPage\",\"@id\":\"https:\/\/forumcoimbra.korcreatives.pt\/events\/\",\"url\":\"https:\/\/forumcoimbra.korcreatives.pt\/events\/\",\"name\":\"Events\"}},{\"@type\":\"ListItem\",\"position\":2,\"item\":{\"@type\":\"WebPage\",\"@id\":\"https:\/\/forumcoimbra.korcreatives.pt\/en\/events\/atelier-organizacao-pai-e-filhos\/\",\"url\":\"https:\/\/forumcoimbra.korcreatives.pt\/en\/events\/atelier-organizacao-pai-e-filhos\/\",\"name\":\"Atelier Organiza\\u00e7\\u00e3o Pai e Filhos\"}}]}]}<\/script>\n<!-- \/ Yoast SEO plugin. -->","_links":{"self":[{"href":"https:\/\/forumcoimbra.korcreatives.pt\/en\/wp-json\/wp\/v2\/events\/2233"}],"collection":[{"href":"https:\/\/forumcoimbra.korcreatives.pt\/en\/wp-json\/wp\/v2\/events"}],"about":[{"href":"https:\/\/forumcoimbra.korcreatives.pt\/en\/wp-json\/wp\/v2\/types\/events"}],"wp:featuredmedia":[{"embeddable":true,"href":"https:\/\/forumcoimbra.korcreatives.pt\/en\/wp-json\/wp\/v2\/media\/2108"}],"wp:attachment":[{"href":"https:\/\/forumcoimbra.korcreatives.pt\/en\/wp-json\/wp\/v2\/media?parent=2233"}],"curies":[{"name":"wp","href":"https:\/\/api.w.org\/{rel}","templated":true}]}}