{"id":2232,"date":"2017-07-31T01:01:01","date_gmt":"2017-07-31T01:01:01","guid":{"rendered":"http:\/\/www.forum-coimbra.com\/events\/forum-coimbra-summer-sound-by-mtv\/"},"modified":"2017-07-31T01:01:01","modified_gmt":"2017-07-31T01:01:01","slug":"forum-coimbra-summer-sound-by-mtv","status":"publish","type":"events","link":"https:\/\/forumcoimbra.korcreatives.pt\/en\/events\/forum-coimbra-summer-sound-by-mtv\/","title":{"rendered":"Forum Coimbra Summer Sound by MTV"},"content":{"rendered":"<p> \tNo Forum Coimbra, a m\u00fasica tem outro encanto!O <strong>Forum Coimbra<\/strong> e a <strong>MTV Portugal<\/strong> v\u00e3o proporcionar noites de Ver\u00e3o cheias de m\u00fasica e anima\u00e7\u00e3o, com o <strong>Forum Coimbra Summer Sound by MTV<\/strong>.<\/p>\n<p> \tNos dias <strong>24, 31 de agosto <\/strong>e<strong> 7 de setembro<\/strong> podes disfrutar de \u00f3timos concertos, sob um cen\u00e1rio preenchido pelo rio Mondego e pela encantadora cidade de Coimbra.<\/p>\n<p> \tNesta edi\u00e7\u00e3o os concertos de ver\u00e3o regressam aos jardins exteriores do centro comercial, com m\u00fasicos portugueses conceituados e novos talentos.<\/p>\n<p> \t<strong>Agenda:<\/strong><\/p>\n<p> \t24 agosto | 21:30<\/p>\n<p> \t<strong>HMB<\/strong><\/p>\n<p> \t31 agosto | 21:00<\/p>\n<p> \t<strong>B\u00e1rbara Bandeira<\/strong><\/p>\n<p> \t<strong>Os Aurora<\/strong><\/p>\n<p> \t<strong>B-Leza<\/strong><\/p>\n<p> \t07 setembro | 21:30<\/p>\n<p> \t<strong>\u00c1urea<\/strong><\/p>\n<p> \t&nbsp;<\/p>\n<p> \tFica atento \u00e0 nossa p\u00e1gina no Facebook e aproveita a oportunidade de assistir ao vivo a grandes nomes da m\u00fasica portuguesa da atualidade.<\/p>\n<p> \t&nbsp;<\/p>\n<p> \t<strong>No Forum Coimbra, a m\u00fasica tem outro encanto!<\/strong><\/p>\n","protected":false},"featured_media":2104,"template":"","class_list":["post-2232","events","type-events","status-publish","has-post-thumbnail","hentry"],"yoast_head":"<!-- This site is optimized with the Yoast SEO plugin v16.0.2 - https:\/\/yoast.com\/wordpress\/plugins\/seo\/ -->\n<meta property=\"og:locale\" content=\"en_US\" \/>\n<meta property=\"og:type\" content=\"article\" \/>\n<meta property=\"og:title\" content=\"Forum Coimbra Summer Sound by MTV - Forum Coimbra\" \/>\n<meta property=\"og:description\" content=\"No Forum Coimbra, a m\u00fasica tem outro encanto!O Forum Coimbra e a MTV Portugal v\u00e3o proporcionar noites de Ver\u00e3o cheias de m\u00fasica e anima\u00e7\u00e3o, com o Forum Coimbra Summer Sound by MTV. Nos dias 24, 31 de agosto e 7 de setembro podes disfrutar de \u00f3timos concertos, sob um cen\u00e1rio preenchido pelo rio Mondego e [&hellip;]\" \/>\n<meta property=\"og:url\" content=\"https:\/\/forumcoimbra.korcreatives.pt\/en\/events\/forum-coimbra-summer-sound-by-mtv\/\" \/>\n<meta property=\"og:site_name\" content=\"Forum Coimbra\" \/>\n<meta name=\"twitter:card\" content=\"summary_large_image\" \/>\n<meta name=\"twitter:label1\" content=\"Est. reading time\">\n\t<meta name=\"twitter:data1\" content=\"1 minute\">\n<script type=\"application\/ld+json\" class=\"yoast-schema-graph\">{\"@context\":\"https:\/\/schema.org\",\"@graph\":[{\"@type\":\"WebSite\",\"@id\":\"https:\/\/forumcoimbra.korcreatives.pt\/#website\",\"url\":\"https:\/\/forumcoimbra.korcreatives.pt\/\",\"name\":\"Forum Coimbra\",\"description\":\"\",\"potentialAction\":[{\"@type\":\"SearchAction\",\"target\":\"https:\/\/forumcoimbra.korcreatives.pt\/?s={search_term_string}\",\"query-input\":\"required name=search_term_string\"}],\"inLanguage\":\"en-US\"},{\"@type\":\"ImageObject\",\"@id\":\"https:\/\/forumcoimbra.korcreatives.pt\/en\/events\/forum-coimbra-summer-sound-by-mtv\/#primaryimage\",\"inLanguage\":\"en-US\",\"url\":\"https:\/\/forumcoimbra.korcreatives.pt\/wp-content\/uploads\/sites\/13\/events\/forumcoimbrasummersoundbymtv.jpg\",\"width\":2500,\"height\":1500},{\"@type\":\"WebPage\",\"@id\":\"https:\/\/forumcoimbra.korcreatives.pt\/en\/events\/forum-coimbra-summer-sound-by-mtv\/#webpage\",\"url\":\"https:\/\/forumcoimbra.korcreatives.pt\/en\/events\/forum-coimbra-summer-sound-by-mtv\/\",\"name\":\"Forum Coimbra Summer Sound by MTV - Forum Coimbra\",\"isPartOf\":{\"@id\":\"https:\/\/forumcoimbra.korcreatives.pt\/#website\"},\"primaryImageOfPage\":{\"@id\":\"https:\/\/forumcoimbra.korcreatives.pt\/en\/events\/forum-coimbra-summer-sound-by-mtv\/#primaryimage\"},\"datePublished\":\"2017-07-31T01:01:01+00:00\",\"dateModified\":\"2017-07-31T01:01:01+00:00\",\"breadcrumb\":{\"@id\":\"https:\/\/forumcoimbra.korcreatives.pt\/en\/events\/forum-coimbra-summer-sound-by-mtv\/#breadcrumb\"},\"inLanguage\":\"en-US\",\"potentialAction\":[{\"@type\":\"ReadAction\",\"target\":[\"https:\/\/forumcoimbra.korcreatives.pt\/en\/events\/forum-coimbra-summer-sound-by-mtv\/\"]}]},{\"@type\":\"BreadcrumbList\",\"@id\":\"https:\/\/forumcoimbra.korcreatives.pt\/en\/events\/forum-coimbra-summer-sound-by-mtv\/#breadcrumb\",\"itemListElement\":[{\"@type\":\"ListItem\",\"position\":1,\"item\":{\"@type\":\"WebPage\",\"@id\":\"https:\/\/forumcoimbra.korcreatives.pt\/events\/\",\"url\":\"https:\/\/forumcoimbra.korcreatives.pt\/events\/\",\"name\":\"Events\"}},{\"@type\":\"ListItem\",\"position\":2,\"item\":{\"@type\":\"WebPage\",\"@id\":\"https:\/\/forumcoimbra.korcreatives.pt\/en\/events\/forum-coimbra-summer-sound-by-mtv\/\",\"url\":\"https:\/\/forumcoimbra.korcreatives.pt\/en\/events\/forum-coimbra-summer-sound-by-mtv\/\",\"name\":\"Forum Coimbra Summer Sound by MTV\"}}]}]}<\/script>\n<!-- \/ Yoast SEO plugin. -->","_links":{"self":[{"href":"https:\/\/forumcoimbra.korcreatives.pt\/en\/wp-json\/wp\/v2\/events\/2232"}],"collection":[{"href":"https:\/\/forumcoimbra.korcreatives.pt\/en\/wp-json\/wp\/v2\/events"}],"about":[{"href":"https:\/\/forumcoimbra.korcreatives.pt\/en\/wp-json\/wp\/v2\/types\/events"}],"wp:featuredmedia":[{"embeddable":true,"href":"https:\/\/forumcoimbra.korcreatives.pt\/en\/wp-json\/wp\/v2\/media\/2104"}],"wp:attachment":[{"href":"https:\/\/forumcoimbra.korcreatives.pt\/en\/wp-json\/wp\/v2\/media?parent=2232"}],"curies":[{"name":"wp","href":"https:\/\/api.w.org\/{rel}","templated":true}]}}