{"id":2230,"date":"2017-04-07T01:01:01","date_gmt":"2017-04-07T01:01:01","guid":{"rendered":"http:\/\/www.forum-coimbra.com\/events\/moda-25-a-29-abril\/"},"modified":"2017-04-07T01:01:01","modified_gmt":"2017-04-07T01:01:01","slug":"moda-25-a-29-abril","status":"publish","type":"events","link":"https:\/\/forumcoimbra.korcreatives.pt\/en\/events\/moda-25-a-29-abril\/","title":{"rendered":"Moda | 25 a 29 Abril"},"content":{"rendered":"<p> \tModa | 25 a 29 de Abril<\/p>\n<p> \tPrepar\u00e1mos para ti uma semana cheia de encanto, com as dicas de moda dos teus famosos preferidos.&nbsp;<\/p>\n<p> \tEntre 25 e 28 de Abril participa nos workshops e apresenta\u00e7\u00f5es de moda que prepar\u00e1mos para ti.<\/p>\n<p> \tINSCREVE-TE J\u00c1 no nosso Balc\u00e3o de Informa\u00e7\u00f5es para garantires o teu lugar.<\/p>\n<p> \t<strong>Fashion Spot<\/strong><\/p>\n<p> \t<strong>25 ABRIL<\/strong><\/p>\n<p> \t<strong>16h | In\u00eas Franco<\/strong> Make Up Session.<\/p>\n<p> \tDemonstra\u00e7\u00e3o de 3 looks de maquilhagem, com dicas s\u00f3 para ti!<\/p>\n<p> \t<strong>26 ABRIL<\/strong><\/p>\n<p> \t<strong>19h | Anivers\u00e1rio Forum Coimbra<\/strong><\/p>\n<p> \tTalk Show com:<\/p>\n<p> \t<strong>Vanessa Martins<\/strong> | Blog Frederica By Vanessa Martins<\/p>\n<p> \t<strong>Raquel Felino<\/strong> | Teenie Weeni Blog<\/p>\n<p> \tApresenta\u00e7\u00e3o de &nbsp;moda desde a abertura do Forum Coimbra, 11 anos de moda em retrospectiva.<\/p>\n<p> \t&nbsp;Espa\u00e7o Chroma: Escolhe o cen\u00e1rio mais fashion, coloca os acess\u00e1rios certos para a tua fotografia e dexa-te encantar com um postal \u00fanico.<\/p>\n<p> \t<strong>27 ABRIL<\/strong><\/p>\n<p> \t<strong>18h | Diana Prata Borges&nbsp;<\/strong><\/p>\n<p> \tBlush Much Blog<\/p>\n<p> \tFirst things first: passos essenciais para uma pele bonita<\/p>\n<p> \t<strong>19h | Raquel Felino<\/strong><\/p>\n<p> \tTeenie Weenie Blog<\/p>\n<p> \tWhat&#8217;s on: \u00e0 descoberta de novas tend\u00eancias da Primavera\/Ver\u00e3o 2017<\/p>\n<p> \t<strong>28 ABRIL<\/strong><\/p>\n<p> \t<strong>18h | Mariana Monteiro<\/strong><\/p>\n<p> \tMake up para Photoshooting<\/p>\n<p> \t<strong>19:45 | Rita Ferreira<\/strong><\/p>\n<p> \tFotografia para composites: Sess\u00e3o t\u00e9cnica<\/p>\n<p> \t<strong>20:15 | Rita Ferreira<\/strong><\/p>\n<p> \tFotografia para composites: Photoshooting<\/p>\n<p> \t<strong>29 ABRIL<\/strong><\/p>\n<p> \t<strong>21:30 | Desfile de moda <\/strong><\/p>\n<p> \tCom a presen\u00e7a de Ana Sofia Martins | Isaac Alfaiate | Iva Lamar\u00e3o | Jos\u00e9 Fidalgo | Ruben Rua | Luisa Beir\u00e3o<\/p>\n<p> \t<strong>Esperamos por ti!<\/strong><\/p>\n","protected":false},"featured_media":2096,"template":"","class_list":["post-2230","events","type-events","status-publish","has-post-thumbnail","hentry"],"yoast_head":"<!-- This site is optimized with the Yoast SEO plugin v16.0.2 - https:\/\/yoast.com\/wordpress\/plugins\/seo\/ -->\n<meta property=\"og:locale\" content=\"en_US\" \/>\n<meta property=\"og:type\" content=\"article\" \/>\n<meta property=\"og:title\" content=\"Moda | 25 a 29 Abril - Forum Coimbra\" \/>\n<meta property=\"og:description\" content=\"Moda | 25 a 29 de Abril Prepar\u00e1mos para ti uma semana cheia de encanto, com as dicas de moda dos teus famosos preferidos.&nbsp; Entre 25 e 28 de Abril participa nos workshops e apresenta\u00e7\u00f5es de moda que prepar\u00e1mos para ti. INSCREVE-TE J\u00c1 no nosso Balc\u00e3o de Informa\u00e7\u00f5es para garantires o teu lugar. Fashion Spot [&hellip;]\" \/>\n<meta property=\"og:url\" content=\"https:\/\/forumcoimbra.korcreatives.pt\/en\/events\/moda-25-a-29-abril\/\" \/>\n<meta property=\"og:site_name\" content=\"Forum Coimbra\" \/>\n<meta name=\"twitter:card\" content=\"summary_large_image\" \/>\n<meta name=\"twitter:label1\" content=\"Est. reading time\">\n\t<meta name=\"twitter:data1\" content=\"1 minute\">\n<script type=\"application\/ld+json\" class=\"yoast-schema-graph\">{\"@context\":\"https:\/\/schema.org\",\"@graph\":[{\"@type\":\"WebSite\",\"@id\":\"https:\/\/forumcoimbra.korcreatives.pt\/#website\",\"url\":\"https:\/\/forumcoimbra.korcreatives.pt\/\",\"name\":\"Forum Coimbra\",\"description\":\"\",\"potentialAction\":[{\"@type\":\"SearchAction\",\"target\":\"https:\/\/forumcoimbra.korcreatives.pt\/?s={search_term_string}\",\"query-input\":\"required name=search_term_string\"}],\"inLanguage\":\"en-US\"},{\"@type\":\"ImageObject\",\"@id\":\"https:\/\/forumcoimbra.korcreatives.pt\/en\/events\/moda-25-a-29-abril\/#primaryimage\",\"inLanguage\":\"en-US\",\"url\":\"https:\/\/forumcoimbra.korcreatives.pt\/wp-content\/uploads\/sites\/13\/events\/moda_25a29abril.png\",\"width\":960,\"height\":550},{\"@type\":\"WebPage\",\"@id\":\"https:\/\/forumcoimbra.korcreatives.pt\/en\/events\/moda-25-a-29-abril\/#webpage\",\"url\":\"https:\/\/forumcoimbra.korcreatives.pt\/en\/events\/moda-25-a-29-abril\/\",\"name\":\"Moda | 25 a 29 Abril - Forum Coimbra\",\"isPartOf\":{\"@id\":\"https:\/\/forumcoimbra.korcreatives.pt\/#website\"},\"primaryImageOfPage\":{\"@id\":\"https:\/\/forumcoimbra.korcreatives.pt\/en\/events\/moda-25-a-29-abril\/#primaryimage\"},\"datePublished\":\"2017-04-07T01:01:01+00:00\",\"dateModified\":\"2017-04-07T01:01:01+00:00\",\"breadcrumb\":{\"@id\":\"https:\/\/forumcoimbra.korcreatives.pt\/en\/events\/moda-25-a-29-abril\/#breadcrumb\"},\"inLanguage\":\"en-US\",\"potentialAction\":[{\"@type\":\"ReadAction\",\"target\":[\"https:\/\/forumcoimbra.korcreatives.pt\/en\/events\/moda-25-a-29-abril\/\"]}]},{\"@type\":\"BreadcrumbList\",\"@id\":\"https:\/\/forumcoimbra.korcreatives.pt\/en\/events\/moda-25-a-29-abril\/#breadcrumb\",\"itemListElement\":[{\"@type\":\"ListItem\",\"position\":1,\"item\":{\"@type\":\"WebPage\",\"@id\":\"https:\/\/forumcoimbra.korcreatives.pt\/events\/\",\"url\":\"https:\/\/forumcoimbra.korcreatives.pt\/events\/\",\"name\":\"Events\"}},{\"@type\":\"ListItem\",\"position\":2,\"item\":{\"@type\":\"WebPage\",\"@id\":\"https:\/\/forumcoimbra.korcreatives.pt\/en\/events\/moda-25-a-29-abril\/\",\"url\":\"https:\/\/forumcoimbra.korcreatives.pt\/en\/events\/moda-25-a-29-abril\/\",\"name\":\"Moda | 25 a 29 Abril\"}}]}]}<\/script>\n<!-- \/ Yoast SEO plugin. -->","_links":{"self":[{"href":"https:\/\/forumcoimbra.korcreatives.pt\/en\/wp-json\/wp\/v2\/events\/2230"}],"collection":[{"href":"https:\/\/forumcoimbra.korcreatives.pt\/en\/wp-json\/wp\/v2\/events"}],"about":[{"href":"https:\/\/forumcoimbra.korcreatives.pt\/en\/wp-json\/wp\/v2\/types\/events"}],"wp:featuredmedia":[{"embeddable":true,"href":"https:\/\/forumcoimbra.korcreatives.pt\/en\/wp-json\/wp\/v2\/media\/2096"}],"wp:attachment":[{"href":"https:\/\/forumcoimbra.korcreatives.pt\/en\/wp-json\/wp\/v2\/media?parent=2230"}],"curies":[{"name":"wp","href":"https:\/\/api.w.org\/{rel}","templated":true}]}}