{"id":2228,"date":"2017-03-08T01:01:01","date_gmt":"2017-03-08T01:01:01","guid":{"rendered":"http:\/\/www.forum-coimbra.com\/events\/coimbra-pinkmove\/"},"modified":"2017-03-08T01:01:01","modified_gmt":"2017-03-08T01:01:01","slug":"coimbra-pinkmove","status":"publish","type":"events","link":"https:\/\/forumcoimbra.korcreatives.pt\/en\/events\/coimbra-pinkmove\/","title":{"rendered":"COIMBRA PINKMOVE"},"content":{"rendered":"<p align=\"center\"> \t<strong><em>COIMBRAPINKMOVE<\/em><\/strong><strong> MARCA AS CELEBRA\u00c7\u00d5ES DO DIA INTERNACIONAL DA MULHER<\/strong><\/p>\n<p> \tCoimbra n\u00e3o ficar\u00e1 indiferente ao Dia Internacional da Mulher este ano. \u00c9 j\u00e1 no pr\u00f3ximo <strong>dia 11 de mar\u00e7o, entre as 19h30 e as 24h00, que, na Pra\u00e7a das Bandeiras \u2013 Convento S\u00e3o Francisco<\/strong>, decorre o evento <em>CoimbraPinkMove \u2013 DesportivaWoman Day<\/em>, promovido pela C\u00e2mara Municipal de Coimbra e com o apoio do Forum Coimbra.<\/p>\n<p> \tCom o objetivo de proporcionar a todos um final de s\u00e1bado \u00fanico, celebrando um dia que j\u00e1 se tornou refer\u00eancia no nosso pa\u00eds, o <em>CoimbraPinkMove <\/em>junta a dan\u00e7a com atua\u00e7\u00f5es musicais dos mais variados g\u00e9neros. De <strong>entrada gratuita para todos<\/strong>, neste dia pode contar com a <strong>presen\u00e7a da atriz D\u00e2nia Neto, como embaixadora<\/strong>. Tamb\u00e9m os <strong>\u00c0TOA s\u00e3o muito esperados pelo p\u00fablico<\/strong> mais jovem e prometem surpreender com a sua atua\u00e7\u00e3o.&nbsp;<\/p>\n<p> \tMas a celebra\u00e7\u00e3o n\u00e3o fala s\u00f3 de festa. O evento, com uma <strong>componente solid\u00e1ria, pretende apelar \u00e0 colabora\u00e7\u00e3o dos visitantes<\/strong> \u2013 voluntariamente &#8211; atrav\u00e9s da doa\u00e7\u00e3o de dinheiro ou de bens para ajudar a <strong>Casa M\u00e3e<\/strong> \u2013 Comunidade de Inser\u00e7\u00e3o para Mulheres Jovens em Risco, da Obra de Promo\u00e7\u00e3o Social do Distrito de Coimbra.<\/p>\n<p> \tA entrada \u00e9 gratuita, mas \u00e9 necess\u00e1ria uma pulseira para aceder ao espa\u00e7o. <strong>As pulseiras devem ser levantadas nos dias 9, 10 e 11 de mar\u00e7o, no balc\u00e3o de informa\u00e7\u00f5es do Forum Coimbra<\/strong>.<\/p>\n<p> \tOfertas no espa\u00e7o do evento:<\/p>\n<ul>\n<li> \t\tPenteados<\/li>\n<li> \t\tMaquilhagem (Perfumes &amp; Companhia),<\/li>\n<li> \t\tUnha de gel do evento<\/li>\n<li> \t\tMassagens aos p\u00e9s (Cristais do Sal)<\/li>\n<li> \t\tDegusta\u00e7\u00e3o de produtos Detox e emagrecimento (Celeiro)<\/li>\n<\/ul>\n<p> \tMenus Especiais Coimbra PinkMove: (Necess\u00e1rio apresentar a pulseira do evento)<\/p>\n<ul>\n<li> \t\tIce it (Copo\/Cone: 1 Sabor ou 2 Sabores)<\/li>\n<li> \t\tHanami Sushi (Super Combi 4 com Hana Maki)<\/li>\n<li> \t\tMcDonald&#8217;s (Menu McChicken)<\/li>\n<li> \t\tP\u00e1teo (Menu Prato do Dia &nbsp;&#8211; Carne ou Peixe)<\/li>\n<li> \t\tPans &nbsp;&amp; Company (Menu Crocante de Frango e Bacon com oferta de Caf\u00e9)<\/li>\n<li> \t\tPortug\u00e1lia Balc\u00e3o (Menu Novilho, Menu Porco, Menu Frango)<\/li>\n<li> \t\tQuiosque Sical ( Tosta Mista com Sumo de Laranja, Caf\u00e9 com Pastel de Nata, Meia de Leite com Pastelaria Variada)<\/li>\n<\/ul>\n<p> \tEstacionamento coberto no Forum Coimbra.<\/p>\n<p> \t<strong>Esperamos por si.&nbsp;<\/strong><\/p>\n","protected":false},"featured_media":2088,"template":"","class_list":["post-2228","events","type-events","status-publish","has-post-thumbnail","hentry"],"yoast_head":"<!-- This site is optimized with the Yoast SEO plugin v16.0.2 - https:\/\/yoast.com\/wordpress\/plugins\/seo\/ -->\n<meta property=\"og:locale\" content=\"en_US\" \/>\n<meta property=\"og:type\" content=\"article\" \/>\n<meta property=\"og:title\" content=\"COIMBRA PINKMOVE - Forum Coimbra\" \/>\n<meta property=\"og:description\" content=\"COIMBRAPINKMOVE MARCA AS CELEBRA\u00c7\u00d5ES DO DIA INTERNACIONAL DA MULHER Coimbra n\u00e3o ficar\u00e1 indiferente ao Dia Internacional da Mulher este ano. \u00c9 j\u00e1 no pr\u00f3ximo dia 11 de mar\u00e7o, entre as 19h30 e as 24h00, que, na Pra\u00e7a das Bandeiras \u2013 Convento S\u00e3o Francisco, decorre o evento CoimbraPinkMove \u2013 DesportivaWoman Day, promovido pela C\u00e2mara Municipal de [&hellip;]\" \/>\n<meta property=\"og:url\" content=\"https:\/\/forumcoimbra.korcreatives.pt\/en\/events\/coimbra-pinkmove\/\" \/>\n<meta property=\"og:site_name\" content=\"Forum Coimbra\" \/>\n<meta name=\"twitter:card\" content=\"summary_large_image\" \/>\n<meta name=\"twitter:label1\" content=\"Est. reading time\">\n\t<meta name=\"twitter:data1\" content=\"2 minutes\">\n<script type=\"application\/ld+json\" class=\"yoast-schema-graph\">{\"@context\":\"https:\/\/schema.org\",\"@graph\":[{\"@type\":\"WebSite\",\"@id\":\"https:\/\/forumcoimbra.korcreatives.pt\/#website\",\"url\":\"https:\/\/forumcoimbra.korcreatives.pt\/\",\"name\":\"Forum Coimbra\",\"description\":\"\",\"potentialAction\":[{\"@type\":\"SearchAction\",\"target\":\"https:\/\/forumcoimbra.korcreatives.pt\/?s={search_term_string}\",\"query-input\":\"required name=search_term_string\"}],\"inLanguage\":\"en-US\"},{\"@type\":\"ImageObject\",\"@id\":\"https:\/\/forumcoimbra.korcreatives.pt\/en\/events\/coimbra-pinkmove\/#primaryimage\",\"inLanguage\":\"en-US\",\"url\":\"https:\/\/forumcoimbra.korcreatives.pt\/wp-content\/uploads\/sites\/13\/events\/coimbrapinkmove.jpg\",\"width\":2500,\"height\":1313},{\"@type\":\"WebPage\",\"@id\":\"https:\/\/forumcoimbra.korcreatives.pt\/en\/events\/coimbra-pinkmove\/#webpage\",\"url\":\"https:\/\/forumcoimbra.korcreatives.pt\/en\/events\/coimbra-pinkmove\/\",\"name\":\"COIMBRA PINKMOVE - Forum Coimbra\",\"isPartOf\":{\"@id\":\"https:\/\/forumcoimbra.korcreatives.pt\/#website\"},\"primaryImageOfPage\":{\"@id\":\"https:\/\/forumcoimbra.korcreatives.pt\/en\/events\/coimbra-pinkmove\/#primaryimage\"},\"datePublished\":\"2017-03-08T01:01:01+00:00\",\"dateModified\":\"2017-03-08T01:01:01+00:00\",\"breadcrumb\":{\"@id\":\"https:\/\/forumcoimbra.korcreatives.pt\/en\/events\/coimbra-pinkmove\/#breadcrumb\"},\"inLanguage\":\"en-US\",\"potentialAction\":[{\"@type\":\"ReadAction\",\"target\":[\"https:\/\/forumcoimbra.korcreatives.pt\/en\/events\/coimbra-pinkmove\/\"]}]},{\"@type\":\"BreadcrumbList\",\"@id\":\"https:\/\/forumcoimbra.korcreatives.pt\/en\/events\/coimbra-pinkmove\/#breadcrumb\",\"itemListElement\":[{\"@type\":\"ListItem\",\"position\":1,\"item\":{\"@type\":\"WebPage\",\"@id\":\"https:\/\/forumcoimbra.korcreatives.pt\/events\/\",\"url\":\"https:\/\/forumcoimbra.korcreatives.pt\/events\/\",\"name\":\"Events\"}},{\"@type\":\"ListItem\",\"position\":2,\"item\":{\"@type\":\"WebPage\",\"@id\":\"https:\/\/forumcoimbra.korcreatives.pt\/en\/events\/coimbra-pinkmove\/\",\"url\":\"https:\/\/forumcoimbra.korcreatives.pt\/en\/events\/coimbra-pinkmove\/\",\"name\":\"COIMBRA PINKMOVE\"}}]}]}<\/script>\n<!-- \/ Yoast SEO plugin. -->","_links":{"self":[{"href":"https:\/\/forumcoimbra.korcreatives.pt\/en\/wp-json\/wp\/v2\/events\/2228"}],"collection":[{"href":"https:\/\/forumcoimbra.korcreatives.pt\/en\/wp-json\/wp\/v2\/events"}],"about":[{"href":"https:\/\/forumcoimbra.korcreatives.pt\/en\/wp-json\/wp\/v2\/types\/events"}],"wp:featuredmedia":[{"embeddable":true,"href":"https:\/\/forumcoimbra.korcreatives.pt\/en\/wp-json\/wp\/v2\/media\/2088"}],"wp:attachment":[{"href":"https:\/\/forumcoimbra.korcreatives.pt\/en\/wp-json\/wp\/v2\/media?parent=2228"}],"curies":[{"name":"wp","href":"https:\/\/api.w.org\/{rel}","templated":true}]}}