{"id":2226,"date":"2016-11-21T01:01:01","date_gmt":"2016-11-21T01:01:01","guid":{"rendered":"http:\/\/www.forum-coimbra.com\/events\/black-frid-2\/"},"modified":"2016-11-21T01:01:01","modified_gmt":"2016-11-21T01:01:01","slug":"black-frid-2","status":"publish","type":"events","link":"https:\/\/forumcoimbra.korcreatives.pt\/en\/events\/black-frid-2\/","title":{"rendered":"Black Friday"},"content":{"rendered":"<p> \t<strong>Esta sexta-feira a passagem pelo Forum Coimbra \u00e9 obrigat\u00f3ria. Todos est\u00e3o convidados a viver uma experi\u00eancia de compras \u00fanica e muito animada. Para al\u00e9m da oportunidade de compra imperd\u00edvel, neste dia, teremos um ambiente bem ao estilo americano, onde a m\u00fasica e os workshops v\u00e3o dar que falar.<\/strong><\/p>\n<p> \tO Forum Coimbra preparou muitas surpresas que v\u00e3o enriquecer a tua experi\u00eancia de compra. Durante o dia, <strong>haver\u00e1 <em>workshops<\/em> de personaliza\u00e7\u00e3o de sacos-presente, para que n\u00e3o leve para casa um saco comum<\/strong>, e se as compras come\u00e7arem a pesar, poder\u00e1 <strong>pedir ajuda aos divertidos Bellboys que estar\u00e3o espalhados pelo Centro.<\/strong><\/p>\n<p> \tAo longo do dia, convidamos-te a fazer uma pausa. Aproveita para registar este dia de compras diferente <strong>posando com a Marilyn Monroe para a capa da revista do Forum Coimbra.<\/strong> Um apontamento que te far\u00e1 relembrar este dia de compras para sempre!<\/p>\n<p> \tAo longo do dia muitas v\u00e3o ser as surpresas.&nbsp;<\/p>\n<p> \t<strong>Dia Imperd\u00edvel certo? Contamos contigo!<\/strong><\/p>\n<p> \tConsulte as lojas com hor\u00e1rio alargado das 9h \u00e0s 24h:<\/p>\n<div style=\"float: left; width: 50%;\">\n<p> \t\tPedra Dura<\/p>\n<p> \t\tLevis<\/p>\n<p> \t\tInside<\/p>\n<p> \t\tPromod<\/p>\n<p> \t\tSamsung<\/p>\n<p> \t\tTriumph<\/p>\n<p> \t\tPr\u00e9natal<\/p>\n<p> \t\tPrimark<\/p>\n<p> \t\tC&amp;A<\/p>\n<p> \t\tFnac<\/p>\n<p> \t\tPepe Jeans<\/p>\n<p> \t\tPhone House<\/p>\n<p> \t\tCalzedonia<\/p>\n<p> \t\tIntimissimi<\/p>\n<p> \t\tTezenis<\/p>\n<p> \t\tTiffosi<\/p>\n<p> \t\tA Loja do Gato Preto<\/p>\n<p> \t\tForeva<\/p>\n<ul> \t<\/ul>\n<\/p><\/div>\n<div style=\"float: right; width: 50%;\">\n<p> \t\tBenetton\/Sisley<\/p>\n<p> \t\tH&amp;M<\/p>\n<p> \t\tiStore<\/p>\n<p> \t\tSalsa<\/p>\n<p> \t\tSacoor Brothers<\/p>\n<p> \t\tBershka<\/p>\n<p> \t\tPull &amp; Bear<\/p>\n<p> \t\tOysho<\/p>\n<p> \t\tStradivarius<\/p>\n<p> \t\tZara<\/p>\n<p> \t\tHavana<\/p>\n<p> \t\tParfois<\/p>\n<p> \t\tInside<\/p>\n<p> \t\tPimkie<\/p>\n<p> \t\tMassimo Dutti<\/p>\n<p> \t\tEureka<\/p>\n<p> \t\tAldo<\/p>\n<ul> \t<\/ul>\n<\/p><\/div>\n<p> \t&nbsp;<\/p>\n<p> \t&nbsp;<\/p>\n","protected":false},"featured_media":2116,"template":"","class_list":["post-2226","events","type-events","status-publish","has-post-thumbnail","hentry"],"yoast_head":"<!-- This site is optimized with the Yoast SEO plugin v16.0.2 - https:\/\/yoast.com\/wordpress\/plugins\/seo\/ -->\n<meta property=\"og:locale\" content=\"en_US\" \/>\n<meta property=\"og:type\" content=\"article\" \/>\n<meta property=\"og:title\" content=\"Black Friday - Forum Coimbra\" \/>\n<meta property=\"og:description\" content=\"Esta sexta-feira a passagem pelo Forum Coimbra \u00e9 obrigat\u00f3ria. Todos est\u00e3o convidados a viver uma experi\u00eancia de compras \u00fanica e muito animada. Para al\u00e9m da oportunidade de compra imperd\u00edvel, neste dia, teremos um ambiente bem ao estilo americano, onde a m\u00fasica e os workshops v\u00e3o dar que falar. O Forum Coimbra preparou muitas surpresas que [&hellip;]\" \/>\n<meta property=\"og:url\" content=\"https:\/\/forumcoimbra.korcreatives.pt\/en\/events\/black-frid-2\/\" \/>\n<meta property=\"og:site_name\" content=\"Forum Coimbra\" \/>\n<meta name=\"twitter:card\" content=\"summary_large_image\" \/>\n<meta name=\"twitter:label1\" content=\"Est. reading time\">\n\t<meta name=\"twitter:data1\" content=\"1 minute\">\n<script type=\"application\/ld+json\" class=\"yoast-schema-graph\">{\"@context\":\"https:\/\/schema.org\",\"@graph\":[{\"@type\":\"WebSite\",\"@id\":\"https:\/\/forumcoimbra.korcreatives.pt\/#website\",\"url\":\"https:\/\/forumcoimbra.korcreatives.pt\/\",\"name\":\"Forum Coimbra\",\"description\":\"\",\"potentialAction\":[{\"@type\":\"SearchAction\",\"target\":\"https:\/\/forumcoimbra.korcreatives.pt\/?s={search_term_string}\",\"query-input\":\"required name=search_term_string\"}],\"inLanguage\":\"en-US\"},{\"@type\":\"ImageObject\",\"@id\":\"https:\/\/forumcoimbra.korcreatives.pt\/en\/events\/black-frid-2\/#primaryimage\",\"inLanguage\":\"en-US\",\"url\":\"https:\/\/forumcoimbra.korcreatives.pt\/wp-content\/uploads\/sites\/13\/events\/blackfriday.png\",\"width\":960,\"height\":550},{\"@type\":\"WebPage\",\"@id\":\"https:\/\/forumcoimbra.korcreatives.pt\/en\/events\/black-frid-2\/#webpage\",\"url\":\"https:\/\/forumcoimbra.korcreatives.pt\/en\/events\/black-frid-2\/\",\"name\":\"Black Friday - Forum Coimbra\",\"isPartOf\":{\"@id\":\"https:\/\/forumcoimbra.korcreatives.pt\/#website\"},\"primaryImageOfPage\":{\"@id\":\"https:\/\/forumcoimbra.korcreatives.pt\/en\/events\/black-frid-2\/#primaryimage\"},\"datePublished\":\"2016-11-21T01:01:01+00:00\",\"dateModified\":\"2016-11-21T01:01:01+00:00\",\"breadcrumb\":{\"@id\":\"https:\/\/forumcoimbra.korcreatives.pt\/en\/events\/black-frid-2\/#breadcrumb\"},\"inLanguage\":\"en-US\",\"potentialAction\":[{\"@type\":\"ReadAction\",\"target\":[\"https:\/\/forumcoimbra.korcreatives.pt\/en\/events\/black-frid-2\/\"]}]},{\"@type\":\"BreadcrumbList\",\"@id\":\"https:\/\/forumcoimbra.korcreatives.pt\/en\/events\/black-frid-2\/#breadcrumb\",\"itemListElement\":[{\"@type\":\"ListItem\",\"position\":1,\"item\":{\"@type\":\"WebPage\",\"@id\":\"https:\/\/forumcoimbra.korcreatives.pt\/events\/\",\"url\":\"https:\/\/forumcoimbra.korcreatives.pt\/events\/\",\"name\":\"Events\"}},{\"@type\":\"ListItem\",\"position\":2,\"item\":{\"@type\":\"WebPage\",\"@id\":\"https:\/\/forumcoimbra.korcreatives.pt\/en\/events\/black-frid-2\/\",\"url\":\"https:\/\/forumcoimbra.korcreatives.pt\/en\/events\/black-frid-2\/\",\"name\":\"Black Friday\"}}]}]}<\/script>\n<!-- \/ Yoast SEO plugin. -->","_links":{"self":[{"href":"https:\/\/forumcoimbra.korcreatives.pt\/en\/wp-json\/wp\/v2\/events\/2226"}],"collection":[{"href":"https:\/\/forumcoimbra.korcreatives.pt\/en\/wp-json\/wp\/v2\/events"}],"about":[{"href":"https:\/\/forumcoimbra.korcreatives.pt\/en\/wp-json\/wp\/v2\/types\/events"}],"wp:featuredmedia":[{"embeddable":true,"href":"https:\/\/forumcoimbra.korcreatives.pt\/en\/wp-json\/wp\/v2\/media\/2116"}],"wp:attachment":[{"href":"https:\/\/forumcoimbra.korcreatives.pt\/en\/wp-json\/wp\/v2\/media?parent=2226"}],"curies":[{"name":"wp","href":"https:\/\/api.w.org\/{rel}","templated":true}]}}