{"id":2224,"date":"2016-11-04T01:01:01","date_gmt":"2016-11-04T01:01:01","guid":{"rendered":"http:\/\/www.forum-coimbra.com\/events\/chegada-do-pai-natal\/"},"modified":"2016-11-04T01:01:01","modified_gmt":"2016-11-04T01:01:01","slug":"chegada-do-pai-natal","status":"publish","type":"events","link":"https:\/\/forumcoimbra.korcreatives.pt\/en\/events\/chegada-do-pai-natal\/","title":{"rendered":"Chegada do Pai Natal"},"content":{"rendered":"<p align=\"center\"> \t<strong>FORUM COIMBRA CELEBRA A CHEGADA DO PAI NATAL COM FESTA M\u00c1GICA <\/strong><\/p>\n<p align=\"center\" style=\"margin-left:163.1pt;\"> \t&nbsp;<\/p>\n<p align=\"center\"> \t<strong>Andreia Rodrigues e os <em>Gomas<\/em> prometem um grande espet\u00e1culo<\/strong><\/p>\n<p align=\"center\"> \t<strong>12 de novembro :: 17h00<\/strong><\/p>\n<p align=\"center\"> \t&nbsp;<\/p>\n<p> \tO Forum Coimbra promete muitas surpresas no sapatinho e a primeira chega j\u00e1 no pr\u00f3ximo dia 12 de novembro, pelas 17h00! O Centro Comercial est\u00e1 decorado a rigor e vai encher-se de magia e tradi\u00e7\u00e3o para receber o Pai Natal, que se junta a Andreia Rodrigues e aos <em>Gomas<\/em> para uma festa que ningu\u00e9m vai querer perder!<\/p>\n<p> \tNo Forum Coimbra, est\u00e1 quase tudo pronto para receber o Pai Natal. O velhote de barbas brancas chegar\u00e1 de forma m\u00e1gica e misteriosa, no dia 12 de novembro, para ir ocupar o seu Trono na Ilha do Natal e dar inicio \u00e0s festividades. Mas, antes de come\u00e7ar a tomar nota dos desejos de todos os meninos, o Pai Natal vai oferecer um espet\u00e1culo sem igual. &nbsp;<\/p>\n<p> \tAndreia Rodrigues e os <em>Gomas <\/em>ser\u00e3o os convidados especiais desta festa m\u00e1gica! Num concerto diferente, animado pela simp\u00e1tica apresentadora, as divertidas personagens do Livro do Gui ganham vida e partilham as suas aventuras atrav\u00e9s de can\u00e7\u00f5es e m\u00fasicas que v\u00e3o contagiar os mais pequenos.<\/p>\n<p> \t&nbsp;<\/p>\n<p> \tA magia do Natal vai invadir o Forum Coimbra e ningu\u00e9m vai querer faltar!&nbsp;<\/p>\n","protected":false},"featured_media":2072,"template":"","class_list":["post-2224","events","type-events","status-publish","has-post-thumbnail","hentry"],"yoast_head":"<!-- This site is optimized with the Yoast SEO plugin v16.0.2 - https:\/\/yoast.com\/wordpress\/plugins\/seo\/ -->\n<meta property=\"og:locale\" content=\"en_US\" \/>\n<meta property=\"og:type\" content=\"article\" \/>\n<meta property=\"og:title\" content=\"Chegada do Pai Natal - Forum Coimbra\" \/>\n<meta property=\"og:description\" content=\"FORUM COIMBRA CELEBRA A CHEGADA DO PAI NATAL COM FESTA M\u00c1GICA &nbsp; Andreia Rodrigues e os Gomas prometem um grande espet\u00e1culo 12 de novembro :: 17h00 &nbsp; O Forum Coimbra promete muitas surpresas no sapatinho e a primeira chega j\u00e1 no pr\u00f3ximo dia 12 de novembro, pelas 17h00! O Centro Comercial est\u00e1 decorado a rigor [&hellip;]\" \/>\n<meta property=\"og:url\" content=\"https:\/\/forumcoimbra.korcreatives.pt\/en\/events\/chegada-do-pai-natal\/\" \/>\n<meta property=\"og:site_name\" content=\"Forum Coimbra\" \/>\n<meta name=\"twitter:card\" content=\"summary_large_image\" \/>\n<meta name=\"twitter:label1\" content=\"Est. reading time\">\n\t<meta name=\"twitter:data1\" content=\"1 minute\">\n<script type=\"application\/ld+json\" class=\"yoast-schema-graph\">{\"@context\":\"https:\/\/schema.org\",\"@graph\":[{\"@type\":\"WebSite\",\"@id\":\"https:\/\/forumcoimbra.korcreatives.pt\/#website\",\"url\":\"https:\/\/forumcoimbra.korcreatives.pt\/\",\"name\":\"Forum Coimbra\",\"description\":\"\",\"potentialAction\":[{\"@type\":\"SearchAction\",\"target\":\"https:\/\/forumcoimbra.korcreatives.pt\/?s={search_term_string}\",\"query-input\":\"required name=search_term_string\"}],\"inLanguage\":\"en-US\"},{\"@type\":\"ImageObject\",\"@id\":\"https:\/\/forumcoimbra.korcreatives.pt\/en\/events\/chegada-do-pai-natal\/#primaryimage\",\"inLanguage\":\"en-US\",\"url\":\"https:\/\/forumcoimbra.korcreatives.pt\/wp-content\/uploads\/sites\/13\/events\/chegadadopainatal.png\",\"width\":960,\"height\":550},{\"@type\":\"WebPage\",\"@id\":\"https:\/\/forumcoimbra.korcreatives.pt\/en\/events\/chegada-do-pai-natal\/#webpage\",\"url\":\"https:\/\/forumcoimbra.korcreatives.pt\/en\/events\/chegada-do-pai-natal\/\",\"name\":\"Chegada do Pai Natal - Forum Coimbra\",\"isPartOf\":{\"@id\":\"https:\/\/forumcoimbra.korcreatives.pt\/#website\"},\"primaryImageOfPage\":{\"@id\":\"https:\/\/forumcoimbra.korcreatives.pt\/en\/events\/chegada-do-pai-natal\/#primaryimage\"},\"datePublished\":\"2016-11-04T01:01:01+00:00\",\"dateModified\":\"2016-11-04T01:01:01+00:00\",\"breadcrumb\":{\"@id\":\"https:\/\/forumcoimbra.korcreatives.pt\/en\/events\/chegada-do-pai-natal\/#breadcrumb\"},\"inLanguage\":\"en-US\",\"potentialAction\":[{\"@type\":\"ReadAction\",\"target\":[\"https:\/\/forumcoimbra.korcreatives.pt\/en\/events\/chegada-do-pai-natal\/\"]}]},{\"@type\":\"BreadcrumbList\",\"@id\":\"https:\/\/forumcoimbra.korcreatives.pt\/en\/events\/chegada-do-pai-natal\/#breadcrumb\",\"itemListElement\":[{\"@type\":\"ListItem\",\"position\":1,\"item\":{\"@type\":\"WebPage\",\"@id\":\"https:\/\/forumcoimbra.korcreatives.pt\/events\/\",\"url\":\"https:\/\/forumcoimbra.korcreatives.pt\/events\/\",\"name\":\"Events\"}},{\"@type\":\"ListItem\",\"position\":2,\"item\":{\"@type\":\"WebPage\",\"@id\":\"https:\/\/forumcoimbra.korcreatives.pt\/en\/events\/chegada-do-pai-natal\/\",\"url\":\"https:\/\/forumcoimbra.korcreatives.pt\/en\/events\/chegada-do-pai-natal\/\",\"name\":\"Chegada do Pai Natal\"}}]}]}<\/script>\n<!-- \/ Yoast SEO plugin. -->","_links":{"self":[{"href":"https:\/\/forumcoimbra.korcreatives.pt\/en\/wp-json\/wp\/v2\/events\/2224"}],"collection":[{"href":"https:\/\/forumcoimbra.korcreatives.pt\/en\/wp-json\/wp\/v2\/events"}],"about":[{"href":"https:\/\/forumcoimbra.korcreatives.pt\/en\/wp-json\/wp\/v2\/types\/events"}],"wp:featuredmedia":[{"embeddable":true,"href":"https:\/\/forumcoimbra.korcreatives.pt\/en\/wp-json\/wp\/v2\/media\/2072"}],"wp:attachment":[{"href":"https:\/\/forumcoimbra.korcreatives.pt\/en\/wp-json\/wp\/v2\/media?parent=2224"}],"curies":[{"name":"wp","href":"https:\/\/api.w.org\/{rel}","templated":true}]}}