{"id":2223,"date":"2016-08-02T01:01:01","date_gmt":"2016-08-02T01:01:01","guid":{"rendered":"http:\/\/www.forum-coimbra.com\/events\/verao-ao-vivo\/"},"modified":"2016-08-02T01:01:01","modified_gmt":"2016-08-02T01:01:01","slug":"verao-ao-vivo","status":"publish","type":"events","link":"https:\/\/forumcoimbra.korcreatives.pt\/en\/events\/verao-ao-vivo\/","title":{"rendered":"Ver\u00e3o ao Vivo"},"content":{"rendered":"<p align=\"center\"> \t&nbsp;<\/p>\n<p style=\"text-align: center;\"> \t<strong>24 agosto | 21h30 | Entrada Livre | Parque de Estacionamento Exterior<\/strong><\/p>\n<p> \t&nbsp;<\/p>\n<p style=\"text-align: justify;\"> \tAs noites em que o casaco fica em casa, em que se juntam os amigos e a fam\u00edlia, e a boa disposi\u00e7\u00e3o \u00e9 rainha chegaram ao Forum Coimbra! <strong>Depois do sucesso da edi\u00e7\u00e3o passada, o Forum Coimbra volta a oferecer aos seus visitantes momentos musicais. Este ano, o &#8220;Ver\u00e3o ao Vivo&#8221; est\u00e1 mais quente que nunca e ir\u00e1 receber David Carreira para um concerto \u00fanico, j\u00e1 no pr\u00f3ximo dia 24 de agosto, pelas 21H30.<\/strong><\/p>\n<p style=\"text-align: justify;\"> \t<strong>E que David Carreira faz sucesso com os seus temas ningu\u00e9m d\u00favida. E que vai encher o Parque de Estacionamento Exterior do Forum Coimbra tamb\u00e9m n\u00e3o!<\/strong> O jovem cantor, que ficou conhecido por ter participado na 8\u00aa temporada da s\u00e9rie <em>Morangos com A\u00e7\u00facar<\/em>, lan\u00e7ou recentemente o seu terceiro \u00e1lbum que tem como tema de apresenta\u00e7\u00e3o o contagiante &#8220;Primeira Dama&#8221;. David Carreira tem dado cartas no mundo da m\u00fasica e este traballho, que j\u00e1 conquistou o disco de platina, vem consolidar o seu talento como cantor, compositor, produtor e dan\u00e7arino.<\/p>\n<p style=\"text-align: justify;\"> \tPara este grande concerto com entrada livre, no Forum Coimbra, David Carreira promete animar a noite com grandes \u00eaxitos, como <strong>&#8220;Primeira Dama&#8221;, &#8220;In Love&#8221; <\/strong>ou<strong> &#8220;N\u00e3o Papo Grupos&#8221;.<\/strong> No final do espet\u00e1culo, os f\u00e3s do cantor poder\u00e3o ainda conhec\u00ea-lo, tirar fotografias e receber aut\u00f3grafos.&nbsp;<\/p>\n<p> \t&nbsp;<\/p>\n<p> \t<strong>No Forum Coimbra, o ver\u00e3o vive-se com m\u00fasica a valer!<\/strong><\/p>\n","protected":false},"featured_media":2068,"template":"","class_list":["post-2223","events","type-events","status-publish","has-post-thumbnail","hentry"],"yoast_head":"<!-- This site is optimized with the Yoast SEO plugin v16.0.2 - https:\/\/yoast.com\/wordpress\/plugins\/seo\/ -->\n<meta property=\"og:locale\" content=\"en_US\" \/>\n<meta property=\"og:type\" content=\"article\" \/>\n<meta property=\"og:title\" content=\"Ver\u00e3o ao Vivo - Forum Coimbra\" \/>\n<meta property=\"og:description\" content=\"&nbsp; 24 agosto | 21h30 | Entrada Livre | Parque de Estacionamento Exterior &nbsp; As noites em que o casaco fica em casa, em que se juntam os amigos e a fam\u00edlia, e a boa disposi\u00e7\u00e3o \u00e9 rainha chegaram ao Forum Coimbra! Depois do sucesso da edi\u00e7\u00e3o passada, o Forum Coimbra volta a oferecer aos [&hellip;]\" \/>\n<meta property=\"og:url\" content=\"https:\/\/forumcoimbra.korcreatives.pt\/en\/events\/verao-ao-vivo\/\" \/>\n<meta property=\"og:site_name\" content=\"Forum Coimbra\" \/>\n<meta name=\"twitter:card\" content=\"summary_large_image\" \/>\n<meta name=\"twitter:label1\" content=\"Est. reading time\">\n\t<meta name=\"twitter:data1\" content=\"1 minute\">\n<script type=\"application\/ld+json\" class=\"yoast-schema-graph\">{\"@context\":\"https:\/\/schema.org\",\"@graph\":[{\"@type\":\"WebSite\",\"@id\":\"https:\/\/forumcoimbra.korcreatives.pt\/#website\",\"url\":\"https:\/\/forumcoimbra.korcreatives.pt\/\",\"name\":\"Forum Coimbra\",\"description\":\"\",\"potentialAction\":[{\"@type\":\"SearchAction\",\"target\":\"https:\/\/forumcoimbra.korcreatives.pt\/?s={search_term_string}\",\"query-input\":\"required name=search_term_string\"}],\"inLanguage\":\"en-US\"},{\"@type\":\"ImageObject\",\"@id\":\"https:\/\/forumcoimbra.korcreatives.pt\/en\/events\/verao-ao-vivo\/#primaryimage\",\"inLanguage\":\"en-US\",\"url\":\"https:\/\/forumcoimbra.korcreatives.pt\/wp-content\/uploads\/sites\/13\/events\/veraoaovivo.png\",\"width\":960,\"height\":550},{\"@type\":\"WebPage\",\"@id\":\"https:\/\/forumcoimbra.korcreatives.pt\/en\/events\/verao-ao-vivo\/#webpage\",\"url\":\"https:\/\/forumcoimbra.korcreatives.pt\/en\/events\/verao-ao-vivo\/\",\"name\":\"Ver\\u00e3o ao Vivo - Forum Coimbra\",\"isPartOf\":{\"@id\":\"https:\/\/forumcoimbra.korcreatives.pt\/#website\"},\"primaryImageOfPage\":{\"@id\":\"https:\/\/forumcoimbra.korcreatives.pt\/en\/events\/verao-ao-vivo\/#primaryimage\"},\"datePublished\":\"2016-08-02T01:01:01+00:00\",\"dateModified\":\"2016-08-02T01:01:01+00:00\",\"breadcrumb\":{\"@id\":\"https:\/\/forumcoimbra.korcreatives.pt\/en\/events\/verao-ao-vivo\/#breadcrumb\"},\"inLanguage\":\"en-US\",\"potentialAction\":[{\"@type\":\"ReadAction\",\"target\":[\"https:\/\/forumcoimbra.korcreatives.pt\/en\/events\/verao-ao-vivo\/\"]}]},{\"@type\":\"BreadcrumbList\",\"@id\":\"https:\/\/forumcoimbra.korcreatives.pt\/en\/events\/verao-ao-vivo\/#breadcrumb\",\"itemListElement\":[{\"@type\":\"ListItem\",\"position\":1,\"item\":{\"@type\":\"WebPage\",\"@id\":\"https:\/\/forumcoimbra.korcreatives.pt\/events\/\",\"url\":\"https:\/\/forumcoimbra.korcreatives.pt\/events\/\",\"name\":\"Events\"}},{\"@type\":\"ListItem\",\"position\":2,\"item\":{\"@type\":\"WebPage\",\"@id\":\"https:\/\/forumcoimbra.korcreatives.pt\/en\/events\/verao-ao-vivo\/\",\"url\":\"https:\/\/forumcoimbra.korcreatives.pt\/en\/events\/verao-ao-vivo\/\",\"name\":\"Ver\\u00e3o ao Vivo\"}}]}]}<\/script>\n<!-- \/ Yoast SEO plugin. -->","_links":{"self":[{"href":"https:\/\/forumcoimbra.korcreatives.pt\/en\/wp-json\/wp\/v2\/events\/2223"}],"collection":[{"href":"https:\/\/forumcoimbra.korcreatives.pt\/en\/wp-json\/wp\/v2\/events"}],"about":[{"href":"https:\/\/forumcoimbra.korcreatives.pt\/en\/wp-json\/wp\/v2\/types\/events"}],"wp:featuredmedia":[{"embeddable":true,"href":"https:\/\/forumcoimbra.korcreatives.pt\/en\/wp-json\/wp\/v2\/media\/2068"}],"wp:attachment":[{"href":"https:\/\/forumcoimbra.korcreatives.pt\/en\/wp-json\/wp\/v2\/media?parent=2223"}],"curies":[{"name":"wp","href":"https:\/\/api.w.org\/{rel}","templated":true}]}}