{"id":2222,"date":"2016-06-06T01:01:01","date_gmt":"2016-06-06T01:01:01","guid":{"rendered":"http:\/\/www.forum-coimbra.com\/events\/mamas-bebes\/"},"modified":"2016-06-06T01:01:01","modified_gmt":"2016-06-06T01:01:01","slug":"mamas-bebes","status":"publish","type":"events","link":"https:\/\/forumcoimbra.korcreatives.pt\/en\/events\/mamas-bebes\/","title":{"rendered":"Mam\u00e3s &#038; Beb\u00e9s"},"content":{"rendered":"<p> \tO Forum Coimbra ser\u00e1 palco de um evento inovador em Portugal!<\/p>\n<p> \tNo fim-de-semana de 18 e 19 de Junho, as futuras mam\u00e3s poder\u00e3o gratuitamente ver o seu beb\u00e9 em tempo real atrav\u00e9s de tecnologia \u00fanica. Durante 5 minutos, atrav\u00e9s da ecografia 3D\/4D, ter\u00e3o a oportunidade \u00fanica para ouvir os batimentos card\u00edacos do seu beb\u00e9, descobrir o seu rosto e observar os seus movimentos, se est\u00e1 a bocejar, a dormir ou a sorrir&#8230;<\/p>\n<p> \tPara al\u00e9m dessa iniciativa, as futuras mam\u00e3s ser\u00e3o igualmente maquilhadas e fotografadas por profissionais, para que possam registar este momento para sempre.<\/p>\n<p> \tEstar\u00e1 tamb\u00e9m ao dispor dos pais uma \u00e1rea de esclarecimento de d\u00favidas sobre a criopreserva\u00e7\u00e3o de c\u00e9lulas estaminais do sangue e do tecido do cord\u00e3o umbilical, assegurado por especialistas da Beb\u00e9Cord- C\u00e9lulas Estaminais.<\/p>\n<p> \tTeremos ainda a decorrer durante o evento, v\u00e1rios workshops e atividades para gr\u00e1vidas e beb\u00e9s.<\/p>\n<p> \tSer\u00e1 um evento a n\u00e3o perder, com muitos miminhos para as mam\u00e3s.<\/p>\n<p> \tO evento \u00e9 gratuito.<\/p>\n<p> \tAs inscri\u00e7\u00f5es s\u00e3o obrigat\u00f3rias e limitadas atrav\u00e9s de:<\/p>\n<p> \t&#8211; Balc\u00e3o de Informa\u00e7\u00f5es do Forum Coimbra<\/p>\n<p> \t&#8211; Site&nbsp;<a data-saferedirecturl=\"https:\/\/www.google.com\/url?hl=pt-PT&amp;q=http:\/\/www.mamasebebes.pt\/eventos&amp;source=gmail&amp;ust=1465329940210000&amp;usg=AFQjCNG87pa-rCdGaGJuE_MRzn1kXGjthA\" href=\"http:\/\/www.mamasebebes.pt\/eventos\" target=\"_blank\" rel=\"noopener\">www.mamasebebes.pt\/eventos<\/a><\/p>\n<p> \t&#8211; Telm 926&nbsp;171 920<\/p>\n<p> \t&#8211; Email:&nbsp;<a href=\"mailto:eventos@mamasebebes.pt\" target=\"_blank\" rel=\"noopener\">eventos@mamasebebes.pt<\/a><\/p>\n<p> \t&#8211; Balc\u00e3o de Informa\u00e7\u00f5es do Forum Coimbra<\/p>\n<p> \t&nbsp;<\/p>\n<p> \t<strong>Agenda workshops<\/strong><\/p>\n<p> \t<strong>S\u00e1bado \u2013 18 de junho<\/strong><\/p>\n<p> \t10h30- Yoga para beb\u00e9s (2 a 5 meses)<\/p>\n<p> \t11h15m- Yoga para beb\u00e9s (5 a 10 meses)<\/p>\n<p> \t12h- Yoga para beb\u00e9s (10- 22 meses)<\/p>\n<p> \t15h- Higiene e Conforto do beb\u00e9<\/p>\n<p> \t16h- Massagem ao beb\u00e9<\/p>\n<p> \t17h- Esta noite todos v\u00e3o dormir como um beb\u00e9<\/p>\n<p> \t&nbsp;<\/p>\n<p> \t<strong>Domingo- 19 de junho<\/strong><\/p>\n<p> \t10h30- M\u00fasica para beb\u00e9s<\/p>\n<p> \t11h30- Como brincar com o meu beb\u00e9<\/p>\n<p> \t15h- Seguran\u00e7a infantil\/ acidentes no primeiro ano de vida do beb\u00e9<\/p>\n<p> \t16h- Como lidar com as c\u00f3licas do meu beb\u00e9<\/p>\n<p> \t17h- Emo\u00e7\u00f5es na gravidez\/ Depress\u00e3o P\u00f3s Parto<\/p>\n","protected":false},"featured_media":2064,"template":"","class_list":["post-2222","events","type-events","status-publish","has-post-thumbnail","hentry"],"yoast_head":"<!-- This site is optimized with the Yoast SEO plugin v16.0.2 - https:\/\/yoast.com\/wordpress\/plugins\/seo\/ -->\n<meta property=\"og:locale\" content=\"en_US\" \/>\n<meta property=\"og:type\" content=\"article\" \/>\n<meta property=\"og:title\" content=\"Mam\u00e3s &amp; Beb\u00e9s - Forum Coimbra\" \/>\n<meta property=\"og:description\" content=\"O Forum Coimbra ser\u00e1 palco de um evento inovador em Portugal! No fim-de-semana de 18 e 19 de Junho, as futuras mam\u00e3s poder\u00e3o gratuitamente ver o seu beb\u00e9 em tempo real atrav\u00e9s de tecnologia \u00fanica. Durante 5 minutos, atrav\u00e9s da ecografia 3D\/4D, ter\u00e3o a oportunidade \u00fanica para ouvir os batimentos card\u00edacos do seu beb\u00e9, descobrir [&hellip;]\" \/>\n<meta property=\"og:url\" content=\"https:\/\/forumcoimbra.korcreatives.pt\/en\/events\/mamas-bebes\/\" \/>\n<meta property=\"og:site_name\" content=\"Forum Coimbra\" \/>\n<meta name=\"twitter:card\" content=\"summary_large_image\" \/>\n<meta name=\"twitter:label1\" content=\"Est. reading time\">\n\t<meta name=\"twitter:data1\" content=\"2 minutes\">\n<script type=\"application\/ld+json\" class=\"yoast-schema-graph\">{\"@context\":\"https:\/\/schema.org\",\"@graph\":[{\"@type\":\"WebSite\",\"@id\":\"https:\/\/forumcoimbra.korcreatives.pt\/#website\",\"url\":\"https:\/\/forumcoimbra.korcreatives.pt\/\",\"name\":\"Forum Coimbra\",\"description\":\"\",\"potentialAction\":[{\"@type\":\"SearchAction\",\"target\":\"https:\/\/forumcoimbra.korcreatives.pt\/?s={search_term_string}\",\"query-input\":\"required name=search_term_string\"}],\"inLanguage\":\"en-US\"},{\"@type\":\"ImageObject\",\"@id\":\"https:\/\/forumcoimbra.korcreatives.pt\/en\/events\/mamas-bebes\/#primaryimage\",\"inLanguage\":\"en-US\",\"url\":\"https:\/\/forumcoimbra.korcreatives.pt\/wp-content\/uploads\/sites\/13\/events\/mamas_bebes.png\",\"width\":960,\"height\":550},{\"@type\":\"WebPage\",\"@id\":\"https:\/\/forumcoimbra.korcreatives.pt\/en\/events\/mamas-bebes\/#webpage\",\"url\":\"https:\/\/forumcoimbra.korcreatives.pt\/en\/events\/mamas-bebes\/\",\"name\":\"Mam\\u00e3s & Beb\\u00e9s - Forum Coimbra\",\"isPartOf\":{\"@id\":\"https:\/\/forumcoimbra.korcreatives.pt\/#website\"},\"primaryImageOfPage\":{\"@id\":\"https:\/\/forumcoimbra.korcreatives.pt\/en\/events\/mamas-bebes\/#primaryimage\"},\"datePublished\":\"2016-06-06T01:01:01+00:00\",\"dateModified\":\"2016-06-06T01:01:01+00:00\",\"breadcrumb\":{\"@id\":\"https:\/\/forumcoimbra.korcreatives.pt\/en\/events\/mamas-bebes\/#breadcrumb\"},\"inLanguage\":\"en-US\",\"potentialAction\":[{\"@type\":\"ReadAction\",\"target\":[\"https:\/\/forumcoimbra.korcreatives.pt\/en\/events\/mamas-bebes\/\"]}]},{\"@type\":\"BreadcrumbList\",\"@id\":\"https:\/\/forumcoimbra.korcreatives.pt\/en\/events\/mamas-bebes\/#breadcrumb\",\"itemListElement\":[{\"@type\":\"ListItem\",\"position\":1,\"item\":{\"@type\":\"WebPage\",\"@id\":\"https:\/\/forumcoimbra.korcreatives.pt\/events\/\",\"url\":\"https:\/\/forumcoimbra.korcreatives.pt\/events\/\",\"name\":\"Events\"}},{\"@type\":\"ListItem\",\"position\":2,\"item\":{\"@type\":\"WebPage\",\"@id\":\"https:\/\/forumcoimbra.korcreatives.pt\/en\/events\/mamas-bebes\/\",\"url\":\"https:\/\/forumcoimbra.korcreatives.pt\/en\/events\/mamas-bebes\/\",\"name\":\"Mam\\u00e3s &#038; Beb\\u00e9s\"}}]}]}<\/script>\n<!-- \/ Yoast SEO plugin. -->","_links":{"self":[{"href":"https:\/\/forumcoimbra.korcreatives.pt\/en\/wp-json\/wp\/v2\/events\/2222"}],"collection":[{"href":"https:\/\/forumcoimbra.korcreatives.pt\/en\/wp-json\/wp\/v2\/events"}],"about":[{"href":"https:\/\/forumcoimbra.korcreatives.pt\/en\/wp-json\/wp\/v2\/types\/events"}],"wp:featuredmedia":[{"embeddable":true,"href":"https:\/\/forumcoimbra.korcreatives.pt\/en\/wp-json\/wp\/v2\/media\/2064"}],"wp:attachment":[{"href":"https:\/\/forumcoimbra.korcreatives.pt\/en\/wp-json\/wp\/v2\/media?parent=2222"}],"curies":[{"name":"wp","href":"https:\/\/api.w.org\/{rel}","templated":true}]}}