{"id":2221,"date":"2016-05-02T01:01:01","date_gmt":"2016-05-02T01:01:01","guid":{"rendered":"http:\/\/www.forum-coimbra.com\/events\/queima-connos-2\/"},"modified":"2016-05-02T01:01:01","modified_gmt":"2016-05-02T01:01:01","slug":"queima-connos-2","status":"publish","type":"events","link":"https:\/\/forumcoimbra.korcreatives.pt\/en\/events\/queima-connos-2\/","title":{"rendered":"Queima Connosco"},"content":{"rendered":"<p> \t<strong>De 6 a 13 de Maio mostra que \u00e9s um #queimadinhodaqueima, e ganha bilhetes.<\/strong><\/p>\n<p> \t<span style=\"line-height: 1.4;\">Vais \u00e0s redes sociais do Forum Coimbra e descobre como podes ser o vencedor.<\/span><\/p>\n<p> \t&nbsp;<\/p>\n<p> \t<strong>Encontra-nos dentro do recinto.<\/strong><\/p>\n<p> \tA festa est\u00e1 s\u00f3 a come\u00e7ar. Descobre a nossa ratoeira humana dentro do queim\u00f3dromo, participa para ganhar ainda mais pr\u00e9mios e partilha os melhores momentos desta Queima com o Wi-fo gratuito.<\/p>\n","protected":false},"featured_media":2148,"template":"","class_list":["post-2221","events","type-events","status-publish","has-post-thumbnail","hentry"],"yoast_head":"<!-- This site is optimized with the Yoast SEO plugin v16.0.2 - https:\/\/yoast.com\/wordpress\/plugins\/seo\/ -->\n<meta property=\"og:locale\" content=\"en_US\" \/>\n<meta property=\"og:type\" content=\"article\" \/>\n<meta property=\"og:title\" content=\"Queima Connosco - Forum Coimbra\" \/>\n<meta property=\"og:description\" content=\"De 6 a 13 de Maio mostra que \u00e9s um #queimadinhodaqueima, e ganha bilhetes. Vais \u00e0s redes sociais do Forum Coimbra e descobre como podes ser o vencedor. &nbsp; Encontra-nos dentro do recinto. A festa est\u00e1 s\u00f3 a come\u00e7ar. Descobre a nossa ratoeira humana dentro do queim\u00f3dromo, participa para ganhar ainda mais pr\u00e9mios e partilha [&hellip;]\" \/>\n<meta property=\"og:url\" content=\"https:\/\/forumcoimbra.korcreatives.pt\/en\/events\/queima-connos-2\/\" \/>\n<meta property=\"og:site_name\" content=\"Forum Coimbra\" \/>\n<meta name=\"twitter:card\" content=\"summary_large_image\" \/>\n<script type=\"application\/ld+json\" class=\"yoast-schema-graph\">{\"@context\":\"https:\/\/schema.org\",\"@graph\":[{\"@type\":\"WebSite\",\"@id\":\"https:\/\/forumcoimbra.korcreatives.pt\/#website\",\"url\":\"https:\/\/forumcoimbra.korcreatives.pt\/\",\"name\":\"Forum Coimbra\",\"description\":\"\",\"potentialAction\":[{\"@type\":\"SearchAction\",\"target\":\"https:\/\/forumcoimbra.korcreatives.pt\/?s={search_term_string}\",\"query-input\":\"required name=search_term_string\"}],\"inLanguage\":\"en-US\"},{\"@type\":\"ImageObject\",\"@id\":\"https:\/\/forumcoimbra.korcreatives.pt\/en\/events\/queima-connos-2\/#primaryimage\",\"inLanguage\":\"en-US\",\"url\":\"https:\/\/forumcoimbra.korcreatives.pt\/wp-content\/uploads\/sites\/13\/events\/queimaconnosco.png\",\"width\":960,\"height\":550},{\"@type\":\"WebPage\",\"@id\":\"https:\/\/forumcoimbra.korcreatives.pt\/en\/events\/queima-connos-2\/#webpage\",\"url\":\"https:\/\/forumcoimbra.korcreatives.pt\/en\/events\/queima-connos-2\/\",\"name\":\"Queima Connosco - Forum Coimbra\",\"isPartOf\":{\"@id\":\"https:\/\/forumcoimbra.korcreatives.pt\/#website\"},\"primaryImageOfPage\":{\"@id\":\"https:\/\/forumcoimbra.korcreatives.pt\/en\/events\/queima-connos-2\/#primaryimage\"},\"datePublished\":\"2016-05-02T01:01:01+00:00\",\"dateModified\":\"2016-05-02T01:01:01+00:00\",\"breadcrumb\":{\"@id\":\"https:\/\/forumcoimbra.korcreatives.pt\/en\/events\/queima-connos-2\/#breadcrumb\"},\"inLanguage\":\"en-US\",\"potentialAction\":[{\"@type\":\"ReadAction\",\"target\":[\"https:\/\/forumcoimbra.korcreatives.pt\/en\/events\/queima-connos-2\/\"]}]},{\"@type\":\"BreadcrumbList\",\"@id\":\"https:\/\/forumcoimbra.korcreatives.pt\/en\/events\/queima-connos-2\/#breadcrumb\",\"itemListElement\":[{\"@type\":\"ListItem\",\"position\":1,\"item\":{\"@type\":\"WebPage\",\"@id\":\"https:\/\/forumcoimbra.korcreatives.pt\/events\/\",\"url\":\"https:\/\/forumcoimbra.korcreatives.pt\/events\/\",\"name\":\"Events\"}},{\"@type\":\"ListItem\",\"position\":2,\"item\":{\"@type\":\"WebPage\",\"@id\":\"https:\/\/forumcoimbra.korcreatives.pt\/en\/events\/queima-connos-2\/\",\"url\":\"https:\/\/forumcoimbra.korcreatives.pt\/en\/events\/queima-connos-2\/\",\"name\":\"Queima Connosco\"}}]}]}<\/script>\n<!-- \/ Yoast SEO plugin. -->","_links":{"self":[{"href":"https:\/\/forumcoimbra.korcreatives.pt\/en\/wp-json\/wp\/v2\/events\/2221"}],"collection":[{"href":"https:\/\/forumcoimbra.korcreatives.pt\/en\/wp-json\/wp\/v2\/events"}],"about":[{"href":"https:\/\/forumcoimbra.korcreatives.pt\/en\/wp-json\/wp\/v2\/types\/events"}],"wp:featuredmedia":[{"embeddable":true,"href":"https:\/\/forumcoimbra.korcreatives.pt\/en\/wp-json\/wp\/v2\/media\/2148"}],"wp:attachment":[{"href":"https:\/\/forumcoimbra.korcreatives.pt\/en\/wp-json\/wp\/v2\/media?parent=2221"}],"curies":[{"name":"wp","href":"https:\/\/api.w.org\/{rel}","templated":true}]}}