{"id":2220,"date":"2015-11-27T01:01:01","date_gmt":"2015-11-27T01:01:01","guid":{"rendered":"http:\/\/www.forum-coimbra.com\/events\/black-friday\/"},"modified":"2015-11-27T01:01:01","modified_gmt":"2015-11-27T01:01:01","slug":"black-friday","status":"publish","type":"events","link":"https:\/\/forumcoimbra.korcreatives.pt\/en\/events\/black-friday\/","title":{"rendered":"Black Friday"},"content":{"rendered":"<p style=\"text-align: center;\"> \t<span style=\"font-size:14px;\"><strong>Black Friday<\/strong><\/span><\/p>\n<p> \tLista das lojas aderentes ao Black Friday (27 de novembro) com descontos especiais:<\/p>\n<p> \tThe Phone House<\/p>\n<p> \tCalzedonia<\/p>\n<p> \tO Botic\u00e1rio<\/p>\n<p> \tCentro \u00danico<\/p>\n<p> \tSunglass Hut<\/p>\n<p> \tNaturapura<\/p>\n<p> \tIntimissimi<\/p>\n<p> \tMarypaz<\/p>\n<p> \tThe Body Shop<\/p>\n<p> \tTezenis<\/p>\n<p> \tMais \u00d3ptica<\/p>\n<p> \tLivraria Bertrand<\/p>\n<p> \tRituals<\/p>\n<p> \tTutto Chicco<\/p>\n<p> \tMisako<\/p>\n<p> \tHussel<\/p>\n<p> \tMetro Kids<\/p>\n<p> \tXtream<\/p>\n<p> \tLefties<\/p>\n<p> \tTiffosi Denim<\/p>\n<p> \tNatura<\/p>\n<p> \tCasa<\/p>\n<p> \tA Loja do Gato Preto<\/p>\n<p> \tPr\u00e9Natal<\/p>\n<p> \tQuebramar<\/p>\n<p> \tSkechers<\/p>\n<p> \tForeva<\/p>\n<p> \tC&amp;A<\/p>\n<p> \tSamsonite<\/p>\n<p> \tBenetton<\/p>\n<p> \tSisley<\/p>\n<p> \tH&amp;M<\/p>\n<p> \tLion of Porches<\/p>\n<p> \tTOUS<\/p>\n<p> \tPepe Jeans<\/p>\n<p> \tLanidor Woman &amp; Kids<\/p>\n<p> \tSapataria Aldo<\/p>\n<p> \tBershka<\/p>\n<p> \tPunt Roma<\/p>\n<p> \tSpringfield<\/p>\n<p> \tPull &amp; Bear<\/p>\n<p> \tOysho<\/p>\n<p> \tStradivarius<\/p>\n<p> \tZara<\/p>\n<p> \tSapataria Havana<\/p>\n<p> \tParfois<\/p>\n<p> \tZara Home<\/p>\n<p> \tRockPort<\/p>\n<p> \tInside<\/p>\n<p> \tSapataria Staza<\/p>\n<p> \tPimkie<\/p>\n<p> \tPandora<\/p>\n<p> \tMassimo Dutti<\/p>\n<p> \tEureka Shoes<\/p>\n<p> \tPromod<\/p>\n<p> \tMango<\/p>\n<p> \tSapataria Bianca<\/p>\n<p> \tSacoor<\/p>\n<p> \tPedra Dura<\/p>\n<p> \t&nbsp;<\/p>\n<p> \t<strong>Nota: <\/strong>O Forum Coimbra n\u00e3o se responsabiliza por qualquer altera\u00e7\u00e3o \u00e0 lista de lojas aderentes.<\/p>\n<p> \tPara mais informa\u00e7\u00f5es acerca dos descontos contacte p.f. diretamente as lojas.<\/p>\n<p> \t&nbsp;<\/p>\n","protected":false},"featured_media":2116,"template":"","class_list":["post-2220","events","type-events","status-publish","has-post-thumbnail","hentry"],"yoast_head":"<!-- This site is optimized with the Yoast SEO plugin v16.0.2 - https:\/\/yoast.com\/wordpress\/plugins\/seo\/ -->\n<meta property=\"og:locale\" content=\"en_US\" \/>\n<meta property=\"og:type\" content=\"article\" \/>\n<meta property=\"og:title\" content=\"Black Friday - Forum Coimbra\" \/>\n<meta property=\"og:description\" content=\"Black Friday Lista das lojas aderentes ao Black Friday (27 de novembro) com descontos especiais: The Phone House Calzedonia O Botic\u00e1rio Centro \u00danico Sunglass Hut Naturapura Intimissimi Marypaz The Body Shop Tezenis Mais \u00d3ptica Livraria Bertrand Rituals Tutto Chicco Misako Hussel Metro Kids Xtream Lefties Tiffosi Denim Natura Casa A Loja do Gato Preto Pr\u00e9Natal [&hellip;]\" \/>\n<meta property=\"og:url\" content=\"https:\/\/forumcoimbra.korcreatives.pt\/en\/events\/black-friday\/\" \/>\n<meta property=\"og:site_name\" content=\"Forum Coimbra\" \/>\n<meta name=\"twitter:card\" content=\"summary_large_image\" \/>\n<meta name=\"twitter:label1\" content=\"Est. reading time\">\n\t<meta name=\"twitter:data1\" content=\"1 minute\">\n<script type=\"application\/ld+json\" class=\"yoast-schema-graph\">{\"@context\":\"https:\/\/schema.org\",\"@graph\":[{\"@type\":\"WebSite\",\"@id\":\"https:\/\/forumcoimbra.korcreatives.pt\/#website\",\"url\":\"https:\/\/forumcoimbra.korcreatives.pt\/\",\"name\":\"Forum Coimbra\",\"description\":\"\",\"potentialAction\":[{\"@type\":\"SearchAction\",\"target\":\"https:\/\/forumcoimbra.korcreatives.pt\/?s={search_term_string}\",\"query-input\":\"required name=search_term_string\"}],\"inLanguage\":\"en-US\"},{\"@type\":\"ImageObject\",\"@id\":\"https:\/\/forumcoimbra.korcreatives.pt\/en\/events\/black-friday\/#primaryimage\",\"inLanguage\":\"en-US\",\"url\":\"https:\/\/forumcoimbra.korcreatives.pt\/wp-content\/uploads\/sites\/13\/events\/blackfriday.png\",\"width\":960,\"height\":550},{\"@type\":\"WebPage\",\"@id\":\"https:\/\/forumcoimbra.korcreatives.pt\/en\/events\/black-friday\/#webpage\",\"url\":\"https:\/\/forumcoimbra.korcreatives.pt\/en\/events\/black-friday\/\",\"name\":\"Black Friday - Forum Coimbra\",\"isPartOf\":{\"@id\":\"https:\/\/forumcoimbra.korcreatives.pt\/#website\"},\"primaryImageOfPage\":{\"@id\":\"https:\/\/forumcoimbra.korcreatives.pt\/en\/events\/black-friday\/#primaryimage\"},\"datePublished\":\"2015-11-27T01:01:01+00:00\",\"dateModified\":\"2015-11-27T01:01:01+00:00\",\"breadcrumb\":{\"@id\":\"https:\/\/forumcoimbra.korcreatives.pt\/en\/events\/black-friday\/#breadcrumb\"},\"inLanguage\":\"en-US\",\"potentialAction\":[{\"@type\":\"ReadAction\",\"target\":[\"https:\/\/forumcoimbra.korcreatives.pt\/en\/events\/black-friday\/\"]}]},{\"@type\":\"BreadcrumbList\",\"@id\":\"https:\/\/forumcoimbra.korcreatives.pt\/en\/events\/black-friday\/#breadcrumb\",\"itemListElement\":[{\"@type\":\"ListItem\",\"position\":1,\"item\":{\"@type\":\"WebPage\",\"@id\":\"https:\/\/forumcoimbra.korcreatives.pt\/events\/\",\"url\":\"https:\/\/forumcoimbra.korcreatives.pt\/events\/\",\"name\":\"Events\"}},{\"@type\":\"ListItem\",\"position\":2,\"item\":{\"@type\":\"WebPage\",\"@id\":\"https:\/\/forumcoimbra.korcreatives.pt\/en\/events\/black-friday\/\",\"url\":\"https:\/\/forumcoimbra.korcreatives.pt\/en\/events\/black-friday\/\",\"name\":\"Black Friday\"}}]}]}<\/script>\n<!-- \/ Yoast SEO plugin. -->","_links":{"self":[{"href":"https:\/\/forumcoimbra.korcreatives.pt\/en\/wp-json\/wp\/v2\/events\/2220"}],"collection":[{"href":"https:\/\/forumcoimbra.korcreatives.pt\/en\/wp-json\/wp\/v2\/events"}],"about":[{"href":"https:\/\/forumcoimbra.korcreatives.pt\/en\/wp-json\/wp\/v2\/types\/events"}],"wp:featuredmedia":[{"embeddable":true,"href":"https:\/\/forumcoimbra.korcreatives.pt\/en\/wp-json\/wp\/v2\/media\/2116"}],"wp:attachment":[{"href":"https:\/\/forumcoimbra.korcreatives.pt\/en\/wp-json\/wp\/v2\/media?parent=2220"}],"curies":[{"name":"wp","href":"https:\/\/api.w.org\/{rel}","templated":true}]}}