{"id":2218,"date":"2015-11-03T01:01:01","date_gmt":"2015-11-03T01:01:01","guid":{"rendered":"http:\/\/www.forum-coimbra.com\/events\/vem-receber-o-natal\/"},"modified":"2015-11-03T01:01:01","modified_gmt":"2015-11-03T01:01:01","slug":"vem-receber-o-natal","status":"publish","type":"events","link":"https:\/\/forumcoimbra.korcreatives.pt\/en\/events\/vem-receber-o-natal\/","title":{"rendered":"Vem Receber o Natal"},"content":{"rendered":"<div> \tVEM RECEBER O PAI NATAL&nbsp;<span style=\"line-height: 1.4;\">E DESCOBRE TODAS AS SURPRESAS&nbsp;<\/span><span style=\"line-height: 1.4;\">QUE PREPAR\u00c1MOS PARA TI.<\/span><\/div>\n<div> \t&nbsp;<\/div>\n<div> \tO Pai Natal chega dia 14 de novembro ao Forum Coimbra.<\/div>\n<div> \tVem e junta-te \u00e0 festa com a S\u00f3nia Ara\u00fajo num espet\u00e1culo&nbsp;<span style=\"line-height: 1.4;\">cheio de m\u00fasica e muita anima\u00e7\u00e3o. N\u00e3o podes faltar!<\/span><\/div>\n<div> \t&nbsp;<\/div>\n<div> \tMAS H\u00c1 MAIS NATAL NA VILA ESPALHA SORRISOS<\/div>\n<div> \t&nbsp;<\/div>\n<div> \tDepois de toda esta divers\u00e3o vai at\u00e9 \u00e0 Vila Espalha Sorrisos onde encontras&nbsp;<span style=\"line-height: 1.4;\">o Pai Natal e os simp\u00e1ticos Forumojis. <\/span><\/div>\n<div> \t<span style=\"line-height: 1.4;\">\u00c9 aqui que o Pai Natal vai estar para tirar&nbsp;<\/span><span style=\"line-height: 1.4;\">uma fotografia contigo e para te oferecer o novo livro do Gui.<\/span><\/div>\n<div> \tE n\u00e3o \u00e9 tudo, porque os Forumojis tamb\u00e9m v\u00e3o ter muitas surpresas&nbsp;<span style=\"line-height: 1.4;\">e brincadeiras \u00e0 tua espera.<\/span><\/div>\n<div> \t&nbsp;<\/div>\n<div> \t<span style=\"line-height: 1.4;\">HOR\u00c1RIOS VILA ESPALHA SORRISOS<\/span><\/div>\n<div> \tNOVEMBRO<\/div>\n<div> \t2\u00aa a 5\u00aa \u2013 15h \u00e0s 19h<\/div>\n<div> \t6\u00aa, s\u00e1b. e dom . \u2013 11h \u00e0s 21h<\/div>\n<div> \t&nbsp;<\/div>\n<div> \tDEZEMBRO<\/div>\n<div> \t2\u00aa a 5\u00aa \u2013 11h \u00e0s 19h<\/div>\n<div> \t6\u00aa, s\u00e1b. e dom. \u2013 11h \u00e0s 21h<\/div>\n","protected":false},"featured_media":2048,"template":"","class_list":["post-2218","events","type-events","status-publish","has-post-thumbnail","hentry"],"yoast_head":"<!-- This site is optimized with the Yoast SEO plugin v16.0.2 - https:\/\/yoast.com\/wordpress\/plugins\/seo\/ -->\n<meta property=\"og:locale\" content=\"en_US\" \/>\n<meta property=\"og:type\" content=\"article\" \/>\n<meta property=\"og:title\" content=\"Vem Receber o Natal - Forum Coimbra\" \/>\n<meta property=\"og:description\" content=\"VEM RECEBER O PAI NATAL&nbsp;E DESCOBRE TODAS AS SURPRESAS&nbsp;QUE PREPAR\u00c1MOS PARA TI. &nbsp; O Pai Natal chega dia 14 de novembro ao Forum Coimbra. Vem e junta-te \u00e0 festa com a S\u00f3nia Ara\u00fajo num espet\u00e1culo&nbsp;cheio de m\u00fasica e muita anima\u00e7\u00e3o. N\u00e3o podes faltar! &nbsp; MAS H\u00c1 MAIS NATAL NA VILA ESPALHA SORRISOS &nbsp; Depois de [&hellip;]\" \/>\n<meta property=\"og:url\" content=\"https:\/\/forumcoimbra.korcreatives.pt\/en\/events\/vem-receber-o-natal\/\" \/>\n<meta property=\"og:site_name\" content=\"Forum Coimbra\" \/>\n<meta name=\"twitter:card\" content=\"summary_large_image\" \/>\n<meta name=\"twitter:label1\" content=\"Est. reading time\">\n\t<meta name=\"twitter:data1\" content=\"1 minute\">\n<script type=\"application\/ld+json\" class=\"yoast-schema-graph\">{\"@context\":\"https:\/\/schema.org\",\"@graph\":[{\"@type\":\"WebSite\",\"@id\":\"https:\/\/forumcoimbra.korcreatives.pt\/#website\",\"url\":\"https:\/\/forumcoimbra.korcreatives.pt\/\",\"name\":\"Forum Coimbra\",\"description\":\"\",\"potentialAction\":[{\"@type\":\"SearchAction\",\"target\":\"https:\/\/forumcoimbra.korcreatives.pt\/?s={search_term_string}\",\"query-input\":\"required name=search_term_string\"}],\"inLanguage\":\"en-US\"},{\"@type\":\"ImageObject\",\"@id\":\"https:\/\/forumcoimbra.korcreatives.pt\/en\/events\/vem-receber-o-natal\/#primaryimage\",\"inLanguage\":\"en-US\",\"url\":\"https:\/\/forumcoimbra.korcreatives.pt\/wp-content\/uploads\/sites\/13\/events\/vemreceberonatal.png\",\"width\":960,\"height\":550},{\"@type\":\"WebPage\",\"@id\":\"https:\/\/forumcoimbra.korcreatives.pt\/en\/events\/vem-receber-o-natal\/#webpage\",\"url\":\"https:\/\/forumcoimbra.korcreatives.pt\/en\/events\/vem-receber-o-natal\/\",\"name\":\"Vem Receber o Natal - Forum Coimbra\",\"isPartOf\":{\"@id\":\"https:\/\/forumcoimbra.korcreatives.pt\/#website\"},\"primaryImageOfPage\":{\"@id\":\"https:\/\/forumcoimbra.korcreatives.pt\/en\/events\/vem-receber-o-natal\/#primaryimage\"},\"datePublished\":\"2015-11-03T01:01:01+00:00\",\"dateModified\":\"2015-11-03T01:01:01+00:00\",\"breadcrumb\":{\"@id\":\"https:\/\/forumcoimbra.korcreatives.pt\/en\/events\/vem-receber-o-natal\/#breadcrumb\"},\"inLanguage\":\"en-US\",\"potentialAction\":[{\"@type\":\"ReadAction\",\"target\":[\"https:\/\/forumcoimbra.korcreatives.pt\/en\/events\/vem-receber-o-natal\/\"]}]},{\"@type\":\"BreadcrumbList\",\"@id\":\"https:\/\/forumcoimbra.korcreatives.pt\/en\/events\/vem-receber-o-natal\/#breadcrumb\",\"itemListElement\":[{\"@type\":\"ListItem\",\"position\":1,\"item\":{\"@type\":\"WebPage\",\"@id\":\"https:\/\/forumcoimbra.korcreatives.pt\/events\/\",\"url\":\"https:\/\/forumcoimbra.korcreatives.pt\/events\/\",\"name\":\"Events\"}},{\"@type\":\"ListItem\",\"position\":2,\"item\":{\"@type\":\"WebPage\",\"@id\":\"https:\/\/forumcoimbra.korcreatives.pt\/en\/events\/vem-receber-o-natal\/\",\"url\":\"https:\/\/forumcoimbra.korcreatives.pt\/en\/events\/vem-receber-o-natal\/\",\"name\":\"Vem Receber o Natal\"}}]}]}<\/script>\n<!-- \/ Yoast SEO plugin. -->","_links":{"self":[{"href":"https:\/\/forumcoimbra.korcreatives.pt\/en\/wp-json\/wp\/v2\/events\/2218"}],"collection":[{"href":"https:\/\/forumcoimbra.korcreatives.pt\/en\/wp-json\/wp\/v2\/events"}],"about":[{"href":"https:\/\/forumcoimbra.korcreatives.pt\/en\/wp-json\/wp\/v2\/types\/events"}],"wp:featuredmedia":[{"embeddable":true,"href":"https:\/\/forumcoimbra.korcreatives.pt\/en\/wp-json\/wp\/v2\/media\/2048"}],"wp:attachment":[{"href":"https:\/\/forumcoimbra.korcreatives.pt\/en\/wp-json\/wp\/v2\/media?parent=2218"}],"curies":[{"name":"wp","href":"https:\/\/api.w.org\/{rel}","templated":true}]}}