{"id":2217,"date":"2015-10-12T01:01:01","date_gmt":"2015-10-12T01:01:01","guid":{"rendered":"http:\/\/www.forum-coimbra.com\/events\/mamas-e-bebes\/"},"modified":"2015-10-12T01:01:01","modified_gmt":"2015-10-12T01:01:01","slug":"mamas-e-bebes","status":"publish","type":"events","link":"https:\/\/forumcoimbra.korcreatives.pt\/en\/events\/mamas-e-bebes\/","title":{"rendered":"Mam\u00e3s e Beb\u00e9s"},"content":{"rendered":"<p style=\"text-align: center;\"> \t&nbsp;<\/p>\n<p> \tO Forum Coimbra ser\u00e1 palco de um evento inovador em Portugal!<\/p>\n<p> \tNo fim-de-semana de 17 e 18 de Outubro, as futuras mam\u00e3s poder\u00e3o gratuitamente ver o seu beb\u00e9 em tempo real atrav\u00e9s de tecnologia \u00fanica. Durante 5 minutos, atrav\u00e9s da ecografia 3D\/4D, ter\u00e3o a oportunidade \u00fanica para ouvir os batimentos card\u00edacos do seu beb\u00e9, descobrir o seu rosto e observar os seus movimentos, se est\u00e1 a bocejar, a dormir ou a sorrir&#8230;<\/p>\n<p> \tPara al\u00e9m dessa iniciativa, as futuras mam\u00e3s ser\u00e3o igualmente maquilhadas e fotografadas por profissionais, para que possam registar este momento para sempre.<\/p>\n<p> \tA mam\u00e3 mais original e divertida poder\u00e1 vir a ser capa da Revista Mam\u00e3s e Beb\u00e9s.<\/p>\n<p> \tEstar\u00e1 ainda ao dispor dos pais uma \u00e1rea de esclarecimento de d\u00favidas sobre a criopreserva\u00e7\u00e3o de c\u00e9lulas estaminais do sangue e do tecido do cord\u00e3o umbilical, assegurado por especialistas da Beb\u00e9Cord- C\u00e9lulas Estaminais.<\/p>\n<p> \tSer\u00e1 um evento a n\u00e3o perder, com muitos miminhos para as mam\u00e3s.<\/p>\n<p> \tO evento \u00e9 gratuito.<\/p>\n<p> \tAs inscri\u00e7\u00f5es s\u00e3o obrigat\u00f3rias e limitadas atrav\u00e9s de:<\/p>\n<p> \t<span style=\"line-height: 16.8px;\">&#8211; Balc\u00e3o de Informa\u00e7\u00f5es do Forum Coimbra<\/span><\/p>\n<p> \t&#8211; Site <a href=\"http:\/\/www.mamasebebes.pt\/workshops\">www.mamasebebes.pt\/workshops<\/a><\/p>\n<p> \t&#8211; Telm 935 726&nbsp;691<\/p>\n<p> \t&#8211; Email: <a href=\"mailto:eventos@mamasebebes.pt\">eventos@mamasebebes.pt<\/a><\/p>\n","protected":false},"featured_media":2044,"template":"","class_list":["post-2217","events","type-events","status-publish","has-post-thumbnail","hentry"],"yoast_head":"<!-- This site is optimized with the Yoast SEO plugin v16.0.2 - https:\/\/yoast.com\/wordpress\/plugins\/seo\/ -->\n<meta property=\"og:locale\" content=\"en_US\" \/>\n<meta property=\"og:type\" content=\"article\" \/>\n<meta property=\"og:title\" content=\"Mam\u00e3s e Beb\u00e9s - Forum Coimbra\" \/>\n<meta property=\"og:description\" content=\"&nbsp; O Forum Coimbra ser\u00e1 palco de um evento inovador em Portugal! No fim-de-semana de 17 e 18 de Outubro, as futuras mam\u00e3s poder\u00e3o gratuitamente ver o seu beb\u00e9 em tempo real atrav\u00e9s de tecnologia \u00fanica. Durante 5 minutos, atrav\u00e9s da ecografia 3D\/4D, ter\u00e3o a oportunidade \u00fanica para ouvir os batimentos card\u00edacos do seu beb\u00e9, [&hellip;]\" \/>\n<meta property=\"og:url\" content=\"https:\/\/forumcoimbra.korcreatives.pt\/en\/events\/mamas-e-bebes\/\" \/>\n<meta property=\"og:site_name\" content=\"Forum Coimbra\" \/>\n<meta name=\"twitter:card\" content=\"summary_large_image\" \/>\n<meta name=\"twitter:label1\" content=\"Est. reading time\">\n\t<meta name=\"twitter:data1\" content=\"1 minute\">\n<script type=\"application\/ld+json\" class=\"yoast-schema-graph\">{\"@context\":\"https:\/\/schema.org\",\"@graph\":[{\"@type\":\"WebSite\",\"@id\":\"https:\/\/forumcoimbra.korcreatives.pt\/#website\",\"url\":\"https:\/\/forumcoimbra.korcreatives.pt\/\",\"name\":\"Forum Coimbra\",\"description\":\"\",\"potentialAction\":[{\"@type\":\"SearchAction\",\"target\":\"https:\/\/forumcoimbra.korcreatives.pt\/?s={search_term_string}\",\"query-input\":\"required name=search_term_string\"}],\"inLanguage\":\"en-US\"},{\"@type\":\"ImageObject\",\"@id\":\"https:\/\/forumcoimbra.korcreatives.pt\/en\/events\/mamas-e-bebes\/#primaryimage\",\"inLanguage\":\"en-US\",\"url\":\"https:\/\/forumcoimbra.korcreatives.pt\/wp-content\/uploads\/sites\/13\/events\/mamasebebes.png\",\"width\":960,\"height\":550},{\"@type\":\"WebPage\",\"@id\":\"https:\/\/forumcoimbra.korcreatives.pt\/en\/events\/mamas-e-bebes\/#webpage\",\"url\":\"https:\/\/forumcoimbra.korcreatives.pt\/en\/events\/mamas-e-bebes\/\",\"name\":\"Mam\\u00e3s e Beb\\u00e9s - Forum Coimbra\",\"isPartOf\":{\"@id\":\"https:\/\/forumcoimbra.korcreatives.pt\/#website\"},\"primaryImageOfPage\":{\"@id\":\"https:\/\/forumcoimbra.korcreatives.pt\/en\/events\/mamas-e-bebes\/#primaryimage\"},\"datePublished\":\"2015-10-12T01:01:01+00:00\",\"dateModified\":\"2015-10-12T01:01:01+00:00\",\"breadcrumb\":{\"@id\":\"https:\/\/forumcoimbra.korcreatives.pt\/en\/events\/mamas-e-bebes\/#breadcrumb\"},\"inLanguage\":\"en-US\",\"potentialAction\":[{\"@type\":\"ReadAction\",\"target\":[\"https:\/\/forumcoimbra.korcreatives.pt\/en\/events\/mamas-e-bebes\/\"]}]},{\"@type\":\"BreadcrumbList\",\"@id\":\"https:\/\/forumcoimbra.korcreatives.pt\/en\/events\/mamas-e-bebes\/#breadcrumb\",\"itemListElement\":[{\"@type\":\"ListItem\",\"position\":1,\"item\":{\"@type\":\"WebPage\",\"@id\":\"https:\/\/forumcoimbra.korcreatives.pt\/events\/\",\"url\":\"https:\/\/forumcoimbra.korcreatives.pt\/events\/\",\"name\":\"Events\"}},{\"@type\":\"ListItem\",\"position\":2,\"item\":{\"@type\":\"WebPage\",\"@id\":\"https:\/\/forumcoimbra.korcreatives.pt\/en\/events\/mamas-e-bebes\/\",\"url\":\"https:\/\/forumcoimbra.korcreatives.pt\/en\/events\/mamas-e-bebes\/\",\"name\":\"Mam\\u00e3s e Beb\\u00e9s\"}}]}]}<\/script>\n<!-- \/ Yoast SEO plugin. -->","_links":{"self":[{"href":"https:\/\/forumcoimbra.korcreatives.pt\/en\/wp-json\/wp\/v2\/events\/2217"}],"collection":[{"href":"https:\/\/forumcoimbra.korcreatives.pt\/en\/wp-json\/wp\/v2\/events"}],"about":[{"href":"https:\/\/forumcoimbra.korcreatives.pt\/en\/wp-json\/wp\/v2\/types\/events"}],"wp:featuredmedia":[{"embeddable":true,"href":"https:\/\/forumcoimbra.korcreatives.pt\/en\/wp-json\/wp\/v2\/media\/2044"}],"wp:attachment":[{"href":"https:\/\/forumcoimbra.korcreatives.pt\/en\/wp-json\/wp\/v2\/media?parent=2217"}],"curies":[{"name":"wp","href":"https:\/\/api.w.org\/{rel}","templated":true}]}}