{"id":2212,"date":"2014-05-30T01:01:01","date_gmt":"2014-05-30T01:01:01","guid":{"rendered":"http:\/\/www.forum-coimbra.com\/events\/em-junho-o-cinema-esta-por-conta-das-criancas\/"},"modified":"2014-05-30T01:01:01","modified_gmt":"2014-05-30T01:01:01","slug":"em-junho-o-cinema-esta-por-conta-das-criancas","status":"publish","type":"events","link":"https:\/\/forumcoimbra.korcreatives.pt\/en\/events\/em-junho-o-cinema-esta-por-conta-das-criancas\/","title":{"rendered":"Em Junho o cinema est\u00e1 por conta das crian\u00e7as"},"content":{"rendered":"<p> \t<u>No \u00e2mbito das comemora\u00e7\u00f5es do Dia Mundial da Crian\u00e7a, que se celebra no dia 1 de junho, o Forum Coimbra lan\u00e7a sob o tema &#8220;Em Junho o Cinema est\u00e1 por conta das Crian\u00e7as&#8221; uma campanha que prev\u00ea sess\u00f5es cinema gratuitas para crian\u00e7as, todos os domingos.<\/u><\/p>\n<p> \tO Forum Coimbra prolonga, assim, os festejos dedicados \u00e0s crian\u00e7as, oferecendo aos mais pequenos, com idades entre os 3 e os 14 anos, bilhetes para que possam ver os seus filmes preferidos, nos domingos dias 1, 8, 15, 22 e 29 de junho, \u00e0s 11h.&nbsp;(ver agenda abaixo).<\/p>\n<p> \tAs crian\u00e7as podem ser acompanhadas por um m\u00e1ximo de dois adultos e assistir a cinco filmes diferentes, durante o per\u00edodo da campanha. Para acederem aos bilhetes, os interessados devem, na semana&nbsp;anterior ao filme desejado levantar os mesmos no balc\u00e3o de&nbsp;&nbsp;informa\u00e7\u00f5es, de 2\u00aa a 6\u00aa feira, das 10h \u00e0s 23h.&nbsp;&nbsp;<\/p>\n<p> \tNo m\u00eas de junho, as atrac\u00f5es no Forum Coimbra n\u00e3o se ficam por aqui.&nbsp;&nbsp;<u>At\u00e9 ao dia 16, vai manter-se a fant\u00e1stica Exposi\u00e7\u00e3o da Playmobil<\/u>, que se tem revelado um sucesso de visitas. J\u00e1 entre os dias&nbsp;&nbsp;<u>31 de maio e 8 de junho<\/u>, tem lugar uma mostra da&nbsp;<u>Tetra Pak<\/u>&nbsp;que pretende sensibilizar crian\u00e7as e adultos para a separa\u00e7\u00e3o e reciclagem do lixo. Esta tem lugar no corredor de liga\u00e7\u00e3o entre&nbsp;Pra\u00e7a \u00c1gua \u00e0 Pra\u00e7a Terra, no Piso 1, deste centro comercial.<\/p>\n<p> \t&nbsp;<\/p>\n<p> \t<strong><u>Agenda:<\/u><\/strong><\/p>\n<p> \t1 junho:&nbsp;<strong>Sammy 2<\/strong><\/p>\n<p> \t8 junho: Gru:&nbsp;<strong>O Maldisposto 2<\/strong><\/p>\n<p> \t15 junho:&nbsp;<strong>Rio 2<\/strong><\/p>\n<p> \t22 junho:&nbsp;<strong>Tarzan<\/strong><\/p>\n<p> \t29 junho:&nbsp;<strong>A Casa da Magia<\/strong><\/p>\n<p> \t&nbsp;<\/p>\n","protected":false},"featured_media":2024,"template":"","class_list":["post-2212","events","type-events","status-publish","has-post-thumbnail","hentry"],"yoast_head":"<!-- This site is optimized with the Yoast SEO plugin v16.0.2 - https:\/\/yoast.com\/wordpress\/plugins\/seo\/ -->\n<meta property=\"og:locale\" content=\"en_US\" \/>\n<meta property=\"og:type\" content=\"article\" \/>\n<meta property=\"og:title\" content=\"Em Junho o cinema est\u00e1 por conta das crian\u00e7as - Forum Coimbra\" \/>\n<meta property=\"og:description\" content=\"No \u00e2mbito das comemora\u00e7\u00f5es do Dia Mundial da Crian\u00e7a, que se celebra no dia 1 de junho, o Forum Coimbra lan\u00e7a sob o tema &#8220;Em Junho o Cinema est\u00e1 por conta das Crian\u00e7as&#8221; uma campanha que prev\u00ea sess\u00f5es cinema gratuitas para crian\u00e7as, todos os domingos. O Forum Coimbra prolonga, assim, os festejos dedicados \u00e0s crian\u00e7as, [&hellip;]\" \/>\n<meta property=\"og:url\" content=\"https:\/\/forumcoimbra.korcreatives.pt\/en\/events\/em-junho-o-cinema-esta-por-conta-das-criancas\/\" \/>\n<meta property=\"og:site_name\" content=\"Forum Coimbra\" \/>\n<meta name=\"twitter:card\" content=\"summary_large_image\" \/>\n<meta name=\"twitter:label1\" content=\"Est. reading time\">\n\t<meta name=\"twitter:data1\" content=\"1 minute\">\n<script type=\"application\/ld+json\" class=\"yoast-schema-graph\">{\"@context\":\"https:\/\/schema.org\",\"@graph\":[{\"@type\":\"WebSite\",\"@id\":\"https:\/\/forumcoimbra.korcreatives.pt\/#website\",\"url\":\"https:\/\/forumcoimbra.korcreatives.pt\/\",\"name\":\"Forum Coimbra\",\"description\":\"\",\"potentialAction\":[{\"@type\":\"SearchAction\",\"target\":\"https:\/\/forumcoimbra.korcreatives.pt\/?s={search_term_string}\",\"query-input\":\"required name=search_term_string\"}],\"inLanguage\":\"en-US\"},{\"@type\":\"ImageObject\",\"@id\":\"https:\/\/forumcoimbra.korcreatives.pt\/en\/events\/em-junho-o-cinema-esta-por-conta-das-criancas\/#primaryimage\",\"inLanguage\":\"en-US\",\"url\":\"https:\/\/forumcoimbra.korcreatives.pt\/wp-content\/uploads\/sites\/13\/events\/emjunhoocinemaestaporcontadascriancas.png\",\"width\":683,\"height\":962},{\"@type\":\"WebPage\",\"@id\":\"https:\/\/forumcoimbra.korcreatives.pt\/en\/events\/em-junho-o-cinema-esta-por-conta-das-criancas\/#webpage\",\"url\":\"https:\/\/forumcoimbra.korcreatives.pt\/en\/events\/em-junho-o-cinema-esta-por-conta-das-criancas\/\",\"name\":\"Em Junho o cinema est\\u00e1 por conta das crian\\u00e7as - Forum Coimbra\",\"isPartOf\":{\"@id\":\"https:\/\/forumcoimbra.korcreatives.pt\/#website\"},\"primaryImageOfPage\":{\"@id\":\"https:\/\/forumcoimbra.korcreatives.pt\/en\/events\/em-junho-o-cinema-esta-por-conta-das-criancas\/#primaryimage\"},\"datePublished\":\"2014-05-30T01:01:01+00:00\",\"dateModified\":\"2014-05-30T01:01:01+00:00\",\"breadcrumb\":{\"@id\":\"https:\/\/forumcoimbra.korcreatives.pt\/en\/events\/em-junho-o-cinema-esta-por-conta-das-criancas\/#breadcrumb\"},\"inLanguage\":\"en-US\",\"potentialAction\":[{\"@type\":\"ReadAction\",\"target\":[\"https:\/\/forumcoimbra.korcreatives.pt\/en\/events\/em-junho-o-cinema-esta-por-conta-das-criancas\/\"]}]},{\"@type\":\"BreadcrumbList\",\"@id\":\"https:\/\/forumcoimbra.korcreatives.pt\/en\/events\/em-junho-o-cinema-esta-por-conta-das-criancas\/#breadcrumb\",\"itemListElement\":[{\"@type\":\"ListItem\",\"position\":1,\"item\":{\"@type\":\"WebPage\",\"@id\":\"https:\/\/forumcoimbra.korcreatives.pt\/events\/\",\"url\":\"https:\/\/forumcoimbra.korcreatives.pt\/events\/\",\"name\":\"Events\"}},{\"@type\":\"ListItem\",\"position\":2,\"item\":{\"@type\":\"WebPage\",\"@id\":\"https:\/\/forumcoimbra.korcreatives.pt\/en\/events\/em-junho-o-cinema-esta-por-conta-das-criancas\/\",\"url\":\"https:\/\/forumcoimbra.korcreatives.pt\/en\/events\/em-junho-o-cinema-esta-por-conta-das-criancas\/\",\"name\":\"Em Junho o cinema est\\u00e1 por conta das crian\\u00e7as\"}}]}]}<\/script>\n<!-- \/ Yoast SEO plugin. -->","_links":{"self":[{"href":"https:\/\/forumcoimbra.korcreatives.pt\/en\/wp-json\/wp\/v2\/events\/2212"}],"collection":[{"href":"https:\/\/forumcoimbra.korcreatives.pt\/en\/wp-json\/wp\/v2\/events"}],"about":[{"href":"https:\/\/forumcoimbra.korcreatives.pt\/en\/wp-json\/wp\/v2\/types\/events"}],"wp:featuredmedia":[{"embeddable":true,"href":"https:\/\/forumcoimbra.korcreatives.pt\/en\/wp-json\/wp\/v2\/media\/2024"}],"wp:attachment":[{"href":"https:\/\/forumcoimbra.korcreatives.pt\/en\/wp-json\/wp\/v2\/media?parent=2212"}],"curies":[{"name":"wp","href":"https:\/\/api.w.org\/{rel}","templated":true}]}}