{"id":2210,"date":"2015-05-08T01:01:01","date_gmt":"2015-05-08T01:01:01","guid":{"rendered":"http:\/\/www.forum-coimbra.com\/events\/queima-connosco\/"},"modified":"2015-05-08T01:01:01","modified_gmt":"2015-05-08T01:01:01","slug":"queima-connosco","status":"publish","type":"events","link":"https:\/\/forumcoimbra.korcreatives.pt\/en\/events\/queima-connosco\/","title":{"rendered":"Queima Connosco"},"content":{"rendered":"<p> \t<strong>Saboreia o melhor da Queima das Fitas com o Forum Coimbra.<\/strong><\/p>\n<p> \tVamos oferecer<strong> bilhetes<\/strong> para a maior festa dos estudantes. <strong>Todos os dias.<\/strong> Para isso s\u00f3 tens de ser um dos <strong>primeiros 25 clientes<\/strong> a apresentar um <strong>tal\u00e3o<\/strong> de refei\u00e7\u00e3o <strong>superior a 6\u20ac<\/strong> no Balc\u00e3o de Informa\u00e7\u00f5es. Vem fazer a tua refei\u00e7\u00e3o e <strong>Queima Connosco.<\/strong><\/p>\n<p> \t&nbsp;<\/p>\n<p> \t<strong>E no queim\u00f3dromo h\u00e1 mais<\/strong><\/p>\n<p> \tOs <strong>pr\u00e9mios<\/strong> n\u00e3o acabam aqui, porque o <strong>Forum Coimbra <\/strong>est\u00e1 contigo nos melhores momentos. Visita-nos dentro do <strong>recinto<\/strong> e descobre as <strong>atividades<\/strong> que temos para ti. O Ciclone vai estar \u00e0 tua espera e todos v\u00e3o querer ganhar os pr\u00e9mios que l\u00e1 est\u00e3o.&nbsp;<\/p>\n<p> \tPartilha os teus melhores momentos com o Wi-Fi 3G gratuito.<\/p>\n<p> \tDiverte-te na Queima com o Forum Coimbra.<\/p>\n<p> \t&nbsp;<\/p>\n<p> \t&nbsp;<\/p>\n<p align=\"center\"> \t<strong>Regulamento<\/strong><\/p>\n<p align=\"center\"> \t<strong>CAMPANHA &#8220;QUEIMA CONNOSCO&#8221;<\/strong><\/p>\n<p style=\"margin-left:35.4pt;\"> \t&nbsp;<\/p>\n<p> \t<strong>A campanha &#8220;QUEIMA CONNOSCO&#8221; ser\u00e1 promovida pelo Forum Coimbra, em parceria com a Associa\u00e7\u00e3o Acad\u00e9mica de Coimbra. <\/strong><\/p>\n<p> \t&nbsp;<\/p>\n<p> \t&nbsp;<\/p>\n<p> \t<strong><u>1. Condi\u00e7\u00f5es de Participa\u00e7\u00e3o<\/u><\/strong><\/p>\n<p> \t<strong>1.1. A participa\u00e7\u00e3o na campanha &#8220;QUEIMA CONNOSCO&#8221;<\/strong> <strong>implica a aceita\u00e7\u00e3o de todas as condi\u00e7\u00f5es descritas neste Regulamento;<\/strong><\/p>\n<p> \t<strong>1.2. Sem preju\u00edzo do cumprimento das demais condi\u00e7\u00f5es previstas neste Regulamento, poder\u00e3o participar nesta campanha, todos os visitantes do Forum Coimbra;<\/strong><\/p>\n<p> \t&nbsp;<\/p>\n<p> \t&nbsp;<\/p>\n<p> \t<strong><u>2. Funcionamento Geral <\/u><\/strong><\/p>\n<p> \t<strong>2.1. A presente campanha est\u00e1 em vigor de 08 de maio, \u00e0s 19h00 at\u00e9 15 de maio, \u00e0s 24h00 de 2015;<\/strong><\/p>\n<p> \t<strong>2.2. Para participar os clientes dever\u00e3o dirigir-se ao Balc\u00e3o de Informa\u00e7\u00f5es do Forum Coimbra, no Piso 0, durante o hor\u00e1rio de funcionamento do mesmo \u2013 domingo a 5\u00aa at\u00e9 \u00e0s 23h00 e 6\u00aa e s\u00e1bado at\u00e9 \u00e0s 24h;<\/strong><\/p>\n<p> \t<strong>2.3. Diariamente, os primeiros 25 participantes que apresentem 1 tal\u00e3o de refei\u00e7\u00e3o de um dos restaurantes do Forum Coimbra, no Balc\u00e3o de Informa\u00e7\u00f5es, com valor total superior a 6\u20ac (seis euros) e com emiss\u00e3o ap\u00f3s as 19h00, do pr\u00f3prio dia, recebem um bilhete pontual para a Queima das Fitas;<\/strong><\/p>\n<p> \t<strong>2.4. Os bilhetes pontuais n\u00e3o poder\u00e3o ser trocados nem vendidos, pelo seu equivalente em dinheiro;<\/strong><\/p>\n<p> \t<strong>2.5. Para a atribui\u00e7\u00e3o do pr\u00e9mio ser\u00e1 obrigat\u00f3rio o preenchimento de todos os campos do formul\u00e1rio facultado pela Assistente do Balc\u00e3o de Informa\u00e7\u00f5es;<\/strong><\/p>\n<p> \t<strong>2.6. Os tal\u00f5es v\u00e1lidos para participa\u00e7\u00e3o nesta campanha ser\u00e3o carimbados e assinados, pela Assistente do Balc\u00e3o de Informa\u00e7\u00f5es, deixando de ser v\u00e1lidos para nova atribui\u00e7\u00e3o de pr\u00e9mios;<\/strong><\/p>\n<p> \t<strong>2.7. N\u00e3o ser\u00e3o aceites quaisquer outros documentos que n\u00e3o sejam os tal\u00f5es originais. N\u00e3o ser\u00e3o aceites, por exemplo, 2\u00aa vias, duplicados e fotoc\u00f3pias;<\/strong><\/p>\n<p> \t<strong>2.8. Esta campanha n\u00e3o \u00e9 acumul\u00e1vel com outras promo\u00e7\u00f5es em vigor no Forum Coimbra, nomeadamente Menu Cinema;<\/strong><\/p>\n<p> \t<strong>&nbsp;2.9. V\u00e1lida a apresenta\u00e7\u00e3o de um tal\u00e3o por participante;<\/strong><\/p>\n<p> \t<strong>2.10. Os vouchers de pr\u00e9mio dever\u00e3o ser trocados \u00e0 chegada ao recinto, no protocolo, pelo convite pontual que dar\u00e1 acesso \u00e0 zona de entrada de convites, entre as 18h00 e as 02h00. Aquando esta troca, ser\u00e1 cobrado 1\u20ac de contribui\u00e7\u00e3o solid\u00e1ria para o Instituto de Justi\u00e7a e Paz.<\/strong><\/p>\n<p> \t&nbsp;<\/p>\n<p> \t<strong><u>3. Disposi\u00e7\u00f5es gerais<\/u><\/strong><\/p>\n<p> \t<strong>3.1. Est\u00e3o automaticamente exclu\u00eddos da presente campanha, todos aqueles que sejam s\u00f3cios, administradores, funcion\u00e1rios, prestadores de servi\u00e7os ou colaboradores do Forum Coimbra;<\/strong><\/p>\n<p> \t<strong>3.2. O Forum Coimbra n\u00e3o se responsabiliza pela eventual perda do pr\u00e9mio atribu\u00eddo e\/ou por quaisquer situa\u00e7\u00f5es que advenham da utiliza\u00e7\u00e3o do mesmo;<\/strong><\/p>\n<p> \t<strong>3.3. Os participantes autorizam o Forum Coimbra a divulgar o seu nome e imagem atrav\u00e9s dos diferentes meios de comunica\u00e7\u00e3o social, nomeadamente jornais, revistas, Internet e outros meios de divulga\u00e7\u00e3o definidos pelo Forum Coimbra;<\/strong><\/p>\n<p> \t<strong>3.4. Nos termos da Lei n.\u00ba 67\/98, de 28 de Outubro, \u00e9 garantido ao titular dos dados pessoais o direito de acesso aos dados que lhe digam directamente respeito, podendo solicitar a sua consulta, rectifica\u00e7\u00e3o, actualiza\u00e7\u00e3o ou elimina\u00e7\u00e3o por carta dirigida ao Forum Coimbra, <em>morada, <\/em>acompanhada de fotoc\u00f3pia do bilhete de identidade ou cart\u00e3o de cidad\u00e3o;<\/strong><\/p>\n<p> \t<strong>3.5. A informa\u00e7\u00e3o expl\u00edcita nas pe\u00e7as de comunica\u00e7\u00e3o da presente campanha, n\u00e3o dispensam a consulta deste regulamento;<\/strong><\/p>\n<p> \t<strong>3.6. Qualquer participante que n\u00e3o respeite a fila e\/ou perturbe o bom funcionamento deste passatempo, poder\u00e1 ser exclu\u00eddo;<\/strong><\/p>\n<p> \t<strong>3.7. O Forum Coimbra reserva-se o direito de alterar ou cancelar a presente campanha, caso se justifique, sem aviso pr\u00e9vio.<\/strong><\/p>\n<p> \t&nbsp;<\/p>\n<p> \t&nbsp;<\/p>\n","protected":false},"featured_media":2148,"template":"","class_list":["post-2210","events","type-events","status-publish","has-post-thumbnail","hentry"],"yoast_head":"<!-- This site is optimized with the Yoast SEO plugin v16.0.2 - https:\/\/yoast.com\/wordpress\/plugins\/seo\/ -->\n<meta property=\"og:locale\" content=\"en_US\" \/>\n<meta property=\"og:type\" content=\"article\" \/>\n<meta property=\"og:title\" content=\"Queima Connosco - Forum Coimbra\" \/>\n<meta property=\"og:description\" content=\"Saboreia o melhor da Queima das Fitas com o Forum Coimbra. Vamos oferecer bilhetes para a maior festa dos estudantes. Todos os dias. Para isso s\u00f3 tens de ser um dos primeiros 25 clientes a apresentar um tal\u00e3o de refei\u00e7\u00e3o superior a 6\u20ac no Balc\u00e3o de Informa\u00e7\u00f5es. Vem fazer a tua refei\u00e7\u00e3o e Queima Connosco. [&hellip;]\" \/>\n<meta property=\"og:url\" content=\"https:\/\/forumcoimbra.korcreatives.pt\/en\/events\/queima-connosco\/\" \/>\n<meta property=\"og:site_name\" content=\"Forum Coimbra\" \/>\n<meta name=\"twitter:card\" content=\"summary_large_image\" \/>\n<meta name=\"twitter:label1\" content=\"Est. reading time\">\n\t<meta name=\"twitter:data1\" content=\"4 minutes\">\n<script type=\"application\/ld+json\" class=\"yoast-schema-graph\">{\"@context\":\"https:\/\/schema.org\",\"@graph\":[{\"@type\":\"WebSite\",\"@id\":\"https:\/\/forumcoimbra.korcreatives.pt\/#website\",\"url\":\"https:\/\/forumcoimbra.korcreatives.pt\/\",\"name\":\"Forum Coimbra\",\"description\":\"\",\"potentialAction\":[{\"@type\":\"SearchAction\",\"target\":\"https:\/\/forumcoimbra.korcreatives.pt\/?s={search_term_string}\",\"query-input\":\"required name=search_term_string\"}],\"inLanguage\":\"en-US\"},{\"@type\":\"ImageObject\",\"@id\":\"https:\/\/forumcoimbra.korcreatives.pt\/en\/events\/queima-connosco\/#primaryimage\",\"inLanguage\":\"en-US\",\"url\":\"https:\/\/forumcoimbra.korcreatives.pt\/wp-content\/uploads\/sites\/13\/events\/queimaconnosco.png\",\"width\":960,\"height\":550},{\"@type\":\"WebPage\",\"@id\":\"https:\/\/forumcoimbra.korcreatives.pt\/en\/events\/queima-connosco\/#webpage\",\"url\":\"https:\/\/forumcoimbra.korcreatives.pt\/en\/events\/queima-connosco\/\",\"name\":\"Queima Connosco - Forum Coimbra\",\"isPartOf\":{\"@id\":\"https:\/\/forumcoimbra.korcreatives.pt\/#website\"},\"primaryImageOfPage\":{\"@id\":\"https:\/\/forumcoimbra.korcreatives.pt\/en\/events\/queima-connosco\/#primaryimage\"},\"datePublished\":\"2015-05-08T01:01:01+00:00\",\"dateModified\":\"2015-05-08T01:01:01+00:00\",\"breadcrumb\":{\"@id\":\"https:\/\/forumcoimbra.korcreatives.pt\/en\/events\/queima-connosco\/#breadcrumb\"},\"inLanguage\":\"en-US\",\"potentialAction\":[{\"@type\":\"ReadAction\",\"target\":[\"https:\/\/forumcoimbra.korcreatives.pt\/en\/events\/queima-connosco\/\"]}]},{\"@type\":\"BreadcrumbList\",\"@id\":\"https:\/\/forumcoimbra.korcreatives.pt\/en\/events\/queima-connosco\/#breadcrumb\",\"itemListElement\":[{\"@type\":\"ListItem\",\"position\":1,\"item\":{\"@type\":\"WebPage\",\"@id\":\"https:\/\/forumcoimbra.korcreatives.pt\/events\/\",\"url\":\"https:\/\/forumcoimbra.korcreatives.pt\/events\/\",\"name\":\"Events\"}},{\"@type\":\"ListItem\",\"position\":2,\"item\":{\"@type\":\"WebPage\",\"@id\":\"https:\/\/forumcoimbra.korcreatives.pt\/en\/events\/queima-connosco\/\",\"url\":\"https:\/\/forumcoimbra.korcreatives.pt\/en\/events\/queima-connosco\/\",\"name\":\"Queima Connosco\"}}]}]}<\/script>\n<!-- \/ Yoast SEO plugin. -->","_links":{"self":[{"href":"https:\/\/forumcoimbra.korcreatives.pt\/en\/wp-json\/wp\/v2\/events\/2210"}],"collection":[{"href":"https:\/\/forumcoimbra.korcreatives.pt\/en\/wp-json\/wp\/v2\/events"}],"about":[{"href":"https:\/\/forumcoimbra.korcreatives.pt\/en\/wp-json\/wp\/v2\/types\/events"}],"wp:featuredmedia":[{"embeddable":true,"href":"https:\/\/forumcoimbra.korcreatives.pt\/en\/wp-json\/wp\/v2\/media\/2148"}],"wp:attachment":[{"href":"https:\/\/forumcoimbra.korcreatives.pt\/en\/wp-json\/wp\/v2\/media?parent=2210"}],"curies":[{"name":"wp","href":"https:\/\/api.w.org\/{rel}","templated":true}]}}